{"id":1788,"date":"2024-08-28T21:56:26","date_gmt":"2024-08-28T18:56:26","guid":{"rendered":"http:\/\/www.ospro.fi\/blog\/?page_id=1788"},"modified":"2024-09-13T22:23:04","modified_gmt":"2024-09-13T19:23:04","slug":"paikalliset-jasenedut","status":"publish","type":"page","link":"https:\/\/www.ospro.fi\/blog\/paikalliset-jasenedut\/","title":{"rendered":"Paikalliset j\u00e4senedut"},"content":{"rendered":"\n<div class=\"wp-block-group alignfull\" style=\"margin-top:0;margin-bottom:0;padding-top:var(--wp--preset--spacing--50);padding-right:var(--wp--preset--spacing--60);padding-bottom:0;padding-left:var(--wp--preset--spacing--60)\"><div class=\"wp-block-group__inner-container is-layout-constrained wp-container-core-group-is-layout-2c4d562c wp-block-group-is-layout-constrained\">\n<div class=\"wp-block-group alignwide\" style=\"padding-right:var(--wp--preset--spacing--40);padding-left:var(--wp--preset--spacing--40)\"><div class=\"wp-block-group__inner-container is-layout-constrained wp-container-core-group-is-layout-72ba70ec wp-block-group-is-layout-constrained\">\n<h2 class=\"wp-block-heading has-text-align-center is-style-asterisk\" style=\"margin-top:0;margin-bottom:0;line-height:1.5\">Muoti ja kauneus<br><br><\/h2>\n\n\n\n<div class=\"wp-block-columns alignwide is-layout-flex wp-container-core-columns-is-layout-b1b80ead wp-block-columns-is-layout-flex\">\n<div class=\"wp-block-column is-layout-flow wp-block-column-is-layout-flow\" style=\"flex-basis:50%\"><div class=\"wp-block-image is-style-rounded\">\n<figure class=\"aligncenter size-full is-resized\"><img loading=\"lazy\" decoding=\"async\" width=\"305\" height=\"165\" src=\"https:\/\/www.ospro.fi\/blog\/wp-content\/uploads\/2023\/07\/images.jpg\" alt=\"Logo Pikku Riikka\" class=\"wp-image-910\" style=\"width:305px;height:auto\" srcset=\"https:\/\/www.ospro.fi\/blog\/wp-content\/uploads\/2023\/07\/images.jpg 305w, https:\/\/www.ospro.fi\/blog\/wp-content\/uploads\/2023\/07\/images-300x162.jpg 300w\" sizes=\"auto, (max-width: 305px) 100vw, 305px\" \/><\/figure>\n<\/div><\/div>\n\n\n\n<div class=\"wp-block-column is-vertically-aligned-center has-small-font-size is-layout-flow wp-block-column-is-layout-flow\" style=\"flex-basis:40%\">\n<h3 class=\"wp-block-heading has-text-align-left has-pro-font-family\">Pikku-Riikka Style &amp; Lifestyle, Oulu<\/h3>\n\n\n\n<p>Prolaisille -10% alennusta myym\u00e4l\u00e4n tuotteista.<\/p>\n\n\n\n<p>Etu voimassa toistaiseksi. Varaudu esitt\u00e4m\u00e4\u00e4n j\u00e4senkortti.<\/p>\n\n\n\n<p><a href=\"https:\/\/pikku-riikka.fi\">https:\/\/pikku-riikka.fi<\/a><\/p>\n\n\n\n<p>Voimassa: 20.04.2023 \u2013<\/p>\n<\/div>\n<\/div>\n\n\n\n<div style=\"height:var(--wp--preset--spacing--40)\" aria-hidden=\"true\" class=\"wp-block-spacer\"><\/div>\n\n\n\n<h2 class=\"wp-block-heading has-text-align-center is-style-asterisk\"><br><\/h2>\n\n\n\n<div class=\"wp-block-columns alignwide is-layout-flex wp-container-core-columns-is-layout-b1b80ead wp-block-columns-is-layout-flex\">\n<div class=\"wp-block-column is-vertically-aligned-center has-small-font-size is-layout-flow wp-block-column-is-layout-flow\" style=\"flex-basis:40%\">\n<h3 class=\"wp-block-heading has-pro-font-family\">Oulun Koru, Oulu<\/h3>\n\n\n\n<p>Prolaisille ostoetua -5-25% tietyist\u00e4 tuotteista. Katso kuvaa tai kysym\u00e4ll\u00e4 suoraan liikkeess\u00e4 selvi\u00e4\u00e4\u00e4 etutuotteet ja merkit tarkemmin.<\/p>\n\n\n\n<p>Alennus lasketaan suositushinnoista. alennukset eiv\u00e4t koske tarjoustuotteita, kulta- ja kellosep\u00e4n t\u00f6it\u00e4 tai varaosia. Etu voimassa 31.12.2024 saakka. Varaudu esitt\u00e4m\u00e4\u00e4n j\u00e4senkortti.<\/p>\n\n\n\n<p><a href=\"https:\/\/www.oulunkoru.fi\">https:\/\/www.oulunkoru.fi<\/a><\/p>\n\n\n\n<p>Voimassa: 29.02.2024 \u2013 31.12.2024<\/p>\n<\/div>\n\n\n\n<div class=\"wp-block-column is-layout-flow wp-block-column-is-layout-flow\" style=\"flex-basis:50%\"><div class=\"wp-block-image is-style-rounded\">\n<figure class=\"aligncenter size-large is-resized\"><img loading=\"lazy\" decoding=\"async\" width=\"724\" height=\"1024\" src=\"https:\/\/www.ospro.fi\/blog\/wp-content\/uploads\/2023\/07\/20230421101811_2023_oulunkoru-724x1024.jpg\" alt=\"Oulun Koru tarjous mainos\" class=\"wp-image-871\" style=\"width:286px;height:auto\" srcset=\"https:\/\/www.ospro.fi\/blog\/wp-content\/uploads\/2023\/07\/20230421101811_2023_oulunkoru-724x1024.jpg 724w, https:\/\/www.ospro.fi\/blog\/wp-content\/uploads\/2023\/07\/20230421101811_2023_oulunkoru-212x300.jpg 212w, https:\/\/www.ospro.fi\/blog\/wp-content\/uploads\/2023\/07\/20230421101811_2023_oulunkoru-768x1087.jpg 768w, https:\/\/www.ospro.fi\/blog\/wp-content\/uploads\/2023\/07\/20230421101811_2023_oulunkoru-1085x1536.jpg 1085w, https:\/\/www.ospro.fi\/blog\/wp-content\/uploads\/2023\/07\/20230421101811_2023_oulunkoru-1447x2048.jpg 1447w, https:\/\/www.ospro.fi\/blog\/wp-content\/uploads\/2023\/07\/20230421101811_2023_oulunkoru.jpg 1802w\" sizes=\"auto, (max-width: 724px) 100vw, 724px\" \/><\/figure>\n<\/div><\/div>\n<\/div>\n\n\n\n<div style=\"height:var(--wp--preset--spacing--40)\" aria-hidden=\"true\" class=\"wp-block-spacer\"><\/div>\n\n\n\n<h2 class=\"wp-block-heading has-text-align-center is-style-asterisk\">Kahvilat ja ravintolat<br><br><\/h2>\n\n\n\n<div class=\"wp-block-columns alignwide is-layout-flex wp-container-core-columns-is-layout-b1b80ead wp-block-columns-is-layout-flex\">\n<div class=\"wp-block-column is-layout-flow wp-block-column-is-layout-flow\" style=\"flex-basis:50%\"><div class=\"wp-block-image is-style-rounded\">\n<figure class=\"aligncenter size-full is-resized\"><img loading=\"lazy\" decoding=\"async\" width=\"104\" height=\"65\" src=\"https:\/\/www.ospro.fi\/blog\/wp-content\/uploads\/2022\/05\/goreme.jpg\" alt=\"g\u00f6reme h\u00f6yhtyy\u00e4 logo\" class=\"wp-image-158\" style=\"width:216px;height:auto\"\/><\/figure>\n<\/div><\/div>\n\n\n\n<div class=\"wp-block-column is-vertically-aligned-center has-small-font-size is-layout-flow wp-block-column-is-layout-flow\" style=\"flex-basis:40%\">\n<h3 class=\"wp-block-heading has-pro-font-family\">G\u00f6reme H\u00f6yhty\u00e4, Oulu<\/h3>\n\n\n\n<p>Prolaisille -10% ruuan hinnasta.<\/p>\n\n\n\n<p>Etu on voimassa toistaiseksi. Varaudu esitt\u00e4m\u00e4\u00e4n j\u00e4senkortti<\/p>\n\n\n\n<p><a href=\"https:\/\/www.goremehoyhtya.fi\">https:\/\/www.goremehoyhtya.fi<\/a><\/p>\n\n\n\n<p>Voimassa: 17.04.2023 \u2013<\/p>\n<\/div>\n<\/div>\n\n\n\n<div style=\"height:var(--wp--preset--spacing--40)\" aria-hidden=\"true\" class=\"wp-block-spacer\"><\/div>\n\n\n\n<h2 class=\"wp-block-heading has-text-align-center is-style-asterisk\"><br><\/h2>\n\n\n\n<div class=\"wp-block-columns alignwide is-layout-flex wp-container-core-columns-is-layout-b1b80ead wp-block-columns-is-layout-flex\">\n<div class=\"wp-block-column is-vertically-aligned-center has-small-font-size is-layout-flow wp-block-column-is-layout-flow\" style=\"flex-basis:40%\">\n<h3 class=\"wp-block-heading has-pro-font-family\">Radisson Blu \/ Bistro Mesu, Oulu<\/h3>\n\n\n\n<p>Bistro Mesuun on voimassa lounassopimus 12,70 \u20ac (norm 14,60 \u20ac) Pron j\u00e4senille. Edun saa pyyt\u00e4m\u00e4ll\u00e4 Pron etuhintaa kassalla maksun yhteydess\u00e4.<\/p>\n\n\n\n<p>Etu on voimassa toistaiseksi. P\u00e4ivitt\u00e4in vaihtuvan lounasmenun l\u00f6yd\u00e4t verkosta. Lounas- ja ryhm\u00e4kokouksiin sovelletaan samaa etuhintaa, mahdollinen kustannus yksityistilasta tilaisuuden tarpeen mukaan. Tilavaraukset suoraan sales.oulu@radissonblu.com.<\/p>\n\n\n\n<p><a href=\"https:\/\/www.raflaamo.fi\/fi\/ravintola\/oulu\/bistro-mesu\/menu\/lounas\">https:\/\/www.raflaamo.fi\/fi\/ravintola\/oulu\/bistro-mesu\/menu\/lounas<\/a><\/p>\n\n\n\n<p>Voimassa: 17.04.2023 \u2013<\/p>\n<\/div>\n\n\n\n<div class=\"wp-block-column is-layout-flow wp-block-column-is-layout-flow\" style=\"flex-basis:50%\"><div class=\"wp-block-image is-style-rounded\">\n<figure class=\"aligncenter size-full\"><img loading=\"lazy\" decoding=\"async\" width=\"289\" height=\"174\" src=\"https:\/\/www.ospro.fi\/blog\/wp-content\/uploads\/2023\/07\/Bistro-Mesu.png\" alt=\"Mesu bistro logo\" class=\"wp-image-915\"\/><\/figure>\n<\/div><\/div>\n<\/div>\n\n\n\n<div style=\"height:64px\" aria-hidden=\"true\" class=\"wp-block-spacer\"><\/div>\n\n\n\n<h2 class=\"wp-block-heading has-text-align-center is-style-asterisk\"><br><\/h2>\n\n\n\n<div class=\"wp-block-columns alignwide is-layout-flex wp-container-core-columns-is-layout-b1b80ead wp-block-columns-is-layout-flex\">\n<div class=\"wp-block-column is-layout-flow wp-block-column-is-layout-flow\" style=\"flex-basis:50%\"><div class=\"wp-block-image is-style-rounded\">\n<figure class=\"aligncenter size-full\"><img loading=\"lazy\" decoding=\"async\" width=\"226\" height=\"223\" src=\"https:\/\/www.ospro.fi\/blog\/wp-content\/uploads\/2023\/07\/Tortilla-house.png\" alt=\"Tortilla House logo\" class=\"wp-image-918\"\/><\/figure>\n<\/div><\/div>\n\n\n\n<div class=\"wp-block-column is-vertically-aligned-center has-small-font-size is-layout-flow wp-block-column-is-layout-flow\" style=\"flex-basis:40%\">\n<h3 class=\"wp-block-heading has-pro-font-family\">Tortillahouse, Oulu<br><\/h3>\n\n\n\n<p>Pron j\u00e4senille burrito tai taco -ateria \u201310 %.<\/p>\n\n\n\n<p>Etu voimassa toistaiseksi. Edun saat k\u00e4ytt\u00f6\u00f6si Pron j\u00e4senkortin esitt\u00e4m\u00e4ll\u00e4.<\/p>\n\n\n\n<p><a href=\"https:\/\/www.instagram.com\/tortillahouse_oulu\/?hl=fi\">https:\/\/www.instagram.com\/tortillahouse_oulu\/?hl=fi<\/a><\/p>\n\n\n\n<p>Voimassa: 09.03.2023 \u2013<\/p>\n<\/div>\n<\/div>\n\n\n\n<div style=\"height:var(--wp--preset--spacing--40)\" aria-hidden=\"true\" class=\"wp-block-spacer\"><\/div>\n\n\n\n<h2 class=\"wp-block-heading has-text-align-center is-style-asterisk\"><br><\/h2>\n\n\n\n<div class=\"wp-block-columns alignwide is-layout-flex wp-container-core-columns-is-layout-b1b80ead wp-block-columns-is-layout-flex\">\n<div class=\"wp-block-column is-vertically-aligned-center has-small-font-size is-layout-flow wp-block-column-is-layout-flow\" style=\"flex-basis:40%\">\n<h3 class=\"wp-block-heading has-pro-font-family\">Ravintola Tuba Food &amp; Lounge Oulu<\/h3>\n\n\n\n<p>Herkullinen ja monipuolinen arkilounas ma-pe klo 10.30 \u2013 13.30, Mannenkatu 4, 90130 Oulu, p. 040 5533 079. Etu on -10 % p\u00e4iv\u00e4n hinnasta.<\/p>\n\n\n\n<p>Tarjolla on kotiruokalounas, keittolounas ja burgerilounas. Etu on -10 % p\u00e4iv\u00e4n hinnasta ja on voimassa toistaiseksi.<\/p>\n\n\n\n<figure class=\"wp-block-embed is-type-wp-embed is-provider-tuba wp-block-embed-tuba\"><div class=\"wp-block-embed__wrapper\">\n<blockquote class=\"wp-embedded-content\" data-secret=\"bAiemal0IX\"><a href=\"https:\/\/www.tuba.fi\/lounas\/\">Lounas ti-pe klo 10.45-14.00<\/a><\/blockquote><iframe loading=\"lazy\" class=\"wp-embedded-content\" sandbox=\"allow-scripts\" security=\"restricted\" style=\"position: absolute; visibility: hidden;\" title=\"&#8221;Lounas ti-pe klo 10.45-14.00&#8221; &#8212; TUBA\" src=\"https:\/\/www.tuba.fi\/lounas\/embed\/#?secret=sHIKCirWlg#?secret=bAiemal0IX\" data-secret=\"bAiemal0IX\" width=\"600\" height=\"338\" frameborder=\"0\" marginwidth=\"0\" marginheight=\"0\" scrolling=\"no\"><\/iframe>\n<\/div><\/figure>\n\n\n\n<p>Voimassa: 25.06.2019 &#8211;<\/p>\n<\/div>\n\n\n\n<div class=\"wp-block-column is-layout-flow wp-block-column-is-layout-flow\" style=\"flex-basis:50%\"><div class=\"wp-block-image is-style-rounded\">\n<figure class=\"aligncenter size-full\"><img loading=\"lazy\" decoding=\"async\" width=\"224\" height=\"224\" src=\"https:\/\/www.ospro.fi\/blog\/wp-content\/uploads\/2023\/07\/Tuba.png\" alt=\"Tuba logo\" class=\"wp-image-922\" srcset=\"https:\/\/www.ospro.fi\/blog\/wp-content\/uploads\/2023\/07\/Tuba.png 224w, https:\/\/www.ospro.fi\/blog\/wp-content\/uploads\/2023\/07\/Tuba-150x150.png 150w\" sizes=\"auto, (max-width: 224px) 100vw, 224px\" \/><\/figure>\n<\/div><\/div>\n<\/div>\n\n\n\n<div style=\"height:var(--wp--preset--spacing--40)\" aria-hidden=\"true\" class=\"wp-block-spacer\"><\/div>\n\n\n\n<h2 class=\"wp-block-heading has-text-align-center is-style-asterisk\"><br><\/h2>\n\n\n\n<div class=\"wp-block-columns alignwide is-layout-flex wp-container-core-columns-is-layout-b1b80ead wp-block-columns-is-layout-flex\">\n<div class=\"wp-block-column is-layout-flow wp-block-column-is-layout-flow\" style=\"flex-basis:50%\"><div class=\"wp-block-image is-style-rounded\">\n<figure class=\"aligncenter size-full is-resized\"><img loading=\"lazy\" decoding=\"async\" width=\"339\" height=\"148\" src=\"https:\/\/www.ospro.fi\/blog\/wp-content\/uploads\/2023\/07\/Rauhala.png\" alt=\"Rauhala logo\" class=\"wp-image-923\" style=\"width:321px;height:auto\" srcset=\"https:\/\/www.ospro.fi\/blog\/wp-content\/uploads\/2023\/07\/Rauhala.png 339w, https:\/\/www.ospro.fi\/blog\/wp-content\/uploads\/2023\/07\/Rauhala-300x131.png 300w\" sizes=\"auto, (max-width: 339px) 100vw, 339px\" \/><\/figure>\n<\/div><\/div>\n\n\n\n<div class=\"wp-block-column is-vertically-aligned-center has-small-font-size is-layout-flow wp-block-column-is-layout-flow\" style=\"flex-basis:40%\">\n<h3 class=\"wp-block-heading has-pro-font-family\">Ravintola Rauhala Oulu<\/h3>\n\n\n\n<p>Rauhalan buffetlounas tarjolla arkisin ma-pe klo 10.30-13.30, Mannenkatu 4, 90130 Oulu, p. 040 5533 079. Etu prolaisille: -10 % p\u00e4iv\u00e4n hinnasta.<\/p>\n\n\n\n<p>Etu on voimassa toistaiseksi.<\/p>\n\n\n\n<figure class=\"wp-block-embed is-type-wp-embed is-provider-ravintola-rauhala wp-block-embed-ravintola-rauhala\"><div class=\"wp-block-embed__wrapper\">\nhttps:\/\/www.ravintolarauhala.fi\/lounas\/?gclid=EAIaIQobChMIwYLauomE4wIVFuaaCh38Qw-bEAAYASAAEgLFnvD_BwE\n<\/div><\/figure>\n\n\n\n<p>Voimassa: 25.06.2019 \u2013<\/p>\n<\/div>\n<\/div>\n\n\n\n<div style=\"height:var(--wp--preset--spacing--40)\" aria-hidden=\"true\" class=\"wp-block-spacer\"><\/div>\n\n\n\n<h2 class=\"wp-block-heading has-text-align-center is-style-asterisk has-pro-font-family\">Hyvinvointi<br><br><\/h2>\n\n\n\n<div class=\"wp-block-group alignwide\"><div class=\"wp-block-group__inner-container is-layout-constrained wp-block-group-is-layout-constrained\">\n<div class=\"wp-block-columns alignwide is-layout-flex wp-container-core-columns-is-layout-b1b80ead wp-block-columns-is-layout-flex\">\n<div class=\"wp-block-column is-layout-flow wp-block-column-is-layout-flow\" style=\"flex-basis:50%\"><div class=\"wp-block-image is-style-rounded\">\n<figure class=\"aligncenter size-full is-resized\"><img loading=\"lazy\" decoding=\"async\" width=\"1280\" height=\"853\" src=\"https:\/\/www.ospro.fi\/blog\/wp-content\/uploads\/2024\/09\/Oulu_Floats_kellunta.jpg\" alt=\"Kuvassa henkil\u00f6 kelluu vedess\u00e4\" class=\"wp-image-2278\" style=\"width:306px;height:auto\" srcset=\"https:\/\/www.ospro.fi\/blog\/wp-content\/uploads\/2024\/09\/Oulu_Floats_kellunta.jpg 1280w, https:\/\/www.ospro.fi\/blog\/wp-content\/uploads\/2024\/09\/Oulu_Floats_kellunta-300x200.jpg 300w, https:\/\/www.ospro.fi\/blog\/wp-content\/uploads\/2024\/09\/Oulu_Floats_kellunta-1024x682.jpg 1024w, https:\/\/www.ospro.fi\/blog\/wp-content\/uploads\/2024\/09\/Oulu_Floats_kellunta-768x512.jpg 768w\" sizes=\"auto, (max-width: 1280px) 100vw, 1280px\" \/><\/figure>\n<\/div><\/div>\n\n\n\n<div class=\"wp-block-column is-vertically-aligned-center has-small-font-size is-layout-flow wp-block-column-is-layout-flow\" style=\"flex-basis:40%\">\n<h3 class=\"wp-block-heading has-pro-font-family\">Oulu Floats, Oulu<\/h3>\n\n\n\n<p class=\"has-pro-font-family\">Pron j\u00e4senille \u201310 % rentoutuskellunnan listahinnoista.<\/p>\n\n\n\n<p>Etu on voimassa toistaiseksi, varaudu esitt\u00e4m\u00e4\u00e4n j\u00e4senkortti.<\/p>\n\n\n\n<p><a href=\"https:\/\/www.floats.fi\/oulu\" target=\"_blank\" rel=\"noreferrer noopener nofollow\">https:\/\/www.floats.fi\/oulu<\/a><\/p>\n\n\n\n<p>Voimassa: 18.9.2024 \u2013<\/p>\n<\/div>\n<\/div>\n\n\n\n<div style=\"height:var(--wp--preset--spacing--40)\" aria-hidden=\"true\" class=\"wp-block-spacer\"><\/div>\n\n\n\n<h2 class=\"wp-block-heading has-text-align-center is-style-asterisk\"><br><\/h2>\n\n\n\n<div class=\"wp-block-columns alignwide is-layout-flex wp-container-core-columns-is-layout-b1b80ead wp-block-columns-is-layout-flex\">\n<div class=\"wp-block-column is-vertically-aligned-center has-small-font-size is-layout-flow wp-block-column-is-layout-flow\" style=\"flex-basis:40%\">\n<h3 class=\"wp-block-heading has-pro-font-family\">Haapaj\u00e4rven Fysioterapia Oy, Haapaj\u00e4rvi<\/h3>\n\n\n\n<p>Hieronta- ja fysioterapiahinnoista alennusta -10 %.<\/p>\n\n\n\n<p>Edun saat k\u00e4ytt\u00f6\u00f6si Pron j\u00e4senkortin esitt\u00e4m\u00e4ll\u00e4 ja etu on voimassa toistaiseksi.<\/p>\n\n\n\n<figure class=\"wp-block-embed is-type-wp-embed is-provider-haapaj-auml-rven-fysioterapia-oy wp-block-embed-haapaj-auml-rven-fysioterapia-oy\"><div class=\"wp-block-embed__wrapper\">\n<blockquote class=\"wp-embedded-content\" data-secret=\"GvYXHOqhTa\"><a href=\"https:\/\/haapajarvenfysioterapia.fi\/\">Etusivu<\/a><\/blockquote><iframe loading=\"lazy\" class=\"wp-embedded-content\" sandbox=\"allow-scripts\" security=\"restricted\" style=\"position: absolute; visibility: hidden;\" title=\"&#8221;Etusivu&#8221; &#8212; Haapaj&auml;rven Fysioterapia Oy\" src=\"https:\/\/haapajarvenfysioterapia.fi\/embed\/#?secret=YTggAEljGd#?secret=GvYXHOqhTa\" data-secret=\"GvYXHOqhTa\" width=\"600\" height=\"338\" frameborder=\"0\" marginwidth=\"0\" marginheight=\"0\" scrolling=\"no\"><\/iframe>\n<\/div><\/figure>\n\n\n\n<p>Voimassa: 07.03.2020 \u2013<\/p>\n<\/div>\n\n\n\n<div class=\"wp-block-column is-layout-flow wp-block-column-is-layout-flow\" style=\"flex-basis:50%\"><div class=\"wp-block-image\">\n<figure class=\"aligncenter size-full\"><img loading=\"lazy\" decoding=\"async\" width=\"308\" height=\"120\" src=\"https:\/\/www.ospro.fi\/blog\/wp-content\/uploads\/2023\/07\/Haapajarven-fysioterapia.png\" alt=\"aapaj\u00e4rven fysioterapia logo\" class=\"wp-image-920\" srcset=\"https:\/\/www.ospro.fi\/blog\/wp-content\/uploads\/2023\/07\/Haapajarven-fysioterapia.png 308w, https:\/\/www.ospro.fi\/blog\/wp-content\/uploads\/2023\/07\/Haapajarven-fysioterapia-300x117.png 300w\" sizes=\"auto, (max-width: 308px) 100vw, 308px\" \/><\/figure>\n<\/div><\/div>\n<\/div>\n\n\n\n<div style=\"height:var(--wp--preset--spacing--40)\" aria-hidden=\"true\" class=\"wp-block-spacer\"><\/div>\n\n\n\n<h2 class=\"wp-block-heading has-text-align-center is-style-asterisk has-pro-font-family\" style=\"margin-top:0;margin-bottom:0;padding-top:0;padding-right:0;padding-bottom:0;padding-left:0\">Kuntosalit<br><\/h2>\n\n\n\n<p class=\"has-text-align-center\"><br><\/p>\n\n\n\n<div class=\"wp-block-columns alignwide is-layout-flex wp-container-core-columns-is-layout-b1b80ead wp-block-columns-is-layout-flex\">\n<div class=\"wp-block-column is-layout-flow wp-block-column-is-layout-flow\" style=\"flex-basis:50%\"><div class=\"wp-block-image is-style-rounded\">\n<figure class=\"aligncenter size-full is-resized\"><img loading=\"lazy\" decoding=\"async\" width=\"437\" height=\"115\" src=\"https:\/\/www.ospro.fi\/blog\/wp-content\/uploads\/2023\/07\/Maximi.jpg\" alt=\"Maximi kuntokeskus logo\" class=\"wp-image-921\" style=\"width:319px;height:auto\" srcset=\"https:\/\/www.ospro.fi\/blog\/wp-content\/uploads\/2023\/07\/Maximi.jpg 437w, https:\/\/www.ospro.fi\/blog\/wp-content\/uploads\/2023\/07\/Maximi-300x79.jpg 300w\" sizes=\"auto, (max-width: 437px) 100vw, 437px\" \/><\/figure>\n<\/div><\/div>\n\n\n\n<div class=\"wp-block-column is-vertically-aligned-center has-small-font-size is-layout-flow wp-block-column-is-layout-flow\" style=\"flex-basis:40%\">\n<h3 class=\"wp-block-heading has-pro-font-family\">Kuntokeskus Maximi, Haapaj\u00e4rvi<\/h3>\n\n\n\n<p>Kuntokeskus Maximin j\u00e4senyydest\u00e4 -10 % alennus.<\/p>\n\n\n\n<p>Etu on voimassa toistaiseksi. Edun saat k\u00e4ytt\u00f6\u00f6si Pron j\u00e4senkortin esitt\u00e4m\u00e4ll\u00e4.<\/p>\n\n\n\n<p><a href=\"https:\/\/www.maximi.fi\">https:\/\/www.maximi.fi<\/a><\/p>\n\n\n\n<p>Voimassa: 07.02.2020 \u2013<\/p>\n<\/div>\n<\/div>\n\n\n\n<div style=\"height:var(--wp--preset--spacing--40)\" aria-hidden=\"true\" class=\"wp-block-spacer\"><\/div>\n\n\n\n<h2 class=\"wp-block-heading has-text-align-center is-style-asterisk has-pro-font-family\">Kotitalous<br><br><\/h2>\n\n\n\n<div class=\"wp-block-columns alignwide is-layout-flex wp-container-core-columns-is-layout-b1b80ead wp-block-columns-is-layout-flex\">\n<div class=\"wp-block-column is-vertically-aligned-center has-small-font-size is-layout-flow wp-block-column-is-layout-flow\" style=\"flex-basis:40%\">\n<h3 class=\"wp-block-heading has-pro-font-family\">Koti Puhtaaksi Oy<\/h3>\n\n\n\n<p>Jatkuva kotisiivous: 50 \u20ac alennus kolmannesta siivousk\u00e4ynnist\u00e4. Kertak\u00e4yntisiivous: 10 \u20ac alennus siivousk\u00e4ynnist\u00e4. Ikkunanpesu: 10 \u20ac alennus ikkunanpesusta.<\/p>\n\n\n\n<p>Tilaa kotisiivous alla olevan linkin kautta. Verotuksessa saat 50% kotitalousv\u00e4hennyksen.<\/p>\n\n\n\n<p><a href=\"https:\/\/www.kotipuhtaaksi.fi\/ammattiliitto-pro\">https:\/\/www.kotipuhtaaksi.fi\/ammattiliitto-pro<\/a><\/p>\n\n\n\n<p>Voimassa: 30.11.2019 \u2013<\/p>\n<\/div>\n\n\n\n<div class=\"wp-block-column is-layout-flow wp-block-column-is-layout-flow\" style=\"flex-basis:50%\"><div class=\"wp-block-image is-style-rounded\">\n<figure class=\"aligncenter size-full is-resized\"><img loading=\"lazy\" decoding=\"async\" width=\"2048\" height=\"2048\" src=\"https:\/\/www.ospro.fi\/blog\/wp-content\/uploads\/2023\/07\/20191130154353_kotisiivous_1.jpg\" alt=\"J\u00e4senetu kuvituskuva kotisiivouksesta\" class=\"wp-image-885\" style=\"width:304px;height:auto\" srcset=\"https:\/\/www.ospro.fi\/blog\/wp-content\/uploads\/2023\/07\/20191130154353_kotisiivous_1.jpg 2048w, https:\/\/www.ospro.fi\/blog\/wp-content\/uploads\/2023\/07\/20191130154353_kotisiivous_1-300x300.jpg 300w, https:\/\/www.ospro.fi\/blog\/wp-content\/uploads\/2023\/07\/20191130154353_kotisiivous_1-1024x1024.jpg 1024w, https:\/\/www.ospro.fi\/blog\/wp-content\/uploads\/2023\/07\/20191130154353_kotisiivous_1-150x150.jpg 150w, https:\/\/www.ospro.fi\/blog\/wp-content\/uploads\/2023\/07\/20191130154353_kotisiivous_1-768x768.jpg 768w, https:\/\/www.ospro.fi\/blog\/wp-content\/uploads\/2023\/07\/20191130154353_kotisiivous_1-1536x1536.jpg 1536w\" sizes=\"auto, (max-width: 2048px) 100vw, 2048px\" \/><\/figure>\n<\/div><\/div>\n<\/div>\n\n\n\n<div style=\"height:64px\" aria-hidden=\"true\" class=\"wp-block-spacer\"><\/div>\n\n\n\n<h2 class=\"wp-block-heading has-text-align-center is-style-asterisk\"><br><\/h2>\n\n\n\n<div class=\"wp-block-columns alignwide is-layout-flex wp-container-core-columns-is-layout-b1b80ead wp-block-columns-is-layout-flex\">\n<div class=\"wp-block-column is-layout-flow wp-block-column-is-layout-flow\" style=\"flex-basis:50%\"><div class=\"wp-block-image is-style-rounded\">\n<figure class=\"aligncenter size-full\"><img loading=\"lazy\" decoding=\"async\" width=\"434\" height=\"107\" src=\"https:\/\/www.ospro.fi\/blog\/wp-content\/uploads\/2023\/07\/Raahen-SHT.jpg\" alt=\"Raahen SHT logo\" class=\"wp-image-924\" srcset=\"https:\/\/www.ospro.fi\/blog\/wp-content\/uploads\/2023\/07\/Raahen-SHT.jpg 434w, https:\/\/www.ospro.fi\/blog\/wp-content\/uploads\/2023\/07\/Raahen-SHT-300x74.jpg 300w\" sizes=\"auto, (max-width: 434px) 100vw, 434px\" \/><\/figure>\n<\/div><\/div>\n\n\n\n<div class=\"wp-block-column is-vertically-aligned-center has-small-font-size is-layout-flow wp-block-column-is-layout-flow\" style=\"flex-basis:40%\">\n<h3 class=\"wp-block-heading has-pro-font-family\">Raahen Sammutin- ja Hitsaustarvike Oy<\/h3>\n\n\n\n<p>Pron j\u00e4senille Glorian sammuttimista voimassa olevasta hinnastosta -25 % alennusta.<\/p>\n\n\n\n<p>Raahen Sammutin- ja Hitsaustarvike Oy on Raahen keskustassa toimiva yritys. Etu koskee 2 kg jauhesammutinta, 6 kg jauhesammutinta, 12kg jauhesammutinta ja 6ltr nestesammutinta.<\/p>\n\n\n\n<p><a href=\"http:\/\/www.raahensht.com\/\" target=\"_blank\" rel=\"noreferrer noopener\">www.raahensht.com<\/a><\/p>\n\n\n\n<p>Voimassa: 12.10.2019 \u2013<\/p>\n<\/div>\n<\/div>\n\n\n\n<div style=\"height:64px\" aria-hidden=\"true\" class=\"wp-block-spacer\"><\/div>\n\n\n\n<h2 class=\"wp-block-heading has-text-align-center is-style-asterisk\"><br><\/h2>\n\n\n\n<div class=\"wp-block-columns alignwide is-layout-flex wp-container-core-columns-is-layout-b1b80ead wp-block-columns-is-layout-flex\">\n<div class=\"wp-block-column is-vertically-aligned-center has-small-font-size is-layout-flow wp-block-column-is-layout-flow\" style=\"flex-basis:40%\">\n<h3 class=\"wp-block-heading has-pro-font-family\">Niemi, muuttopalvelut<\/h3>\n\n\n\n<p class=\"has-pro-font-family\">Prolaisille muuttopalvelut -5% ja vuokratuotteet -30%.<\/p>\n\n\n\n<p>Varaudu esitt\u00e4m\u00e4\u00e4n j\u00e4senkortti.<\/p>\n\n\n\n<p><a href=\"https:\/\/www.niemi.fi\/\" target=\"_blank\" rel=\"noreferrer noopener nofollow\">https:\/\/www.niemi.fi\/<\/a><a href=\"http:\/\/www.raahensht.com\/\" target=\"_blank\" rel=\"noreferrer noopener\"><\/a><\/p>\n\n\n\n<p>Voimassa: 03.04.2024 &#8211; 31.12.2024<\/p>\n<\/div>\n\n\n\n<div class=\"wp-block-column is-layout-flow wp-block-column-is-layout-flow\" style=\"flex-basis:50%\"><div class=\"wp-block-image is-style-rounded\">\n<figure class=\"aligncenter size-full\"><img loading=\"lazy\" decoding=\"async\" width=\"310\" height=\"148\" src=\"https:\/\/www.ospro.fi\/blog\/wp-content\/uploads\/2024\/09\/Nayttokuva-2024-09-13-191126.png\" alt=\"Niemi muuttopalvelun logo\" class=\"wp-image-2292\" srcset=\"https:\/\/www.ospro.fi\/blog\/wp-content\/uploads\/2024\/09\/Nayttokuva-2024-09-13-191126.png 310w, https:\/\/www.ospro.fi\/blog\/wp-content\/uploads\/2024\/09\/Nayttokuva-2024-09-13-191126-300x143.png 300w\" sizes=\"auto, (max-width: 310px) 100vw, 310px\" \/><\/figure>\n<\/div><\/div>\n<\/div>\n\n\n\n<div style=\"height:var(--wp--preset--spacing--40)\" aria-hidden=\"true\" class=\"wp-block-spacer\"><\/div>\n\n\n\n<h2 class=\"wp-block-heading has-text-align-center is-style-asterisk has-pro-font-family\">Matkailu ja majoitus<br><br><\/h2>\n\n\n\n<div class=\"wp-block-columns alignwide is-layout-flex wp-container-core-columns-is-layout-b1b80ead wp-block-columns-is-layout-flex\">\n<div class=\"wp-block-column is-layout-flow wp-block-column-is-layout-flow\" style=\"flex-basis:50%\"><div class=\"wp-block-image is-style-rounded\">\n<figure class=\"aligncenter size-full\"><img loading=\"lazy\" decoding=\"async\" width=\"1920\" height=\"1280\" src=\"https:\/\/www.ospro.fi\/blog\/wp-content\/uploads\/2024\/09\/Greenstar_heart.jpg\" alt=\"\" class=\"wp-image-2279\" srcset=\"https:\/\/www.ospro.fi\/blog\/wp-content\/uploads\/2024\/09\/Greenstar_heart.jpg 1920w, https:\/\/www.ospro.fi\/blog\/wp-content\/uploads\/2024\/09\/Greenstar_heart-300x200.jpg 300w, https:\/\/www.ospro.fi\/blog\/wp-content\/uploads\/2024\/09\/Greenstar_heart-1024x683.jpg 1024w, https:\/\/www.ospro.fi\/blog\/wp-content\/uploads\/2024\/09\/Greenstar_heart-768x512.jpg 768w, https:\/\/www.ospro.fi\/blog\/wp-content\/uploads\/2024\/09\/Greenstar_heart-1536x1024.jpg 1536w\" sizes=\"auto, (max-width: 1920px) 100vw, 1920px\" \/><\/figure>\n<\/div><\/div>\n\n\n\n<div class=\"wp-block-column is-vertically-aligned-center has-small-font-size is-layout-flow wp-block-column-is-layout-flow\" style=\"flex-basis:40%\">\n<h3 class=\"wp-block-heading has-pro-font-family\">GreenStar Hotel, Oulu, Joensuu, Jyv\u00e4skyl\u00e4, Lahti ja Vaasa<\/h3>\n\n\n\n<p>J\u00e4senetuhinta jokaisessa GreenStar hotellissa 1-3 henkil\u00f6\u00e4a\/vrk 78 \u20ac\/huone. Aamiainen 12 \u20ac\/henkil\u00f6\/vrk ennakkoon varatessa, 13 \u20ac paikan p\u00e4\u00e4ll\u00e4 ostaessa.<\/p>\n\n\n\n<p>Majoitusvaraukset (yksitt\u00e4iset ja ryhm\u00e4t) yrityksenne nimell\u00e4 suoraan hotelleista puhelimitse tai s\u00e4hk\u00f6postilla mainiten yritysnimi tai sivulla www.greenstar.fi k\u00e4ytt\u00e4en varauskoodia STTK.<\/p>\n\n\n\n<p style=\"margin-top:var(--wp--preset--spacing--10);margin-bottom:var(--wp--preset--spacing--10)\"><a href=\"https:\/\/www.greenstar.fi\/hotellit\/oulu\/\">https:\/\/www.greenstar.fi\/hotellit\/oulu\/<\/a><br><a href=\"https:\/\/www.greenstar.fi\/hotellit\/joensuu\/ \">https:\/\/www.greenstar.fi\/hotellit\/joensuu\/ <\/a><br><a href=\"https:\/\/www.greenstar.fi\/hotellit\/jyvaskyla\/ \">https:\/\/www.greenstar.fi\/hotellit\/jyvaskyla\/ <\/a><br><a href=\"https:\/\/www.greenstar.fi\/hotellit\/lahti\/\">https:\/\/www.greenstar.fi\/hotellit\/lahti\/<\/a> <br><a href=\"https:\/\/www.greenstar.fi\/hotellit\/vaasa\/ \">https:\/\/www.greenstar.fi\/hotellit\/vaasa\/ <\/a><\/p>\n\n\n\n<p><a href=\"https:\/\/www.greenstar.fi\/\">https:\/\/www.greenstar.fi\/<\/a><\/p>\n\n\n\n<p>Voimassa: 27.02.2021 &#8211; 31.12.2024<\/p>\n<\/div>\n<\/div>\n\n\n\n<div style=\"height:var(--wp--preset--spacing--40)\" aria-hidden=\"true\" class=\"wp-block-spacer\"><\/div>\n\n\n\n<h2 class=\"wp-block-heading has-text-align-center is-style-asterisk\"><br><\/h2>\n\n\n\n<div class=\"wp-block-columns alignwide is-layout-flex wp-container-core-columns-is-layout-b1b80ead wp-block-columns-is-layout-flex\">\n<div class=\"wp-block-column is-vertically-aligned-center has-small-font-size is-layout-flow wp-block-column-is-layout-flow\" style=\"flex-basis:40%\">\n<h3 class=\"wp-block-heading has-pro-font-family\">Lapland Hotels<\/h3>\n\n\n\n<p>Sopimushinta voimassa Lapland Hotels -ketjun hotelleissa, dynaaminen -15 % alennus p\u00e4iv\u00e4n flexhinnasta, hinta on LRA (last room availability).<\/p>\n\n\n\n<p>Majoitushinnat sis\u00e4lt\u00e4v\u00e4t: aamiaisen, useimmissa hotelleissa my\u00f6s joko aamu- ja\/tai iltasaunan, laajakaistayh-teyden k\u00e4yt\u00f6n sek\u00e4 voimassa olevan arvonlis\u00e4veron. Yksitt\u00e4iset majoitusvaraukset koodilla STTK verkkosivuilta www.laplandhotels.com, hotellien myyntipalveluista ja hotellien vastaanotoista.<\/p>\n\n\n\n<p style=\"margin-top:var(--wp--preset--spacing--10);margin-bottom:var(--wp--preset--spacing--10)\"><a href=\"https:\/\/www.laplandhotels.com\/FI\/\">https:\/\/www.laplandhotels.com\/FI\/<\/a><\/p>\n\n\n\n<p style=\"margin-top:var(--wp--preset--spacing--10);margin-bottom:var(--wp--preset--spacing--10)\">Voimassa: 10.02.2024 &#8211; 31.12.2024<\/p>\n<\/div>\n\n\n\n<div class=\"wp-block-column is-layout-flow wp-block-column-is-layout-flow\" style=\"flex-basis:50%\"><div class=\"wp-block-image is-style-rounded\">\n<figure class=\"aligncenter size-full\"><img loading=\"lazy\" decoding=\"async\" width=\"1280\" height=\"960\" src=\"https:\/\/www.ospro.fi\/blog\/wp-content\/uploads\/2024\/09\/lapland-hotels.jpg\" alt=\"\" class=\"wp-image-2280\" srcset=\"https:\/\/www.ospro.fi\/blog\/wp-content\/uploads\/2024\/09\/lapland-hotels.jpg 1280w, https:\/\/www.ospro.fi\/blog\/wp-content\/uploads\/2024\/09\/lapland-hotels-300x225.jpg 300w, https:\/\/www.ospro.fi\/blog\/wp-content\/uploads\/2024\/09\/lapland-hotels-1024x768.jpg 1024w, https:\/\/www.ospro.fi\/blog\/wp-content\/uploads\/2024\/09\/lapland-hotels-768x576.jpg 768w\" sizes=\"auto, (max-width: 1280px) 100vw, 1280px\" \/><\/figure>\n<\/div><\/div>\n<\/div>\n<\/div><\/div>\n\n\n\n<div class=\"wp-block-group alignfull\" style=\"margin-top:0;margin-bottom:0;padding-top:var(--wp--preset--spacing--50);padding-right:var(--wp--preset--spacing--50);padding-bottom:var(--wp--preset--spacing--50);padding-left:var(--wp--preset--spacing--50)\"><div class=\"wp-block-group__inner-container is-layout-constrained wp-container-core-group-is-layout-9cf8f26d wp-block-group-is-layout-constrained\">\n<h3 class=\"wp-block-heading has-text-align-center has-pro-font-family\">Ammattiliitto Pron j\u00e4senedut<\/h3>\n\n\n\n<div class=\"wp-block-buttons is-content-justification-center is-layout-flex wp-container-core-buttons-is-layout-16018d1d wp-block-buttons-is-layout-flex\">\n<div class=\"wp-block-button is-style-fill has-pro-font-family\"><a class=\"wp-block-button__link has-custom-color-5-color has-custom-color-2-background-color has-text-color has-background has-link-color wp-element-button\" href=\"https:\/\/proliitto.fi\/fi\/edut-ja-palvelut-tyoelamaan-ja-vapaa-aikaan\" target=\"_blank\" rel=\"noreferrer noopener nofollow\">Proliitto<\/a><\/div>\n<\/div>\n<\/div><\/div>\n<\/div><\/div>\n<\/div><\/div>\n","protected":false},"excerpt":{"rendered":"<p>Muoti ja kauneus Pikku-Riikka Style &amp; Lifestyle, Oulu Prolaisille -10% alennusta myym\u00e4l\u00e4n tuotteista. Etu voimassa toistaiseksi. Varaudu esitt\u00e4m\u00e4\u00e4n j\u00e4senkortti. https:\/\/pikku-riikka.fi Voimassa: 20.04.2023 \u2013 Oulun Koru, Oulu Prolaisille ostoetua -5-25% tietyist\u00e4&#8230;<\/p>\n","protected":false},"author":1,"featured_media":0,"parent":0,"menu_order":0,"comment_status":"closed","ping_status":"closed","template":"","meta":{"_kad_post_transparent":"","_kad_post_title":"","_kad_post_layout":"","_kad_post_sidebar_id":"","_kad_post_content_style":"","_kad_post_vertical_padding":"","_kad_post_feature":"","_kad_post_feature_position":"","_kad_post_header":false,"_kad_post_footer":false,"_kad_post_classname":"","footnotes":""},"class_list":["post-1788","page","type-page","status-publish","hentry"],"_links":{"self":[{"href":"https:\/\/www.ospro.fi\/blog\/wp-json\/wp\/v2\/pages\/1788","targetHints":{"allow":["GET"]}}],"collection":[{"href":"https:\/\/www.ospro.fi\/blog\/wp-json\/wp\/v2\/pages"}],"about":[{"href":"https:\/\/www.ospro.fi\/blog\/wp-json\/wp\/v2\/types\/page"}],"author":[{"embeddable":true,"href":"https:\/\/www.ospro.fi\/blog\/wp-json\/wp\/v2\/users\/1"}],"replies":[{"embeddable":true,"href":"https:\/\/www.ospro.fi\/blog\/wp-json\/wp\/v2\/comments?post=1788"}],"version-history":[{"count":23,"href":"https:\/\/www.ospro.fi\/blog\/wp-json\/wp\/v2\/pages\/1788\/revisions"}],"predecessor-version":[{"id":2293,"href":"https:\/\/www.ospro.fi\/blog\/wp-json\/wp\/v2\/pages\/1788\/revisions\/2293"}],"wp:attachment":[{"href":"https:\/\/www.ospro.fi\/blog\/wp-json\/wp\/v2\/media?parent=1788"}],"curies":[{"name":"wp","href":"https:\/\/api.w.org\/{rel}","templated":true}]}}