{"id":1860,"date":"2024-08-30T20:02:19","date_gmt":"2024-08-30T17:02:19","guid":{"rendered":"http:\/\/www.ospro.fi\/blog\/?page_id=1860"},"modified":"2024-09-17T19:13:32","modified_gmt":"2024-09-17T16:13:32","slug":"hallitus","status":"publish","type":"page","link":"https:\/\/www.ospro.fi\/blog\/hallitus\/","title":{"rendered":"Hallitus"},"content":{"rendered":"\n<div style=\"height:35px\" aria-hidden=\"true\" class=\"wp-block-spacer\"><\/div>\n\n\n\n<div class=\"wp-block-columns alignwide is-layout-flex wp-container-core-columns-is-layout-14e777db wp-block-columns-is-layout-flex\" style=\"padding-right:var(--wp--preset--spacing--20);padding-left:var(--wp--preset--spacing--20)\">\n<div class=\"wp-block-column is-layout-flow wp-block-column-is-layout-flow\" style=\"flex-basis:65%\">\n<div class=\"wp-block-group alignwide is-vertical is-layout-flex wp-container-core-group-is-layout-44f56ef6 wp-block-group-is-layout-flex\" style=\"margin-top:0;padding-right:0;padding-left:0\">\n<h3 class=\"wp-block-heading alignwide has-pro-font-family has-large-font-size\" style=\"line-height:1.2\">Hallituksen j\u00e4senet kaudelle 2023-2024<\/h3>\n\n\n\n<p>Puheenjohtaja ja hallitus valittiin Oulun Seudun Pro ry:n s\u00e4\u00e4nt\u00f6m\u00e4\u00e4r\u00e4isess\u00e4 syyskokouksessa perjantaina 27.10.2023.<\/p>\n\n\n\n<p>Hallituksen puheenjohtajaksi valittiin Henri Ukonaho. Hallitukseen valittiin Aila Pekkarinen, Terhi Kilvel\u00e4, Martti Lampela, Suvi Kestil\u00e4, Teija Leppivuori, Tiina Rakennuskoski, Eija Lakso ja P\u00e4ivi Polso. Yleisiksi varaj\u00e4seniksi valittiin Ulla Kentta ja Anne Salo. Kiit\u00e4mme j\u00e4seni\u00e4mme osoittamastanne luottamuksesta.<\/p>\n<\/div>\n<\/div>\n\n\n\n<div class=\"wp-block-column has-custom-color-5-color has-custom-color-2-background-color has-text-color has-background has-link-color wp-elements-c68f2bf6a1a81b99345bc9bb2a3511ef is-layout-flow wp-block-column-is-layout-flow\" style=\"flex-basis:35%\">\n<h4 class=\"wp-block-heading has-text-align-center is-style-asterisk\" style=\"padding-top:var(--wp--preset--spacing--10);padding-bottom:0\">Hallituksen kokoukset<\/h4>\n\n\n\n<p class=\"has-text-align-center\" style=\"padding-right:var(--wp--preset--spacing--10);padding-left:var(--wp--preset--spacing--10)\">Hallituksen kokoukset pidet\u00e4\u00e4n joka kuukauden toisena keskiviikkona kello 17.00 Ammattiliitto Pron aluetoimistolla Oulussa (hein\u00e4kuussa lomailemme).<\/p>\n<\/div>\n<\/div>\n\n\n\n<div class=\"wp-block-group alignfull\" style=\"margin-top:0;margin-bottom:0;padding-top:var(--wp--preset--spacing--50);padding-right:var(--wp--preset--spacing--50);padding-bottom:var(--wp--preset--spacing--50);padding-left:var(--wp--preset--spacing--50)\"><div class=\"wp-block-group__inner-container is-layout-constrained wp-container-core-group-is-layout-09821321 wp-block-group-is-layout-constrained\">\n<div class=\"wp-block-columns alignwide is-layout-flex wp-container-core-columns-is-layout-29be9fc1 wp-block-columns-is-layout-flex\" style=\"margin-top:0;margin-bottom:0;padding-right:0;padding-left:0\">\n<div class=\"wp-block-column is-layout-flow wp-block-column-is-layout-flow\">\n<figure class=\"wp-block-image size-full is-style-rounded\"><img loading=\"lazy\" decoding=\"async\" width=\"160\" height=\"256\" src=\"https:\/\/www.ospro.fi\/blog\/wp-content\/uploads\/2022\/05\/M_siluetti.jpg\" alt=\"M_siluetti\" class=\"wp-image-234\" style=\"aspect-ratio:3\/4;object-fit:cover\"\/><\/figure>\n\n\n\n<h4 class=\"wp-block-heading\">Ukonaho Henri<\/h4>\n\n\n\n<p class=\"has-pro-font-family\" style=\"margin-top:var(--wp--preset--spacing--10);margin-right:0;margin-bottom:var(--wp--preset--spacing--10);margin-left:0;line-height:1.5\">Puheenjohtaja<\/p>\n\n\n\n<p style=\"margin-top:0;margin-bottom:var(--wp--preset--spacing--10)\">henri (@) ospro.fi<\/p>\n\n\n\n<p style=\"margin-top:0;margin-bottom:var(--wp--preset--spacing--10)\">045 658 8112<\/p>\n\n\n\n<p style=\"margin-top:0;margin-bottom:var(--wp--preset--spacing--10)\">Ammattiliitto Pro Edustajisto<\/p>\n\n\n\n<p style=\"margin-top:0;margin-bottom:var(--wp--preset--spacing--10)\">Ammattiliitto Pro Oulu-Kainuu aluejohtokunta<\/p>\n\n\n\n<p style=\"margin-top:0;margin-bottom:var(--wp--preset--spacing--10)\">P\u00e4\u00e4luottamusmies<\/p>\n\n\n\n<p style=\"margin-top:0;margin-bottom:var(--wp--preset--spacing--10)\">Ty\u00f6suojeluvaltuutettu<\/p>\n\n\n\n<p style=\"margin-top:0;margin-bottom:var(--wp--preset--spacing--10)\">Pro-vastaava<\/p>\n\n\n\n<div style=\"height:var(--wp--preset--spacing--40)\" aria-hidden=\"true\" class=\"wp-block-spacer\"><\/div>\n\n\n\n<figure class=\"wp-block-image size-full is-style-rounded\"><img loading=\"lazy\" decoding=\"async\" width=\"160\" height=\"256\" src=\"https:\/\/www.ospro.fi\/blog\/wp-content\/uploads\/2022\/05\/N_siluetti.jpg\" alt=\"N_siluetti\" class=\"wp-image-235\" style=\"aspect-ratio:3\/4;object-fit:cover\"\/><\/figure>\n\n\n\n<h4 class=\"wp-block-heading\" style=\"margin-bottom:var(--wp--preset--spacing--10)\">Lakso Eija<\/h4>\n\n\n\n<p class=\"has-pro-font-family\" style=\"margin-bottom:var(--wp--preset--spacing--10)\">J\u00e4sensihteeri<\/p>\n\n\n\n<p class=\"has-pro-font-family\" style=\"margin-bottom:var(--wp--preset--spacing--10)\">eija (@) ospro.fi<\/p>\n\n\n\n<p class=\"has-pro-font-family\" style=\"margin-bottom:var(--wp--preset--spacing--10)\">2. Ty\u00f6suojeluvaravaltuutettu<\/p>\n\n\n\n<div style=\"height:var(--wp--preset--spacing--50)\" aria-hidden=\"true\" class=\"wp-block-spacer\"><\/div>\n\n\n\n<figure class=\"wp-block-image size-full is-style-rounded\"><img loading=\"lazy\" decoding=\"async\" width=\"160\" height=\"256\" src=\"https:\/\/www.ospro.fi\/blog\/wp-content\/uploads\/2022\/05\/N_siluetti.jpg\" alt=\"N_siluetti\" class=\"wp-image-235\" style=\"aspect-ratio:3\/4;object-fit:cover\"\/><\/figure>\n\n\n\n<h4 class=\"wp-block-heading\" style=\"margin-bottom:var(--wp--preset--spacing--10)\">Kentta Ulla<\/h4>\n\n\n\n<p class=\"has-pro-font-family\" style=\"margin-bottom:var(--wp--preset--spacing--10)\">Yleinen varaj\u00e4sen<\/p>\n\n\n\n<p class=\"has-pro-font-family\" style=\"margin-bottom:var(--wp--preset--spacing--10)\">ulla (@) ospro.fi<\/p>\n\n\n\n<p class=\"has-pro-font-family\" style=\"margin-bottom:var(--wp--preset--spacing--10)\">Luottamusmies<\/p>\n\n\n\n<p class=\"has-pro-font-family\" style=\"margin-bottom:var(--wp--preset--spacing--10)\">Pro-vastaava<\/p>\n\n\n\n<p class=\"has-pro-font-family\" style=\"margin-bottom:var(--wp--preset--spacing--10)\">ICT-alan neuvottelukunta<\/p>\n<\/div>\n\n\n\n<div class=\"wp-block-column is-layout-flow wp-block-column-is-layout-flow\">\n<div style=\"height:var(--wp--preset--spacing--50)\" aria-hidden=\"true\" class=\"wp-block-spacer\"><\/div>\n\n\n\n<figure class=\"wp-block-image size-full is-style-rounded\"><img loading=\"lazy\" decoding=\"async\" width=\"160\" height=\"256\" src=\"https:\/\/www.ospro.fi\/blog\/wp-content\/uploads\/2022\/05\/N_siluetti.jpg\" alt=\"N_siluetti\" class=\"wp-image-235\" style=\"aspect-ratio:3\/4;object-fit:cover\"\/><\/figure>\n\n\n\n<h4 class=\"wp-block-heading\" style=\"margin-bottom:var(--wp--preset--spacing--10)\">Teija Leppivuori<\/h4>\n\n\n\n<p class=\"has-pro-font-family\" style=\"margin-bottom:var(--wp--preset--spacing--10)\">Sihteeri<\/p>\n\n\n\n<p class=\"has-pro-font-family\" style=\"margin-bottom:var(--wp--preset--spacing--10)\">Varapuheenjohtaja<\/p>\n\n\n\n<p class=\"has-pro-font-family\" style=\"margin-bottom:var(--wp--preset--spacing--10)\">teija (@) ospro.fi<\/p>\n\n\n\n<p class=\"has-pro-font-family\" style=\"margin-bottom:var(--wp--preset--spacing--10)\">050 335 6904<\/p>\n\n\n\n<p class=\"has-pro-font-family\" style=\"margin-bottom:var(--wp--preset--spacing--10)\">Ty\u00f6suojeluvaltuutettu<\/p>\n\n\n\n<p class=\"has-pro-font-family\" style=\"margin-bottom:var(--wp--preset--spacing--10)\">Ammattiliitto Pro hallitus varaj\u00e4sen<\/p>\n\n\n\n<div style=\"height:var(--wp--preset--spacing--50)\" aria-hidden=\"true\" class=\"wp-block-spacer\"><\/div>\n\n\n\n<figure class=\"wp-block-image size-full is-style-rounded\"><img loading=\"lazy\" decoding=\"async\" width=\"160\" height=\"256\" src=\"https:\/\/www.ospro.fi\/blog\/wp-content\/uploads\/2022\/05\/M_siluetti.jpg\" alt=\"M_siluetti\" class=\"wp-image-234\" style=\"aspect-ratio:3\/4;object-fit:cover\"\/><\/figure>\n\n\n\n<h4 class=\"wp-block-heading\" style=\"margin-bottom:var(--wp--preset--spacing--10)\">Lampela Martti<\/h4>\n\n\n\n<p class=\"has-pro-font-family\" style=\"margin-bottom:var(--wp--preset--spacing--10)\">Tiedotussihteeri<\/p>\n\n\n\n<p class=\"has-pro-font-family\" style=\"margin-bottom:var(--wp--preset--spacing--10)\">martti (@) ospro.fi<\/p>\n\n\n\n<div style=\"height:var(--wp--preset--spacing--50)\" aria-hidden=\"true\" class=\"wp-block-spacer\"><\/div>\n\n\n\n<div style=\"height:55px\" aria-hidden=\"true\" class=\"wp-block-spacer\"><\/div>\n\n\n\n<figure class=\"wp-block-image size-full is-style-rounded\"><img loading=\"lazy\" decoding=\"async\" width=\"160\" height=\"256\" src=\"https:\/\/www.ospro.fi\/blog\/wp-content\/uploads\/2022\/05\/N_siluetti.jpg\" alt=\"N_siluetti\" class=\"wp-image-235\" style=\"aspect-ratio:3\/4;object-fit:cover\"\/><\/figure>\n\n\n\n<h4 class=\"wp-block-heading\">Salo Anne<\/h4>\n\n\n\n<p class=\"has-pro-font-family\" style=\"margin-top:var(--wp--preset--spacing--10)\">Yleinen varaj\u00e4sen<\/p>\n\n\n\n<p class=\"has-pro-font-family\" style=\"margin-top:var(--wp--preset--spacing--10)\">anne (@) ospro.fi<\/p>\n<\/div>\n\n\n\n<div class=\"wp-block-column is-layout-flow wp-block-column-is-layout-flow\" style=\"padding-right:0;padding-left:0\">\n<figure class=\"wp-block-image size-full is-style-rounded\"><img loading=\"lazy\" decoding=\"async\" width=\"160\" height=\"256\" src=\"https:\/\/www.ospro.fi\/blog\/wp-content\/uploads\/2022\/05\/N_siluetti.jpg\" alt=\"N_siluetti\" class=\"wp-image-235\" style=\"aspect-ratio:3\/4;object-fit:cover\"\/><\/figure>\n\n\n\n<h4 class=\"wp-block-heading\" style=\"margin-bottom:var(--wp--preset--spacing--10)\">Kilvel\u00e4 Terhi<\/h4>\n\n\n\n<p class=\"has-pro-font-family\" style=\"margin-bottom:var(--wp--preset--spacing--10)\">Edunvalvontavastaava<\/p>\n\n\n\n<p class=\"has-pro-font-family\" style=\"margin-bottom:var(--wp--preset--spacing--10)\">terhi (@) ospro.fi<\/p>\n\n\n\n<p class=\"has-pro-font-family\" style=\"margin-bottom:var(--wp--preset--spacing--10)\">Ty\u00f6suojeluvaltuutettu<\/p>\n\n\n\n<p class=\"has-pro-font-family\" style=\"margin-bottom:var(--wp--preset--spacing--10)\">Luottamusmies<\/p>\n\n\n\n<p class=\"has-pro-font-family\" style=\"margin-bottom:var(--wp--preset--spacing--10)\">Pro-vastaava<\/p>\n\n\n\n<div style=\"height:var(--wp--preset--spacing--50)\" aria-hidden=\"true\" class=\"wp-block-spacer\"><\/div>\n\n\n\n<div style=\"height:var(--wp--preset--spacing--50)\" aria-hidden=\"true\" class=\"wp-block-spacer\"><\/div>\n\n\n\n<figure class=\"wp-block-image size-full is-style-rounded\"><img loading=\"lazy\" decoding=\"async\" width=\"160\" height=\"256\" src=\"https:\/\/www.ospro.fi\/blog\/wp-content\/uploads\/2022\/05\/N_siluetti.jpg\" alt=\"N_siluetti\" class=\"wp-image-235\" style=\"aspect-ratio:3\/4;object-fit:cover\"\/><\/figure>\n\n\n\n<h4 class=\"wp-block-heading\" style=\"margin-bottom:var(--wp--preset--spacing--10)\">Rakennuskoski Tiina<\/h4>\n\n\n\n<p class=\"has-pro-font-family\" style=\"margin-bottom:var(--wp--preset--spacing--10)\">Koulutussihteeri<\/p>\n\n\n\n<p class=\"has-pro-font-family\" style=\"margin-bottom:var(--wp--preset--spacing--10)\">tiina (@) ospro.fi<\/p>\n\n\n\n<div style=\"height:var(--wp--preset--spacing--40)\" aria-hidden=\"true\" class=\"wp-block-spacer\"><\/div>\n\n\n\n<div style=\"height:var(--wp--preset--spacing--50)\" aria-hidden=\"true\" class=\"wp-block-spacer\"><\/div>\n\n\n\n\n\n<h4 class=\"wp-block-heading has-text-align-center is-style-asterisk has-custom-color-2-background-color has-background\" style=\"margin-right:0;margin-left:0;padding-right:var(--wp--preset--spacing--10);padding-left:var(--wp--preset--spacing--10)\">Kev\u00e4tkokous<\/h4>\n\n\n\n<p class=\"bg_text has-custom-color-2-background-color has-background has-pro-font-family\" style=\"margin-right:0;margin-left:0;padding-right:var(--wp--preset--spacing--10);padding-left:var(--wp--preset--spacing--10)\">Oulun Seudun Pro ry:n kev\u00e4tkokous j\u00e4rjestettiin 15.03.2024 kello 18 Ammattiliitto Pron Oulun aluetoimistolla. Kokouksessa k\u00e4siteltiin s\u00e4\u00e4nt\u00f6jen m\u00e4\u00e4r\u00e4\u00e4m\u00e4t asiat, esiteltiin ja hyv\u00e4ksyttiin viime vuoden toimintakertomus ja tilinp\u00e4\u00e4t\u00f6s sek\u00e4 p\u00e4\u00e4tettiin tili- ja vastuuvapauksien my\u00f6nt\u00e4misest\u00e4 hallitukselle ja muille vastuuvelvollisille.<\/p>\n<\/div>\n\n\n\n<div class=\"wp-block-column is-layout-flow wp-block-column-is-layout-flow\">\n<div style=\"height:var(--wp--preset--spacing--50)\" aria-hidden=\"true\" class=\"wp-block-spacer\"><\/div>\n\n\n\n<figure class=\"wp-block-image size-full is-style-rounded\"><img loading=\"lazy\" decoding=\"async\" width=\"160\" height=\"256\" src=\"https:\/\/www.ospro.fi\/blog\/wp-content\/uploads\/2022\/05\/N_siluetti.jpg\" alt=\"N_siluetti\" class=\"wp-image-235\" style=\"aspect-ratio:3\/4;object-fit:cover\"\/><\/figure>\n\n\n\n<h4 class=\"wp-block-heading\" style=\"margin-bottom:var(--wp--preset--spacing--10)\">Kestil\u00e4 Suvi<\/h4>\n\n\n\n<p class=\"has-pro-font-family\" style=\"margin-bottom:var(--wp--preset--spacing--10)\">Nuorisovastaava<\/p>\n\n\n\n<p class=\"has-pro-font-family\" style=\"margin-bottom:var(--wp--preset--spacing--10)\">suvi (@) ospro.fi<\/p>\n\n\n\n<div style=\"height:var(--wp--preset--spacing--50)\" aria-hidden=\"true\" class=\"wp-block-spacer\"><\/div>\n\n\n\n<div style=\"height:var(--wp--preset--spacing--50)\" aria-hidden=\"true\" class=\"wp-block-spacer\"><\/div>\n\n\n\n<div style=\"height:var(--wp--preset--spacing--50)\" aria-hidden=\"true\" class=\"wp-block-spacer\"><\/div>\n\n\n\n<figure class=\"wp-block-image size-full is-style-rounded\"><img loading=\"lazy\" decoding=\"async\" width=\"160\" height=\"256\" src=\"https:\/\/www.ospro.fi\/blog\/wp-content\/uploads\/2022\/05\/N_siluetti.jpg\" alt=\"N_siluetti\" class=\"wp-image-235\" style=\"aspect-ratio:3\/4;object-fit:cover\"\/><\/figure>\n\n\n\n<h4 class=\"wp-block-heading\" style=\"margin-bottom:var(--wp--preset--spacing--10)\">Polso P\u00e4ivi<\/h4>\n\n\n\n<p class=\"has-pro-font-family\" style=\"margin-bottom:var(--wp--preset--spacing--10)\">J\u00e4senhankintavastaava<\/p>\n\n\n\n<p class=\"has-pro-font-family\" style=\"margin-bottom:var(--wp--preset--spacing--10)\">paivi (@) ospro.fi<\/p>\n\n\n\n<p class=\"has-pro-font-family\" style=\"margin-bottom:var(--wp--preset--spacing--10)\">Ammattiliitto Pro Edustajisto<\/p>\n\n\n\n<p class=\"has-pro-font-family\" style=\"margin-bottom:var(--wp--preset--spacing--10)\">Energia-alan neuvottelukunta<\/p>\n\n\n\n<div style=\"height:64px\" aria-hidden=\"true\" class=\"wp-block-spacer\"><\/div>\n\n\n\n\n\n<h4 class=\"wp-block-heading has-text-align-center is-style-asterisk has-custom-color-5-color has-custom-color-2-background-color has-text-color has-background has-link-color wp-elements-f965510a1a43b46274293912dffcc241\" style=\"padding-right:var(--wp--preset--spacing--10);padding-left:var(--wp--preset--spacing--10)\">Syyskokous<\/h4>\n\n\n\n<p class=\"bg_text has-custom-color-2-background-color has-background has-pro-font-family\" style=\"margin-top:0;margin-right:0;margin-bottom:0;margin-left:0;padding-right:var(--wp--preset--spacing--10);padding-left:var(--wp--preset--spacing--10)\">Oulun Seudun Pro ry:n syyskokous j\u00e4rjestet\u00e4\u00e4n 25.10.2024 kello 18 paikassa Radisson Blu Oulu. Kokouksessa k\u00e4sitell\u00e4\u00e4n s\u00e4\u00e4nt\u00f6jen 13. kohdan m\u00e4\u00e4r\u00e4\u00e4m\u00e4t asiat ja valitaan seuraavalle toimintavuodelle puheenjohtaja ja hallitus.<\/p>\n<\/div>\n<\/div>\n<\/div><\/div>\n","protected":false},"excerpt":{"rendered":"<p>Hallituksen j\u00e4senet kaudelle 2023-2024 Puheenjohtaja ja hallitus valittiin Oulun Seudun Pro ry:n s\u00e4\u00e4nt\u00f6m\u00e4\u00e4r\u00e4isess\u00e4 syyskokouksessa perjantaina 27.10.2023. Hallituksen puheenjohtajaksi valittiin Henri Ukonaho. Hallitukseen valittiin Aila Pekkarinen, Terhi Kilvel\u00e4, Martti Lampela, Suvi&#8230;<\/p>\n","protected":false},"author":1,"featured_media":0,"parent":0,"menu_order":0,"comment_status":"closed","ping_status":"closed","template":"","meta":{"_kad_post_transparent":"","_kad_post_title":"","_kad_post_layout":"","_kad_post_sidebar_id":"","_kad_post_content_style":"","_kad_post_vertical_padding":"","_kad_post_feature":"","_kad_post_feature_position":"","_kad_post_header":false,"_kad_post_footer":false,"_kad_post_classname":"","footnotes":""},"class_list":["post-1860","page","type-page","status-publish","hentry"],"_links":{"self":[{"href":"https:\/\/www.ospro.fi\/blog\/wp-json\/wp\/v2\/pages\/1860","targetHints":{"allow":["GET"]}}],"collection":[{"href":"https:\/\/www.ospro.fi\/blog\/wp-json\/wp\/v2\/pages"}],"about":[{"href":"https:\/\/www.ospro.fi\/blog\/wp-json\/wp\/v2\/types\/page"}],"author":[{"embeddable":true,"href":"https:\/\/www.ospro.fi\/blog\/wp-json\/wp\/v2\/users\/1"}],"replies":[{"embeddable":true,"href":"https:\/\/www.ospro.fi\/blog\/wp-json\/wp\/v2\/comments?post=1860"}],"version-history":[{"count":24,"href":"https:\/\/www.ospro.fi\/blog\/wp-json\/wp\/v2\/pages\/1860\/revisions"}],"predecessor-version":[{"id":2325,"href":"https:\/\/www.ospro.fi\/blog\/wp-json\/wp\/v2\/pages\/1860\/revisions\/2325"}],"wp:attachment":[{"href":"https:\/\/www.ospro.fi\/blog\/wp-json\/wp\/v2\/media?parent=1860"}],"curies":[{"name":"wp","href":"https:\/\/api.w.org\/{rel}","templated":true}]}}