{"id":1865,"date":"2024-08-30T21:10:14","date_gmt":"2024-08-30T18:10:14","guid":{"rendered":"http:\/\/www.ospro.fi\/blog\/?page_id=1865"},"modified":"2024-09-28T22:43:24","modified_gmt":"2024-09-28T19:43:24","slug":"ospro-ry","status":"publish","type":"page","link":"https:\/\/www.ospro.fi\/blog\/","title":{"rendered":"OSPRO ry"},"content":{"rendered":"\n<div class=\"wp-block-group alignwide is-vertical is-layout-flex wp-container-core-group-is-layout-4555bcd8 wp-block-group-is-layout-flex\" style=\"padding-top:var(--wp--preset--spacing--30);padding-right:var(--wp--preset--spacing--40);padding-bottom:var(--wp--preset--spacing--30);padding-left:0\">\n<div class=\"wp-block-columns is-layout-flex wp-container-core-columns-is-layout-9d6595d7 wp-block-columns-is-layout-flex\">\n<div class=\"wp-block-column is-layout-flow wp-block-column-is-layout-flow\" style=\"flex-basis:30%\"><div class=\"wp-block-image is-style-default wp-image-1611 sivu_logo\">\n<figure class=\"alignleft size-full is-resized\"><img loading=\"lazy\" decoding=\"async\" width=\"600\" height=\"500\" src=\"https:\/\/www.ospro.fi\/blog\/wp-content\/uploads\/2024\/06\/Pro-logo-ospro-alla-2-rajattu.png\" alt=\"OSPRO logo\" class=\"wp-image-1611\" style=\"width:287px;height:auto\" srcset=\"https:\/\/www.ospro.fi\/blog\/wp-content\/uploads\/2024\/06\/Pro-logo-ospro-alla-2-rajattu.png 600w, https:\/\/www.ospro.fi\/blog\/wp-content\/uploads\/2024\/06\/Pro-logo-ospro-alla-2-rajattu-300x250.png 300w\" sizes=\"auto, (max-width: 600px) 100vw, 600px\" \/><\/figure>\n<\/div><\/div>\n\n\n\n<div class=\"wp-block-column is-layout-flow wp-block-column-is-layout-flow\" style=\"padding-right:0;padding-left:0\">\n<h1 class=\"wp-block-heading has-text-align-left has-pro-font-family has-large-font-size\">Historia lyhyesti<\/h1>\n\n\n\n<div class=\"wp-block-group alignwide\"><div class=\"wp-block-group__inner-container is-layout-constrained wp-container-core-group-is-layout-04692c70 wp-block-group-is-layout-constrained\">\n<div style=\"height:1.25rem\" aria-hidden=\"true\" class=\"wp-block-spacer\"><\/div>\n\n\n\n<div style=\"height:0px;width:0px\" aria-hidden=\"true\" class=\"wp-block-spacer\"><\/div>\n<\/div><\/div>\n\n\n\n<p class=\"has-text-align-left\">Yhdistyksen historia alkaa jo vuodesta 1917, jolloin perustettiin Oulun piirin ty\u00f6njohtajain ja teollisuusvirkailijain yhdistys. Sittemmin monien yhdistymisien j\u00e4lkeen perustettiin Oulun Seudun Toimihenkil\u00f6t Pro ry, joka on kolmen Oulun seudulla silloin toimineen kokoomayhdistyksen yhteenliittym\u00e4.<\/p>\n\n\n\n<p class=\"has-text-align-left\">Oulun Tekniset ry muutti nimens\u00e4 Oulun Seudun Toimihenkil\u00f6t TU ry:ksi. Tuon j\u00e4lkeen Oulun Toimihenkil\u00f6t TU ry ja Oulun Metallitoimihenkil\u00f6t TU ry lopettivat toimintansa ja niiden j\u00e4senet siirtyiv\u00e4t tuohon yhdistykseen.<\/p>\n\n\n\n<p class=\"has-text-align-left\">Vuoden 2011 alussa Toimihenkil\u00f6unioni TU:n ja Ammattiliitto Suoran yhdistyess\u00e4 liitto muutti nimens\u00e4 Ammattiliitto Proksi. T\u00e4m\u00e4n j\u00e4lkeen my\u00f6s yhdistyksemme otti k\u00e4ytt\u00f6\u00f6ns\u00e4 uuden nimens\u00e4 Oulun Seudun Toimihenkil\u00f6t Pro ry.<\/p>\n\n\n\n<p class=\"has-text-align-left\">Vuoden 2020 lopulla Oulun Mets\u00e4teollisuuden Toimihenkil\u00f6t Pro ry lopetti toimintansa ja yhdistyi Oulun Seudun Toimihenkil\u00f6t Pro ry:hyn.<\/p>\n<\/div>\n<\/div>\n<\/div>\n\n\n\n<div class=\"wp-block-group alignfull has-base-2-background-color has-background\" style=\"margin-top:0;margin-bottom:0;padding-top:var(--wp--preset--spacing--30);padding-right:var(--wp--preset--spacing--50);padding-bottom:var(--wp--preset--spacing--30);padding-left:var(--wp--preset--spacing--50)\"><div class=\"wp-block-group__inner-container is-layout-constrained wp-container-core-group-is-layout-21cdaea6 wp-block-group-is-layout-constrained\">\n<div class=\"wp-block-group is-vertical is-content-justification-center is-layout-flex wp-container-core-group-is-layout-7681721f wp-block-group-is-layout-flex\">\n<h2 class=\"wp-block-heading has-text-align-center is-style-default has-pro-font-family has-large-font-size\">Ajankohtaista<\/h2>\n\n\n\n<div style=\"height:0px\" aria-hidden=\"true\" class=\"wp-block-spacer wp-container-content-4f2ccadb\"><\/div>\n<\/div>\n\n\n\n<div class=\"wp-block-group is-vertical is-content-justification-center is-layout-flex wp-container-core-group-is-layout-7681721f wp-block-group-is-layout-flex\">\n<div style=\"margin-top:0;margin-bottom:0;height:30px\" aria-hidden=\"true\" class=\"wp-block-spacer wp-container-content-cf2db169\"><\/div>\n<\/div>\n\n\n\n<div class=\"wp-block-columns alignwide is-layout-flex wp-container-core-columns-is-layout-2aabe216 wp-block-columns-is-layout-flex\">\n<div class=\"wp-block-column is-layout-flow wp-block-column-is-layout-flow\">\n<h3 class=\"wp-block-heading has-text-align-left is-style-asterisk has-pro-font-family has-medium-font-size\" style=\"font-style:normal;font-weight:600\">Nimenmuutos<\/h3>\n\n\n\n<p class=\"has-text-align-left\">Yhdistyksemme vaihtoi nimens\u00e4 12.7.2023. Uusi nimemme on Oulun Seudun Pro ry. Yhdistystieto on p\u00e4ivittynyt j\u00e4sentemme tietoihin automaattisesti.<\/p>\n<\/div>\n\n\n\n<div class=\"wp-block-column is-layout-flow wp-block-column-is-layout-flow\">\n<h3 class=\"wp-block-heading has-text-align-left is-style-asterisk has-pro-font-family has-medium-font-size\" style=\"font-style:normal;font-weight:600\">Yhteystiedot<\/h3>\n\n\n\n<p class=\"has-text-align-left\">Nimenmuutoksesta johtuen tulemme p\u00e4ivitt\u00e4m\u00e4\u00e4m mm. verkko- ja s\u00e4hk\u00f6postiosoitteemme uusiin (syksy 2023). T\u00e4st\u00e4 tiedotamme lis\u00e4\u00e4 l\u00e4hemp\u00e4n\u00e4 ajankohtaa.<\/p>\n<\/div>\n\n\n\n<div class=\"wp-block-column is-layout-flow wp-block-column-is-layout-flow\">\n<h3 class=\"wp-block-heading has-text-align-left is-style-asterisk has-pro-font-family has-medium-font-size\" style=\"font-style:normal;font-weight:600\">Vuoden 2020 Prolainen yhdistys<\/h3>\n\n\n\n<p class=\"has-text-align-left\">Oulun Seudun Toimihenkil\u00f6t Pro ry valittiin yhdeksi vuoden 2020 Prolaiseksi yhdistykseksi. T\u00e4st\u00e4 kunnia kuuluu meille kaikille yhdistyksen j\u00e4senille ja hallituksen j\u00e4seniksi. Yhteisvoimin saavutimme taas yhden asettamamme p\u00e4\u00e4m\u00e4\u00e4r\u00e4n. T\u00e4st\u00e4 on hyv\u00e4 jatkaa!<\/p>\n<\/div>\n<\/div>\n\n\n\n<div style=\"height:var(--wp--preset--spacing--20)\" aria-hidden=\"true\" class=\"wp-block-spacer\"><\/div>\n<\/div><\/div>\n\n\n\n<div class=\"wp-block-group alignfull\" style=\"margin-top:0;margin-bottom:0;padding-top:var(--wp--preset--spacing--30);padding-right:var(--wp--preset--spacing--50);padding-bottom:var(--wp--preset--spacing--30);padding-left:var(--wp--preset--spacing--50)\"><div class=\"wp-block-group__inner-container is-layout-constrained wp-container-core-group-is-layout-2ab111ef wp-block-group-is-layout-constrained\">\n<div class=\"wp-block-group alignwide\"><div class=\"wp-block-group__inner-container is-layout-constrained wp-block-group-is-layout-constrained\">\n<div class=\"wp-block-columns alignwide is-layout-flex wp-container-core-columns-is-layout-b1b80ead wp-block-columns-is-layout-flex\">\n<div class=\"wp-block-column is-vertically-aligned-center has-custom-color-2-background-color has-background is-layout-flow wp-block-column-is-layout-flow\" style=\"padding-top:var(--wp--preset--spacing--10);padding-right:0;padding-bottom:var(--wp--preset--spacing--10);padding-left:var(--wp--preset--spacing--10);flex-basis:40%\">\n<h3 class=\"wp-block-heading has-text-align-center is-style-asterisk has-pro-font-family\" style=\"padding-right:0;padding-left:0;font-size:1.6rem;font-style:normal;font-weight:500\">Tulevia tapahtumia<\/h3>\n\n\n\n<ul style=\"margin-right:0;margin-left:0;line-height:1.75\" class=\"wp-block-list is-style-checkmark-list\">\n<li class=\"has-pro-font-family has-medium-font-size\">4.10.2024 <a href=\"https:\/\/www.ospro.fi\/blog\/tapahtumat\/#keilaus\" data-type=\"page\" data-id=\"2046\" rel=\"nofollow\">T\u00e4yskaato<\/a><\/li>\n\n\n\n<li class=\"has-pro-font-family has-medium-font-size\">10-13.10.2024 <a href=\"https:\/\/www.ospro.fi\/blog\/tapahtumat\/#levi\" rel=\"nofollow\">Levin syysp\u00e4iv\u00e4t<\/a><\/li>\n\n\n\n<li class=\"has-pro-font-family has-medium-font-size\">25.10.2024 <a href=\"https:\/\/www.ospro.fi\/blog\/tapahtumat\/#syyskokous\" data-type=\"page\" data-id=\"2046\" rel=\"nofollow\">Syyskokous<\/a><\/li>\n\n\n\n<li class=\"has-pro-font-family has-medium-font-size\">16-17.11.2024&nbsp;<a href=\"https:\/\/www.ospro.fi\/blog\/tapahtumat\/#pikkujoulut\" data-type=\"page\" data-id=\"2046\" rel=\"nofollow\">Pikkujoulut<\/a><\/li>\n\n\n\n<li class=\"has-pro-font-family has-medium-font-size\">26.11.2024 <a href=\"https:\/\/www.ospro.fi\/blog\/tapahtumat\/#joulukukka\" rel=\"nofollow\">Joulukukka-asetelman tekokurssi<\/a><\/li>\n\n\n\n<li class=\"has-pro-font-family has-medium-font-size\">7.12.2024 <a href=\"https:\/\/www.ospro.fi\/blog\/tapahtumat\/#haaparanta\" rel=\"nofollow\">Shoppailuretki Haaparannalle<\/a><\/li>\n\n\n\n<li>10.12.2024 <a href=\"https:\/\/www.ospro.fi\/blog\/tapahtumat\/#joulukukka2\" data-type=\"page\" data-id=\"2046\" rel=\"nofollow\">Joulukukka-asetelman tekokurssi 2<\/a><\/li>\n<\/ul>\n<\/div>\n\n\n\n<div class=\"wp-block-column is-layout-flow wp-block-column-is-layout-flow\" style=\"flex-basis:50%\"><div class=\"wp-block-image is-style-rounded\">\n<figure class=\"aligncenter size-full is-resized\"><img loading=\"lazy\" decoding=\"async\" width=\"960\" height=\"720\" src=\"https:\/\/www.ospro.fi\/blog\/wp-content\/uploads\/2024\/08\/Pro-sateenvarjo.jpg\" alt=\"\" class=\"wp-image-1869\" style=\"width:400px\" srcset=\"https:\/\/www.ospro.fi\/blog\/wp-content\/uploads\/2024\/08\/Pro-sateenvarjo.jpg 960w, https:\/\/www.ospro.fi\/blog\/wp-content\/uploads\/2024\/08\/Pro-sateenvarjo-300x225.jpg 300w, https:\/\/www.ospro.fi\/blog\/wp-content\/uploads\/2024\/08\/Pro-sateenvarjo-768x576.jpg 768w\" sizes=\"auto, (max-width: 960px) 100vw, 960px\" \/><\/figure>\n<\/div><\/div>\n<\/div>\n\n\n\n<div style=\"height:var(--wp--preset--spacing--40)\" aria-hidden=\"true\" class=\"wp-block-spacer\"><\/div>\n\n\n\n<div class=\"wp-block-columns alignwide is-layout-flex wp-container-core-columns-is-layout-b1b80ead wp-block-columns-is-layout-flex\">\n<div class=\"wp-block-column is-layout-flow wp-block-column-is-layout-flow\" style=\"flex-basis:50%\">\n<figure class=\"wp-block-image size-large is-resized is-style-rounded\"><img loading=\"lazy\" decoding=\"async\" width=\"1024\" height=\"641\" src=\"https:\/\/www.ospro.fi\/blog\/wp-content\/uploads\/2024\/08\/Pro-yhdessa-sopien-e1725039326477-1024x641.jpg\" alt=\"\" class=\"wp-image-1868\" style=\"width:414px;height:auto\" srcset=\"https:\/\/www.ospro.fi\/blog\/wp-content\/uploads\/2024\/08\/Pro-yhdessa-sopien-e1725039326477-1024x641.jpg 1024w, https:\/\/www.ospro.fi\/blog\/wp-content\/uploads\/2024\/08\/Pro-yhdessa-sopien-e1725039326477-300x188.jpg 300w, https:\/\/www.ospro.fi\/blog\/wp-content\/uploads\/2024\/08\/Pro-yhdessa-sopien-e1725039326477-768x481.jpg 768w, https:\/\/www.ospro.fi\/blog\/wp-content\/uploads\/2024\/08\/Pro-yhdessa-sopien-e1725039326477-1536x961.jpg 1536w, https:\/\/www.ospro.fi\/blog\/wp-content\/uploads\/2024\/08\/Pro-yhdessa-sopien-e1725039326477.jpg 1670w\" sizes=\"auto, (max-width: 1024px) 100vw, 1024px\" \/><\/figure>\n<\/div>\n\n\n\n<div class=\"wp-block-column is-vertically-aligned-center has-custom-color-2-background-color has-background is-layout-flow wp-block-column-is-layout-flow\" style=\"padding-top:var(--wp--preset--spacing--10);padding-bottom:var(--wp--preset--spacing--10);padding-left:var(--wp--preset--spacing--10);flex-basis:40%\">\n<h3 class=\"wp-block-heading has-text-align-center is-style-asterisk has-pro-font-family\" style=\"font-size:1.6rem;font-style:normal;font-weight:500\">Hy\u00f6dylliset linkit<\/h3>\n\n\n\n<p class=\"has-pro-font-family has-medium-font-size\">Ammattiliitto Pro<\/p>\n\n\n\n<ul style=\"line-height:1.75\" class=\"wp-block-list is-style-checkmark-list\">\n<li class=\"has-pro-font-family has-medium-font-size\"><a href=\"https:\/\/pro.etapahtuma.fi\/Tapahtumakalenteri\/Tapahtumakalenteri-Julkinen\" target=\"_blank\" rel=\"noreferrer noopener nofollow\">Pro Tapahtumakalenteri<\/a><\/li>\n\n\n\n<li class=\"has-medium-font-size\"><a href=\"https:\/\/proliitto.fi\/fi\" target=\"_blank\" rel=\"noreferrer noopener nofollow\">Ammattiliitto Pro<\/a><\/li>\n\n\n\n<li class=\"has-pro-font-family has-medium-font-size\"><a href=\"https:\/\/proplus.fi\" target=\"_blank\" rel=\"noreferrer noopener nofollow\">Proplus<\/a><\/li>\n\n\n\n<li><a href=\"https:\/\/asiointi.proliitto.fi\/\" target=\"_blank\" rel=\"noreferrer noopener nofollow\">Pro lomakkeet<\/a><\/li>\n<\/ul>\n<\/div>\n<\/div>\n<\/div><\/div>\n<\/div><\/div>\n\n\n\n<div class=\"wp-block-group alignfull\" style=\"margin-top:0;margin-bottom:0;padding-top:var(--wp--preset--spacing--20);padding-right:var(--wp--preset--spacing--50);padding-bottom:var(--wp--preset--spacing--20);padding-left:var(--wp--preset--spacing--50)\"><div class=\"wp-block-group__inner-container is-layout-constrained wp-container-core-group-is-layout-e4636541 wp-block-group-is-layout-constrained\"><\/div><\/div>\n","protected":false},"excerpt":{"rendered":"<p>Historia lyhyesti Yhdistyksen historia alkaa jo vuodesta 1917, jolloin perustettiin Oulun piirin ty\u00f6njohtajain ja teollisuusvirkailijain yhdistys. Sittemmin monien yhdistymisien j\u00e4lkeen perustettiin Oulun Seudun Toimihenkil\u00f6t Pro ry, joka on kolmen Oulun&#8230;<\/p>\n","protected":false},"author":1,"featured_media":0,"parent":0,"menu_order":0,"comment_status":"closed","ping_status":"closed","template":"","meta":{"_kad_post_transparent":"","_kad_post_title":"","_kad_post_layout":"","_kad_post_sidebar_id":"","_kad_post_content_style":"","_kad_post_vertical_padding":"","_kad_post_feature":"","_kad_post_feature_position":"","_kad_post_header":false,"_kad_post_footer":false,"_kad_post_classname":"","footnotes":""},"class_list":["post-1865","page","type-page","status-publish","hentry"],"_links":{"self":[{"href":"https:\/\/www.ospro.fi\/blog\/wp-json\/wp\/v2\/pages\/1865","targetHints":{"allow":["GET"]}}],"collection":[{"href":"https:\/\/www.ospro.fi\/blog\/wp-json\/wp\/v2\/pages"}],"about":[{"href":"https:\/\/www.ospro.fi\/blog\/wp-json\/wp\/v2\/types\/page"}],"author":[{"embeddable":true,"href":"https:\/\/www.ospro.fi\/blog\/wp-json\/wp\/v2\/users\/1"}],"replies":[{"embeddable":true,"href":"https:\/\/www.ospro.fi\/blog\/wp-json\/wp\/v2\/comments?post=1865"}],"version-history":[{"count":49,"href":"https:\/\/www.ospro.fi\/blog\/wp-json\/wp\/v2\/pages\/1865\/revisions"}],"predecessor-version":[{"id":2446,"href":"https:\/\/www.ospro.fi\/blog\/wp-json\/wp\/v2\/pages\/1865\/revisions\/2446"}],"wp:attachment":[{"href":"https:\/\/www.ospro.fi\/blog\/wp-json\/wp\/v2\/media?parent=1865"}],"curies":[{"name":"wp","href":"https:\/\/api.w.org\/{rel}","templated":true}]}}