{"id":1945,"date":"2024-08-31T22:58:27","date_gmt":"2024-08-31T19:58:27","guid":{"rendered":"http:\/\/www.ospro.fi\/blog\/?page_id=1945"},"modified":"2024-09-17T19:11:04","modified_gmt":"2024-09-17T16:11:04","slug":"pro-klubit","status":"publish","type":"page","link":"https:\/\/www.ospro.fi\/blog\/pro-klubit\/","title":{"rendered":"Pro-klubit"},"content":{"rendered":"\n<div class=\"wp-block-group alignfull is-nowrap is-layout-flex wp-container-core-group-is-layout-590d2c8f wp-block-group-is-layout-flex\" style=\"padding-top:var(--wp--preset--spacing--20);padding-right:var(--wp--preset--spacing--50);padding-bottom:var(--wp--preset--spacing--20);padding-left:var(--wp--preset--spacing--50)\">\n<div class=\"wp-block-columns alignwide is-layout-flex wp-container-core-columns-is-layout-2aabe216 wp-block-columns-is-layout-flex\">\n<div class=\"wp-block-column is-layout-flow wp-block-column-is-layout-flow\">\n<h3 class=\"wp-block-heading has-text-align-center is-style-asterisk has-body-font-family has-medium-font-size\" id=\"toimintatuki_proklubi\" style=\"font-style:normal;font-weight:600\">Toimintatuki<\/h3>\n\n\n\n<p class=\"has-text-align-left\">Oulun Seudun Pro ry on muuttanut klubitoiminnan tukien hakemistapaa vuodesta 2019 alkaen. Olemme siirtyneet useimpien yhdistyksien k\u00e4yt\u00f6ss\u00e4 olevaan ja liiton suosittelemaan tapaan, jossa klubiavustuksia haetaan j\u00e4lkik\u00e4teen kuitteja vastaan.<\/p>\n\n\n\n<p>Oulun Seudun Pro ry tukee j\u00e4seniens\u00e4 muodostamaa ty\u00f6paikan Pro-klubin toimintaa n. 25\u20ac\/vuosi.<\/p>\n\n\n\n<p>Kun j\u00e4rjest\u00e4t edunvalvontatapahtuman, ker\u00e4\u00e4 tapahtuman aiheuttamista kuluista (esim. ostetut tarjoiltavat) kuitit talteen ja toimita ne yhdistykselle. Ker\u00e4\u00e4th\u00e4n my\u00f6s kaikkien tilaisuuteen osallistuneiden nimet + allekirjoitukset kuittien liitteeksi.<\/p>\n\n\n\n<p>Liit\u00e4 hakemukseen tilinumero, jolle Pro- klubi avustus tilitet\u00e4\u00e4n. Voit skannata kuitit sek\u00e4 allekirjoitukset pdf:ksi ja l\u00e4hett\u00e4\u00e4 ne s\u00e4hk\u00f6postilla terhi (@) ospro.fi tai toimittaa ne kirjekuoressa postilla yhdistyksen postilokeroon osoitteeseen:<\/p>\n\n\n\n<p>Oulun Seudun Pro ry<br>PL 5<br>90401 Oulu<\/p>\n\n\n\n<p class=\"has-text-align-left\">Hakemukset k\u00e4sitell\u00e4\u00e4n yhdistyksen hallituksen kokouksissa kuukausittain ja tilitet\u00e4\u00e4n annetulle tilille mahdollisimman nopeasti. Hallituksen kokous pidet\u00e4\u00e4n joka kuukauden toinen keskiviikko.<\/p>\n<\/div>\n\n\n\n<div class=\"wp-block-column has-custom-color-2-background-color has-background is-layout-flow wp-block-column-is-layout-flow\" style=\"padding-left:var(--wp--preset--spacing--10);flex-basis:25%\">\n<h3 class=\"wp-block-heading has-text-align-center is-style-asterisk has-pro-font-family has-medium-font-size\" style=\"margin-top:var(--wp--preset--spacing--20);font-style:normal;font-weight:600\">Toimintatuki<\/h3>\n\n\n\n<ul class=\"wp-block-list is-style-checkmark-list has-pro-font-family\">\n<li style=\"font-size:1.1rem\" class=\"has-pro-font-family\">N. 25\u20ac \/ yhdistyksen j\u00e4sen ty\u00f6paikalla<\/li>\n\n\n\n<li style=\"font-size:1.1rem\" class=\"has-pro-font-family\">Voit hakea my\u00f6s ennakkoon<\/li>\n\n\n\n<li style=\"font-size:1.1rem\" class=\"has-pro-font-family\">Muistathan s\u00e4ilytt\u00e4\u00e4 kuitit<\/li>\n\n\n\n<li style=\"font-size:1.1rem\" class=\"has-pro-font-family\">Ker\u00e4\u00e4th\u00e4n osallistujalistat<\/li>\n\n\n\n<li style=\"font-size:1.1rem\" class=\"has-pro-font-family\">Kysy lis\u00e4\u00e4 terhi(a)ospro.fi<\/li>\n<\/ul>\n\n\n<div class=\"wp-block-image\">\n<figure class=\"aligncenter size-full is-resized\"><img loading=\"lazy\" decoding=\"async\" width=\"288\" height=\"362\" src=\"https:\/\/www.ospro.fi\/blog\/wp-content\/uploads\/2024\/09\/proklubi-uf-ei-taustaa.png\" alt=\"Proklubi logo\" class=\"wp-image-2261\" style=\"width:150px\" srcset=\"https:\/\/www.ospro.fi\/blog\/wp-content\/uploads\/2024\/09\/proklubi-uf-ei-taustaa.png 288w, https:\/\/www.ospro.fi\/blog\/wp-content\/uploads\/2024\/09\/proklubi-uf-ei-taustaa-239x300.png 239w\" sizes=\"auto, (max-width: 288px) 100vw, 288px\" \/><\/figure>\n<\/div><\/div>\n<\/div>\n<\/div>\n\n\n\n<div class=\"wp-block-group alignfull is-nowrap is-layout-flex wp-container-core-group-is-layout-590d2c8f wp-block-group-is-layout-flex\" style=\"padding-top:var(--wp--preset--spacing--20);padding-right:var(--wp--preset--spacing--50);padding-bottom:var(--wp--preset--spacing--20);padding-left:var(--wp--preset--spacing--50)\">\n<div class=\"wp-block-columns alignwide is-layout-flex wp-container-core-columns-is-layout-2aabe216 wp-block-columns-is-layout-flex\">\n<div class=\"wp-block-column is-layout-flow wp-block-column-is-layout-flow\">\n<h3 class=\"wp-block-heading has-text-align-center is-style-asterisk has-body-font-family has-medium-font-size\" id=\"aiheite_proklubi\" style=\"font-style:normal;font-weight:600\">Aiheita Pro-klubin tapaamisiin<\/h3>\n\n\n\n<p class=\"has-text-align-left\">Ty\u00f6paikan \/ yrityksen ajankohtaiset asiat, ongelmatilanteet: keskustellaan, tarvittaessa otetaan kantaa, pohditaan parannusehdotuksia ja ev\u00e4stet\u00e4\u00e4n luottamusmiest\u00e4 \/ ty\u00f6suojeluvaltuutettua + osoitetaan tukea heille.<\/p>\n\n\n\n<p>Ajankohtaiset edunvalvonta-asiat sek\u00e4 kun sen aika, ty\u00f6ehtosopimusneuvottelut ja niihin valmistautuminen. J\u00e4senet pidet\u00e4\u00e4n ajan tasalla siit\u00e4 mit\u00e4 tapahtuu.<\/p>\n\n\n\n<p>Oman yhdistyksen ja Pron toiminta: ajankohtaisasiat, j\u00e4senkoulutuksen ja tapahtumien markkinointi, vinkit ja muistutukset: \u201dOlettehan pit\u00e4neet j\u00e4sentiedot ajan tasalla, Oma Prossa se k\u00e4y k\u00e4tev\u00e4sti.\u201d \u201dNyt on aika hakea Pron Holiday Club -lomakohteisiin.\u201d \u201dAlue\/Yhdistys j\u00e4rjest\u00e4\u00e4 j\u00e4sentapahtuman.\u201d<\/p>\n\n\n\n<p>J\u00e4senhankinta: miettik\u00e4\u00e4 yhdess\u00e4 miten voisitte tarjota Pron j\u00e4senyytt\u00e4 heille, jotka eiv\u00e4t viel\u00e4 kuulu Prohon. Kutsukaa heit\u00e4 joskus klubitapaamiseen ja tilatkaa vaikka esitteit\u00e4 ja liittymislomakkeita jaettavaksi. Virkistyst\u00e4 unohtamatta: ideoikaa mukava tapa viett\u00e4\u00e4 aikaa ja virkist\u00e4yty\u00e4 yhdess\u00e4 prolaisella porukalla, kuten vaikka k\u00e4vely- \/ luontoretki, taiden\u00e4yttelyyn tutustuminen, piknik, leffa- tai saunailta tai mit\u00e4 mukavaa keksittekin&#8230;<\/p>\n<\/div>\n\n\n\n<div class=\"wp-block-column has-custom-color-2-background-color has-background is-layout-flow wp-block-column-is-layout-flow\" style=\"padding-left:var(--wp--preset--spacing--10);flex-basis:25%\">\n<h3 class=\"wp-block-heading has-text-align-center is-style-asterisk has-pro-font-family has-medium-font-size\" style=\"margin-top:var(--wp--preset--spacing--20);font-style:normal;font-weight:600\">Aiheita tapaamisiin<\/h3>\n\n\n\n<ul class=\"wp-block-list is-style-checkmark-list\">\n<li style=\"margin-top:0;font-size:1.1rem\" class=\"has-pro-font-family\">Ty\u00f6paikan ajankohtaiset asiat<\/li>\n\n\n\n<li style=\"margin-top:0;font-size:1.1rem\" class=\"has-pro-font-family\">Edunvalvonta-asiat<\/li>\n\n\n\n<li style=\"margin-top:0;font-size:1.1rem\" class=\"has-pro-font-family\">Yhdistyksen tapahtumat<\/li>\n\n\n\n<li style=\"margin-top:0;font-size:1.1rem\" class=\"has-pro-font-family\">Pron tapahtumat<\/li>\n\n\n\n<li style=\"margin-top:0;font-size:1.1rem\" class=\"has-pro-font-family\">Koulutukset<\/li>\n\n\n\n<li style=\"margin-top:0;font-size:1.1rem\" class=\"has-pro-font-family\">J\u00e4senhankinta<\/li>\n\n\n\n<li style=\"margin-top:0;font-size:1.1rem\" class=\"has-pro-font-family\">Virkist\u00e4ytyminen<\/li>\n<\/ul>\n<\/div>\n<\/div>\n<\/div>\n\n\n\n<div class=\"wp-block-group alignfull has-base-2-background-color has-background is-vertical is-layout-flex wp-container-core-group-is-layout-b2cb4619 wp-block-group-is-layout-flex\" style=\"margin-top:0;margin-bottom:0;padding-top:var(--wp--preset--spacing--50);padding-right:var(--wp--preset--spacing--50);padding-bottom:var(--wp--preset--spacing--50);padding-left:var(--wp--preset--spacing--50)\">\n<div class=\"wp-block-columns alignwide is-layout-flex wp-container-core-columns-is-layout-2aabe216 wp-block-columns-is-layout-flex\">\n<div class=\"wp-block-column is-layout-flow wp-block-column-is-layout-flow\">\n<h3 class=\"wp-block-heading has-text-align-left is-style-asterisk has-body-font-family has-medium-font-size\" id=\"tiiviisti_proklubi\" style=\"font-style:normal;font-weight:600\">Tiiviisti ty\u00f6paikkatoiminnasta<br><\/h3>\n\n\n\n<p><strong>Ty\u00f6paikkatoiminnan tarkoitus ja hy\u00f6dyt<\/strong><\/p>\n\n\n\n<ul class=\"wp-block-list\">\n<li class=\"has-pro-font-family\">Tarjota j\u00e4senille keskusteluareena ja vaikuttamiskanava.<\/li>\n\n\n\n<li>Tukea ja vahvistaa ty\u00f6paikan edunvalvontaa.<\/li>\n\n\n\n<li>Huolehtia kaikki toimihenkil\u00f6t Pron j\u00e4seniksi.<\/li>\n\n\n\n<li>Tukea henkil\u00f6st\u00f6n edustajien toimintaa.<\/li>\n<\/ul>\n\n\n\n<p><strong>Yhdess\u00e4 keskustellen, luottamushenkil\u00f6it\u00e4 ev\u00e4st\u00e4en<\/strong><\/p>\n\n\n\n<p>Pro-klubissa j\u00e4senet:<\/p>\n\n\n\n<ul class=\"wp-block-list\">\n<li>Keskustelevat ja ottavat kantaa ty\u00f6paikan asioihin, ty\u00f6olojen, palkkojen ja muiden ty\u00f6suhteen ehtojen parantamiseksi.<\/li>\n\n\n\n<li>Huolehtivat siit\u00e4, ett\u00e4 prolaisilla on hyv\u00e4 yhteishenki.<\/li>\n\n\n\n<li>Toivottavat uudet ty\u00f6kaverit mukaan ja j\u00e4seneksi Prohon.<\/li>\n\n\n\n<li>Tukevat henkil\u00f6st\u00f6n edustajia ty\u00f6paikan edunvalvonnassa.<\/li>\n\n\n\n<li>Varmistavat, ett\u00e4 ty\u00f6paikalla on prolainen luottamusmies ja ty\u00f6suojeluvaltuutettu ja osoittavat heille tukensa.<\/li>\n<\/ul>\n<\/div>\n\n\n\n<div class=\"wp-block-column is-layout-flow wp-block-column-is-layout-flow\">\n<h3 class=\"wp-block-heading has-text-align-left is-style-asterisk has-body-font-family has-medium-font-size\" id=\"ajankohtaista_proklubi\" style=\"font-style:normal;font-weight:600\">Ajankohtaista<\/h3>\n\n\n\n<p><strong>Pro-vastaava<\/strong><\/p>\n\n\n\n<ul class=\"wp-block-list\">\n<li>Toimii tehokkaana organisaattorina<\/li>\n\n\n\n<li>Kokoaa ty\u00f6paikan prolaiset klubitapaamisiin<\/li>\n\n\n\n<li>Toimii yhteyshenkil\u00f6n\u00e4 yhdistykseen \/ yhdistyksiin ja liittoon<\/li>\n\n\n\n<li>Tiedottaa ajankohtaisista asioista prolaisille.<\/li>\n<\/ul>\n\n\n\n<p class=\"has-text-align-left has-pro-font-family\"><strong>Pro-klubin keskustelunaiheita<\/strong><\/p>\n\n\n\n<ul class=\"wp-block-list\">\n<li>Miten meill\u00e4 menee?<\/li>\n\n\n\n<li>Ovatko palkat kohdallaan?<\/li>\n\n\n\n<li>Korvataanko ylit\u00f6ist\u00e4 oikein?<\/li>\n\n\n\n<li>Onko t\u00f6ihin kiva tulla?<\/li>\n\n\n\n<li>Mit\u00e4 me voimme tehd\u00e4 yhdess\u00e4?<\/li>\n\n\n\n<li>Miten voimme auttaa luottamusmiest\u00e4, onko meill\u00e4 sellaista?<\/li>\n\n\n\n<li>Miten voimme kaikki hankkia uusia j\u00e4seni\u00e4 joukkoomme?<\/li>\n<\/ul>\n<\/div>\n\n\n\n<div class=\"wp-block-column has-custom-color-2-background-color has-background is-layout-constrained wp-container-core-column-is-layout-d5d30894 wp-block-column-is-layout-constrained\" style=\"padding-right:0;padding-left:var(--wp--preset--spacing--10);flex-basis:25%\">\n<h3 class=\"wp-block-heading has-text-align-center is-style-asterisk has-pro-font-family has-medium-font-size\" style=\"margin-top:var(--wp--preset--spacing--20);margin-right:0;padding-right:var(--wp--preset--spacing--20);padding-left:var(--wp--preset--spacing--10);font-style:normal;font-weight:600\"><strong>Ammattiliitto Pro:n tilaisuudet<\/strong><\/h3>\n\n\n\n<p class=\"has-text-align-center has-pro-font-family\" style=\"margin-top:var(--wp--preset--spacing--20);margin-right:0;margin-left:0;padding-right:var(--wp--preset--spacing--20);padding-left:var(--wp--preset--spacing--10);font-size:1.1rem\">Koulutukset ovat ilmaisia Ammattiliitto Pro:n j\u00e4senille. Jokaiseen koulutukseen ilmoittaudutaan&nbsp;<a href=\"http:\/\/www.proplus.fi\/\" target=\"_blank\" rel=\"noreferrer noopener\">Proplus<\/a>-j\u00e4sensivujen kautta.<\/p>\n\n\n\n<h3 class=\"wp-block-heading has-text-align-center is-style-asterisk has-medium-font-size\" style=\"padding-top:var(--wp--preset--spacing--20);padding-right:var(--wp--preset--spacing--20);padding-bottom:var(--wp--preset--spacing--20);padding-left:var(--wp--preset--spacing--10);font-style:normal;font-weight:600\"><strong>Oulun Seudun Pro ry:n tilaisuudet<\/strong><\/h3>\n\n\n\n<p class=\"has-text-align-center\" style=\"margin-right:0;margin-left:0;padding-right:var(--wp--preset--spacing--20);padding-left:var(--wp--preset--spacing--10);font-size:1.1rem\">Koulutukset ovat ilmaisia tai pienen omavastuun sis\u00e4lt\u00e4vi\u00e4 yhdistyksen j\u00e4senille. Jokaiseen koulutukseen ilmoittaudutaan erillisen linkin, Proplussan tai Pro-sovelluksen kautta.<\/p>\n<\/div>\n<\/div>\n<\/div>\n\n\n\n<div class=\"wp-block-group alignfull has-base-color has-custom-color-3-background-color has-text-color has-background\" style=\"margin-top:0;margin-bottom:0;padding-top:var(--wp--preset--spacing--20);padding-right:var(--wp--preset--spacing--60);padding-bottom:var(--wp--preset--spacing--20);padding-left:var(--wp--preset--spacing--60)\"><div class=\"wp-block-group__inner-container is-layout-constrained wp-container-core-group-is-layout-6a033c48 wp-block-group-is-layout-constrained\">\n<div class=\"wp-block-group alignwide\"><div class=\"wp-block-group__inner-container is-layout-constrained wp-block-group-is-layout-constrained\">\n<p class=\"has-text-align-center has-base-color has-custom-color-3-background-color has-text-color has-background has-pro-font-family\" style=\"padding-top:var(--wp--preset--spacing--10);padding-bottom:0;font-size:1.5rem;line-height:1.2\"><em><em>&#8221;Kaikki Pron j\u00e4senet ty\u00f6paikalla muodostavat Pro-klubin, joka on vapaamuotoinen rekister\u00f6im\u00e4t\u00f6n yhteenliittym\u00e4. Pro-klubi m\u00e4\u00e4ritt\u00e4\u00e4 itse oman organisoitumis- ja ty\u00f6skentelytapansa&#8221;<\/em><\/em><\/p>\n\n\n<div class=\"wp-block-image\">\n<figure class=\"aligncenter size-full is-resized\"><img loading=\"lazy\" decoding=\"async\" width=\"288\" height=\"362\" src=\"https:\/\/www.ospro.fi\/blog\/wp-content\/uploads\/2024\/09\/proklubi-uf-ei-taustaa.png\" alt=\"Proklubi logo\" class=\"wp-image-2261\" style=\"width:60px\" srcset=\"https:\/\/www.ospro.fi\/blog\/wp-content\/uploads\/2024\/09\/proklubi-uf-ei-taustaa.png 288w, https:\/\/www.ospro.fi\/blog\/wp-content\/uploads\/2024\/09\/proklubi-uf-ei-taustaa-239x300.png 239w\" sizes=\"auto, (max-width: 288px) 100vw, 288px\" \/><\/figure>\n<\/div><\/div><\/div>\n<\/div><\/div>\n","protected":false},"excerpt":{"rendered":"<p>Toimintatuki Oulun Seudun Pro ry on muuttanut klubitoiminnan tukien hakemistapaa vuodesta 2019 alkaen. Olemme siirtyneet useimpien yhdistyksien k\u00e4yt\u00f6ss\u00e4 olevaan ja liiton suosittelemaan tapaan, jossa klubiavustuksia haetaan j\u00e4lkik\u00e4teen kuitteja vastaan. Oulun&#8230;<\/p>\n","protected":false},"author":1,"featured_media":0,"parent":0,"menu_order":0,"comment_status":"closed","ping_status":"closed","template":"","meta":{"_kad_post_transparent":"","_kad_post_title":"","_kad_post_layout":"","_kad_post_sidebar_id":"","_kad_post_content_style":"","_kad_post_vertical_padding":"","_kad_post_feature":"","_kad_post_feature_position":"","_kad_post_header":false,"_kad_post_footer":false,"_kad_post_classname":"","footnotes":""},"class_list":["post-1945","page","type-page","status-publish","hentry"],"_links":{"self":[{"href":"https:\/\/www.ospro.fi\/blog\/wp-json\/wp\/v2\/pages\/1945","targetHints":{"allow":["GET"]}}],"collection":[{"href":"https:\/\/www.ospro.fi\/blog\/wp-json\/wp\/v2\/pages"}],"about":[{"href":"https:\/\/www.ospro.fi\/blog\/wp-json\/wp\/v2\/types\/page"}],"author":[{"embeddable":true,"href":"https:\/\/www.ospro.fi\/blog\/wp-json\/wp\/v2\/users\/1"}],"replies":[{"embeddable":true,"href":"https:\/\/www.ospro.fi\/blog\/wp-json\/wp\/v2\/comments?post=1945"}],"version-history":[{"count":21,"href":"https:\/\/www.ospro.fi\/blog\/wp-json\/wp\/v2\/pages\/1945\/revisions"}],"predecessor-version":[{"id":2327,"href":"https:\/\/www.ospro.fi\/blog\/wp-json\/wp\/v2\/pages\/1945\/revisions\/2327"}],"wp:attachment":[{"href":"https:\/\/www.ospro.fi\/blog\/wp-json\/wp\/v2\/media?parent=1945"}],"curies":[{"name":"wp","href":"https:\/\/api.w.org\/{rel}","templated":true}]}}