{"id":1971,"date":"2024-09-07T11:52:22","date_gmt":"2024-09-07T08:52:22","guid":{"rendered":"http:\/\/www.ospro.fi\/blog\/?page_id=1971"},"modified":"2024-09-13T20:57:57","modified_gmt":"2024-09-13T17:57:57","slug":"jasenhankinta","status":"publish","type":"page","link":"https:\/\/www.ospro.fi\/blog\/jasenhankinta\/","title":{"rendered":"J\u00e4senhankinta"},"content":{"rendered":"\n<div class=\"wp-block-group alignfull has-base-2-background-color has-background\" style=\"margin-top:0;margin-bottom:0;padding-top:var(--wp--preset--spacing--20);padding-right:var(--wp--preset--spacing--50);padding-bottom:var(--wp--preset--spacing--50);padding-left:var(--wp--preset--spacing--50)\"><div class=\"wp-block-group__inner-container is-layout-constrained wp-container-core-group-is-layout-6565c413 wp-block-group-is-layout-constrained\">\n<div class=\"wp-block-group alignwide is-content-justification-center is-layout-flex wp-container-core-group-is-layout-5b6401d9 wp-block-group-is-layout-flex\">\n<h3 class=\"wp-block-heading has-text-align-center is-style-default wp-container-content-9cfa9a5a\" style=\"padding-right:var(--wp--preset--spacing--20);padding-left:var(--wp--preset--spacing--20)\">J\u00e4senhankinta on t\u00e4rke\u00e4\u00e4 ja arvokasta<\/h3>\n\n\n\n<div style=\"height:0px;width:0px\" aria-hidden=\"true\" class=\"wp-block-spacer wp-container-content-4f2ccadb\"><\/div>\n\n\n\n<p class=\"has-text-align-center wp-container-content-9cfa9a5a\" style=\"padding-top:var(--wp--preset--spacing--10);padding-right:var(--wp--preset--spacing--30);padding-left:var(--wp--preset--spacing--30)\">Prota ei olisi ilman j\u00e4seni\u00e4. Ammattiliiton mahdollisuus toimia j\u00e4sentens\u00e4 eduksi, sen neuvotteluvoima ja vaikutusvalta tulevat suuresta j\u00e4senm\u00e4\u00e4r\u00e4st\u00e4; siit\u00e4, ett\u00e4 mahdollisimman moni toimihenkil\u00f6 edustamiltamme aloilta kuuluu Prohon. Hyvi\u00e4 palkkoja ja ty\u00f6ehtoja \u2013 ty\u00f6ehtosopimuksia \u2013 ei neuvotella eik\u00e4 asioihin vaikuteta ilman laajaa j\u00e4senjoukkoa. Siksi j\u00e4senhankinta on t\u00e4rke\u00e4\u00e4 ja kuuluu oleellisesti Pron toimintaan.<\/p>\n\n\n\n<p class=\"has-text-align-center wp-container-content-9cfa9a5a\" style=\"padding-top:var(--wp--preset--spacing--10);padding-right:var(--wp--preset--spacing--30);padding-left:var(--wp--preset--spacing--30)\">T\u00e4rkeit\u00e4 ovat my\u00f6s kaikki muut j\u00e4senet: jokainen prolainen saa hankkia uusia j\u00e4seni\u00e4. Usein on luontevaa, ett\u00e4 l\u00e4heinen ty\u00f6toveri kertoo Prosta tai henkil\u00f6 joka perehdytt\u00e4\u00e4 ty\u00f6teht\u00e4viin.<\/p>\n\n\n\n<p class=\"has-text-align-center wp-container-content-9cfa9a5a\" style=\"padding-top:var(--wp--preset--spacing--10);padding-right:var(--wp--preset--spacing--30);padding-left:var(--wp--preset--spacing--30)\">J\u00e4seni\u00e4 hankkimalla toimit omaksi ja yhteiseksi eduksi. Teet arvokkaan teon, jolla on suuri merkitys ja vaikutus, niin henkil\u00f6lle, jolle tarjoat j\u00e4senyytt\u00e4, kuin sinulle itsellesi ja meille kaikille prolaisille yhdess\u00e4.<\/p>\n\n\n\n<p class=\"has-text-align-center wp-container-content-9cfa9a5a\" style=\"padding-top:var(--wp--preset--spacing--10);padding-right:var(--wp--preset--spacing--30);padding-left:var(--wp--preset--spacing--30)\">Tiesith\u00e4n, ett\u00e4 ty\u00f6ehtosopimus on yleissitova kun alan toimihenkil\u00f6ist\u00e4 yli puolet kuuluvat ammattiliittoon.<\/p>\n<\/div>\n\n\n\n<div style=\"margin-top:0;margin-bottom:0;height:min(4rem, 5vw);width:0px\" aria-hidden=\"true\" class=\"wp-block-spacer\"><\/div>\n\n\n\n<div class=\"wp-block-columns alignwide is-layout-flex wp-container-core-columns-is-layout-5fb33d7e wp-block-columns-is-layout-flex\" style=\"padding-right:var(--wp--preset--spacing--20)\">\n<div class=\"wp-block-column is-layout-flow wp-block-column-is-layout-flow\">\n<h3 class=\"wp-block-heading has-text-align-center is-style-asterisk has-pro-font-family has-medium-font-size\" style=\"padding-right:var(--wp--preset--spacing--10);padding-left:var(--wp--preset--spacing--10);font-style:normal;font-weight:600\">J\u00e4senhankinta<\/h3>\n\n\n\n<ul style=\"padding-right:var(--wp--preset--spacing--30);padding-left:var(--wp--preset--spacing--30)\" class=\"wp-block-list is-style-default\">\n<li style=\"padding-right:0;padding-left:0\">Hankkimalla j\u00e4seni\u00e4 teet arvokasta ty\u00f6t\u00e4 ja palveluksen itsellesikin<\/li>\n\n\n\n<li>On luonnollinen, oleellinen ja t\u00e4rke\u00e4 osa Pron toimintaa<\/li>\n\n\n\n<li style=\"padding-right:0;padding-left:0\">Turvaa toimintakykymme ja on sijoitus tulevaisuuteen<\/li>\n\n\n\n<li style=\"padding-bottom:var(--wp--preset--spacing--20)\">Teemme sit\u00e4 Prossa joka p\u00e4iv\u00e4 ymp\u00e4ri vuoden, m\u00e4\u00e4r\u00e4tietoisesti ja pitk\u00e4j\u00e4nteisesti<\/li>\n<\/ul>\n\n\n<div class=\"wp-block-image\">\n<figure class=\"aligncenter size-full is-resized\"><img loading=\"lazy\" decoding=\"async\" width=\"282\" height=\"317\" src=\"https:\/\/www.ospro.fi\/blog\/wp-content\/uploads\/2024\/09\/kiitos_jasenista_uf.png\" alt=\"Kiitos j\u00e4senist\u00e4 logo\" class=\"wp-image-2275\" style=\"width:166px;height:auto\" srcset=\"https:\/\/www.ospro.fi\/blog\/wp-content\/uploads\/2024\/09\/kiitos_jasenista_uf.png 282w, https:\/\/www.ospro.fi\/blog\/wp-content\/uploads\/2024\/09\/kiitos_jasenista_uf-267x300.png 267w\" sizes=\"auto, (max-width: 282px) 100vw, 282px\" \/><\/figure>\n<\/div><\/div>\n\n\n\n<div class=\"wp-block-column has-custom-color-2-background-color has-background is-layout-flow wp-block-column-is-layout-flow\" style=\"padding-top:var(--wp--preset--spacing--10);padding-right:var(--wp--preset--spacing--10);padding-bottom:var(--wp--preset--spacing--10);padding-left:var(--wp--preset--spacing--10);flex-basis:25%\">\n<h3 class=\"wp-block-heading has-text-align-center is-style-asterisk has-pro-font-family has-medium-font-size\" style=\"font-style:normal;font-weight:600\">Lis\u00e4tietoa<\/h3>\n\n\n\n<p class=\"has-text-align-center\">Lis\u00e4tietoa j\u00e4senhankintaan liittyen l\u00f6yd\u00e4t Ammattiliitto Pron <a href=\"https:\/\/proliitto.fi\/\" target=\"_blank\" rel=\"noreferrer noopener nofollow\">www-sivuilta<\/a>.<\/p>\n\n\n\n<p class=\"has-text-align-center\">Esit\u00e4ytetyn liittymislomakkeen voit ladata&nbsp;<a href=\"https:\/\/ospro.fi\/wp-content\/uploads\/2024\/01\/Liittymislomake_osprory.pdf\" target=\"_blank\" rel=\"noreferrer noopener\">t\u00e4\u00e4lt\u00e4<\/a>.<\/p>\n\n\n\n<p class=\"has-text-align-center\">S\u00e4hk\u00f6inen liittymislomake l\u00f6ytyy&nbsp;<a href=\"https:\/\/lomakkeet.proliitto.fi\/\" target=\"_blank\" rel=\"noreferrer noopener\">t\u00e4\u00e4lt\u00e4<\/a>.<\/p>\n<\/div>\n<\/div>\n\n\n\n<div style=\"height:45px\" aria-hidden=\"true\" class=\"wp-block-spacer\"><\/div>\n\n\n\n<h3 class=\"wp-block-heading has-text-align-center has-pro-font-family\">J\u00e4senhankintakampanjat<\/h3>\n\n\n\n<div style=\"height:40px\" aria-hidden=\"true\" class=\"wp-block-spacer\"><\/div>\n\n\n\n<div class=\"wp-block-columns alignwide is-layout-flex wp-container-core-columns-is-layout-2aabe216 wp-block-columns-is-layout-flex\">\n<div class=\"wp-block-column is-layout-flow wp-block-column-is-layout-flow\">\n<h3 class=\"wp-block-heading has-text-align-center is-style-asterisk has-pro-font-family has-medium-font-size\" style=\"font-style:normal;font-weight:600\">Oulun Seudun Pro ry<\/h3>\n\n\n\n<p>Oulun Seudun Pro ry jatkaa hyvin onnistunutta j\u00e4senhankintakampanjaa vuoden 2024 loppuun asti.<\/p>\n\n\n\n<p>Osalliseksi kampanjaa p\u00e4\u00e4set, kun suosittelet Oulun Seudun Pro ry:t\u00e4 ja Ammattiliitto Prota kaverillesi ja hankit h\u00e4net j\u00e4seneksi. Jos olet Oulun Seudun Pro ry:n j\u00e4sen ja saat hankittua j\u00e4senen meille, niin saat itsellesi superelokuvalipun ja herkkusetelin Finnkinolle. T\u00e4m\u00e4n lis\u00e4ksi hankkimasi j\u00e4sen saa my\u00f6s samaisen lippupaketin itselleen. Voitte vaikka yhdess\u00e4 l\u00e4hte\u00e4 viett\u00e4m\u00e4\u00e4n leffailtaa! T\u00e4m\u00e4n lis\u00e4ksi kaikkien vuoden 2024 j\u00e4senhankkijoiden kesken arvotaan lahjakortti. Jokaisesta hankitusta j\u00e4senest\u00e4 saat yhden arpalipun arvontaan! Arvonta suoritetaan vuoden 2025 vuosikokouksessa.<\/p>\n\n\n\n<p>J\u00e4senyydet tarkistetaan aina hallituksen kokouksessa. Hein\u00e4kuussa ei ole hallituksen kokousta. Elokuvaliput l\u00e4hetet\u00e4\u00e4n kokouksen j\u00e4lkeen asianomaisille.<\/p>\n\n\n\n<p>Ilmoita uudesta j\u00e4senest\u00e4 meille&nbsp;<a href=\"https:\/\/forms.office.com\/Pages\/ResponsePage.aspx?id=s63coU6QtUCyce-eWvmpkHsl6nk2JSJJhCBoHBCRGM9UOUNEQzdLRjRZMkw2MlpQOUlPTzg1RkpEUy4u\" target=\"_blank\" rel=\"noreferrer noopener\">t\u00e4\u00e4ll\u00e4<\/a>.<\/p>\n\n\n\n<h4 class=\"wp-block-heading\">Kampanjat 2023<\/h4>\n\n\n\n<p class=\"has-text-align-left\">Viime vuoden kampanjoiden voittajat arvotaan vuosikokouksessa maaliskuussa.<\/p>\n<\/div>\n\n\n\n<div class=\"wp-block-column is-layout-flow wp-block-column-is-layout-flow\">\n<h3 class=\"wp-block-heading has-text-align-center is-style-asterisk has-pro-font-family has-medium-font-size\" style=\"font-style:normal;font-weight:600\">Ammattiliitto Pro<\/h3>\n\n\n\n<p>Jokainen uuden j\u00e4senen hankkinut prolainen saa 40 euron superlahjakortin, kunhan oma ja uuden j\u00e4senen j\u00e4senmaksu on asianmukaisesti maksettu. Mit\u00e4 useamman j\u00e4senen hankit, sit\u00e4 enemm\u00e4n lahjakortteja kertyy.<\/p>\n\n\n\n<p>Suosittu Kaveri kans! -kampanja jatkuu ja on voimassa toistaiseksi. Helpotimme samalla hankkimistasi j\u00e4senist\u00e4 ilmoittamista: t\u00e4yt\u00e4t k\u00e4tev\u00e4sti vain&nbsp;<a rel=\"noreferrer noopener\" href=\"https:\/\/www.proliitto.fi\/kaverikans\" target=\"_blank\">t\u00e4m\u00e4n<\/a>&nbsp;nettilomakkeen.<\/p>\n\n\n\n<p>Kuinka toimin? Kilpailuun osallistuminen ei vaadi erillist\u00e4 ilmoittautumista. N\u00e4in yksinkertaista se on!<\/p>\n\n\n\n<ol class=\"wp-block-list\">\n<li>Suosittele Pron j\u00e4senyytt\u00e4 kaverillesi.<\/li>\n\n\n\n<li>Kun kaveri on liittynyt t\u00e4yt\u00e4 ilmoituslomake&nbsp;<a href=\"https:\/\/www.proliitto.fi\/kaverikans\" target=\"_blank\" rel=\"noreferrer noopener\">t\u00e4ss\u00e4&nbsp;<\/a>osoitteessa ja j\u00e4\u00e4 odottamaan palkintoasi.<\/li>\n<\/ol>\n\n\n\n<p class=\"has-text-align-left\">Tietoa, vinkkej\u00e4 ja materiaalia j\u00e4senyyden tarjoamiseen l\u00f6yd\u00e4t&nbsp;<a href=\"http:\/\/www.proplus.fi\/\" target=\"_blank\" rel=\"noreferrer noopener\">Proplus<\/a>sasta: Pro Tietopankki &gt; Osallistuminen ja vaikuttaminen &gt; J\u00e4senhankinta Lue my\u00f6s:&nbsp;<a href=\"http:\/\/www.proliitto.fi\/kaverikans\" target=\"_blank\" rel=\"noreferrer noopener\">http:\/\/www.proliitto.fi\/kaverikans<\/a><\/p>\n\n\n\n<figure class=\"wp-block-image size-full\"><img loading=\"lazy\" decoding=\"async\" width=\"298\" height=\"155\" src=\"https:\/\/www.ospro.fi\/blog\/wp-content\/uploads\/2022\/05\/kaverikans.jpg\" alt=\"kaverikans\" class=\"wp-image-174\"\/><\/figure>\n<\/div>\n<\/div>\n<\/div><\/div>\n\n\n\n<div class=\"wp-block-group alignfull\" style=\"margin-top:0;margin-bottom:0;padding-top:var(--wp--preset--spacing--40);padding-right:var(--wp--preset--spacing--50);padding-bottom:var(--wp--preset--spacing--40);padding-left:var(--wp--preset--spacing--50)\"><div class=\"wp-block-group__inner-container is-layout-constrained wp-container-core-group-is-layout-121ff3fa wp-block-group-is-layout-constrained\">\n<h3 class=\"wp-block-heading has-text-align-center has-pro-font-family\" style=\"font-size:1.5rem\">Liity Pron j\u00e4seneksi<\/h3>\n\n\n\n<p class=\"has-text-align-center has-medium-font-size\">Ty\u00f6el\u00e4m\u00e4 on joukkuelaji, ei yksil\u00f6suoritus<\/p>\n\n\n\n<div class=\"wp-block-buttons is-content-justification-center is-layout-flex wp-container-core-buttons-is-layout-16018d1d wp-block-buttons-is-layout-flex\">\n<div class=\"wp-block-button\"><a class=\"wp-block-button__link has-custom-color-5-color has-custom-color-2-background-color has-text-color has-background has-link-color wp-element-button\" href=\"https:\/\/lomakkeet.proliitto.fi\/\" target=\"_blank\" rel=\"noreferrer noopener nofollow\">Liity nyt<\/a><\/div>\n<\/div>\n<\/div><\/div>\n\n\n\n<div class=\"wp-block-group alignfull has-base-color has-custom-color-4-background-color has-text-color has-background\" style=\"margin-top:0;margin-bottom:0;padding-top:var(--wp--preset--spacing--30);padding-right:var(--wp--preset--spacing--60);padding-bottom:var(--wp--preset--spacing--30);padding-left:var(--wp--preset--spacing--60)\"><div class=\"wp-block-group__inner-container is-layout-constrained wp-container-core-group-is-layout-52fdd364 wp-block-group-is-layout-constrained\">\n<p class=\"has-text-align-center has-base-color has-text-color has-pro-font-family\" style=\"font-size:1.5rem;line-height:1.2\"><em>&#8221;Pro on ammattien liitto \u2013 kuin Suomi pienoiskoossa<\/em>&#8221;<\/p>\n\n\n\n<div class=\"wp-block-group\"><div class=\"wp-block-group__inner-container is-layout-constrained wp-block-group-is-layout-constrained\">\n<div class=\"wp-block-group is-vertical is-content-justification-center is-nowrap is-layout-flex wp-container-core-group-is-layout-a9ff9874 wp-block-group-is-layout-flex\">\n<figure class=\"wp-block-image size-large is-resized\"><img loading=\"lazy\" decoding=\"async\" width=\"1024\" height=\"523\" src=\"https:\/\/www.ospro.fi\/blog\/wp-content\/uploads\/2024\/08\/Pro_Logo_valkoinenpunainenpallo-1024x523.png\" alt=\"Pro logo\" class=\"wp-image-1925\" style=\"width:65px\" srcset=\"https:\/\/www.ospro.fi\/blog\/wp-content\/uploads\/2024\/08\/Pro_Logo_valkoinenpunainenpallo-1024x523.png 1024w, https:\/\/www.ospro.fi\/blog\/wp-content\/uploads\/2024\/08\/Pro_Logo_valkoinenpunainenpallo-300x153.png 300w, https:\/\/www.ospro.fi\/blog\/wp-content\/uploads\/2024\/08\/Pro_Logo_valkoinenpunainenpallo-768x392.png 768w, https:\/\/www.ospro.fi\/blog\/wp-content\/uploads\/2024\/08\/Pro_Logo_valkoinenpunainenpallo-1536x785.png 1536w, https:\/\/www.ospro.fi\/blog\/wp-content\/uploads\/2024\/08\/Pro_Logo_valkoinenpunainenpallo.png 2000w\" sizes=\"auto, (max-width: 1024px) 100vw, 1024px\" \/><\/figure>\n\n\n\n<p class=\"has-text-align-center has-medium-font-size\" style=\"margin-top:var(--wp--preset--spacing--10);margin-bottom:0\">Ammattiliitto Pro<\/p>\n<\/div>\n<\/div><\/div>\n<\/div><\/div>\n","protected":false},"excerpt":{"rendered":"<p>J\u00e4senhankinta on t\u00e4rke\u00e4\u00e4 ja arvokasta Prota ei olisi ilman j\u00e4seni\u00e4. Ammattiliiton mahdollisuus toimia j\u00e4sentens\u00e4 eduksi, sen neuvotteluvoima ja vaikutusvalta tulevat suuresta j\u00e4senm\u00e4\u00e4r\u00e4st\u00e4; siit\u00e4, ett\u00e4 mahdollisimman moni toimihenkil\u00f6 edustamiltamme aloilta kuuluu&#8230;<\/p>\n","protected":false},"author":1,"featured_media":0,"parent":0,"menu_order":0,"comment_status":"closed","ping_status":"closed","template":"","meta":{"_kad_post_transparent":"","_kad_post_title":"","_kad_post_layout":"","_kad_post_sidebar_id":"","_kad_post_content_style":"","_kad_post_vertical_padding":"","_kad_post_feature":"","_kad_post_feature_position":"","_kad_post_header":false,"_kad_post_footer":false,"_kad_post_classname":"","footnotes":""},"class_list":["post-1971","page","type-page","status-publish","hentry"],"_links":{"self":[{"href":"https:\/\/www.ospro.fi\/blog\/wp-json\/wp\/v2\/pages\/1971","targetHints":{"allow":["GET"]}}],"collection":[{"href":"https:\/\/www.ospro.fi\/blog\/wp-json\/wp\/v2\/pages"}],"about":[{"href":"https:\/\/www.ospro.fi\/blog\/wp-json\/wp\/v2\/types\/page"}],"author":[{"embeddable":true,"href":"https:\/\/www.ospro.fi\/blog\/wp-json\/wp\/v2\/users\/1"}],"replies":[{"embeddable":true,"href":"https:\/\/www.ospro.fi\/blog\/wp-json\/wp\/v2\/comments?post=1971"}],"version-history":[{"count":15,"href":"https:\/\/www.ospro.fi\/blog\/wp-json\/wp\/v2\/pages\/1971\/revisions"}],"predecessor-version":[{"id":2277,"href":"https:\/\/www.ospro.fi\/blog\/wp-json\/wp\/v2\/pages\/1971\/revisions\/2277"}],"wp:attachment":[{"href":"https:\/\/www.ospro.fi\/blog\/wp-json\/wp\/v2\/media?parent=1971"}],"curies":[{"name":"wp","href":"https:\/\/api.w.org\/{rel}","templated":true}]}}