{"id":2033,"date":"2024-09-07T20:30:21","date_gmt":"2024-09-07T17:30:21","guid":{"rendered":"http:\/\/www.ospro.fi\/blog\/?page_id=2033"},"modified":"2024-09-11T16:04:08","modified_gmt":"2024-09-11T13:04:08","slug":"jasenkirjeet","status":"publish","type":"page","link":"https:\/\/www.ospro.fi\/blog\/jasenkirjeet\/","title":{"rendered":"J\u00e4senkirjeet"},"content":{"rendered":"\n<div class=\"wp-block-group alignfull has-base-2-background-color has-background\" style=\"margin-top:0;margin-bottom:0;padding-top:var(--wp--preset--spacing--20);padding-right:var(--wp--preset--spacing--50);padding-bottom:var(--wp--preset--spacing--50);padding-left:var(--wp--preset--spacing--50)\"><div class=\"wp-block-group__inner-container is-layout-constrained wp-container-core-group-is-layout-6565c413 wp-block-group-is-layout-constrained\">\n<div class=\"wp-block-group alignwide is-vertical is-content-justification-center is-layout-flex wp-container-core-group-is-layout-7681721f wp-block-group-is-layout-flex\">\n<h2 class=\"wp-block-heading has-text-align-center is-style-asterisk\">Tiedotteet 2024<\/h2>\n\n\n\n<div style=\"height:0px\" aria-hidden=\"true\" class=\"wp-block-spacer wp-container-content-4f2ccadb\"><\/div>\n\n\n\n<p class=\"has-text-align-center\">T\u00e4\u00e4lt\u00e4 l\u00f6ytyv\u00e4t j\u00e4senille l\u00e4hetetyt j\u00e4senkirjeet kuluvalta vuodelta. N\u00e4m\u00e4 ja kaikki vanhemmat j\u00e4senkirjeet voit k\u00e4yd\u00e4 lukemassa tiedotteista&nbsp;<a href=\"https:\/\/proplus.fi\/document_post\/tiedotteet-8\/?gid=297\" target=\"_blank\" rel=\"noreferrer noopener nofollow\">Proplussasta<\/a>&nbsp;yhdistyksen sivuilta.<\/p>\n<\/div>\n\n\n\n<div style=\"margin-top:0;margin-bottom:0;height:var(--wp--preset--spacing--40)\" aria-hidden=\"true\" class=\"wp-block-spacer\"><\/div>\n\n\n\n<div class=\"wp-block-columns alignwide is-layout-flex wp-container-core-columns-is-layout-2aabe216 wp-block-columns-is-layout-flex\">\n<div class=\"wp-block-column is-layout-flow wp-block-column-is-layout-flow\">\n<h3 class=\"wp-block-heading has-text-align-left is-style-asterisk has-pro-font-family has-medium-font-size\" style=\"font-style:normal;font-weight:600\">J\u00e4senkirje 8\/2024<\/h3>\n\n\n\n<p class=\"has-text-align-left\"><\/p>\n<\/div>\n\n\n\n<div class=\"wp-block-column has-small-font-size is-layout-flow wp-block-column-is-layout-flow\">\n<h3 class=\"wp-block-heading has-text-align-left is-style-asterisk has-pro-font-family has-medium-font-size\" style=\"font-style:normal;font-weight:600\">J\u00e4senkirje 7\/2024<\/h3>\n\n\n\n<p class=\"has-text-align-left has-small-font-size\"><strong>Tervehdys Oulun Seudun Pro ry:n j\u00e4sen<\/strong><\/p>\n\n\n\n<p class=\"has-text-align-left\">Arki on taas palannut el\u00e4m\u00e4\u00e4mme ja ty\u00f6skentely hallituksessakin jatkuu taas normaalin kuvion mukaisesti.<\/p>\n\n\n\n<p>Viron matka oli j\u00e4lleen menestys ja t\u00e4ll\u00e4 kertaaa tuli tutustuttua muuhunkin kuin pelkk\u00e4\u00e4n kaupunkiel\u00e4m\u00e4\u00e4n. Matkan ensimm\u00e4isen\u00e4 etappina oli P\u00e4rnun kaunis kylpyl\u00e4kaupunki, miss\u00e4 saimme nauttia keskiaikamessuista kylpyl\u00f6innin ohessa. Tallinnaankin ehdimme viimeiseksi y\u00f6ksi ja tarjolla olikin oikein luksusel\u00e4mys majoittumisen suhteen. Kannatti siis olla mukana t\u00e4ll\u00e4kin kertaa.<\/p>\n\n\n\n<p>Toinen onnistunut tapahtuma oli aluejohtokunnan j\u00e4rjest\u00e4m\u00e4 tivolip\u00e4iv\u00e4 Kempeleess\u00e4, miss\u00e4 yhdistyksemme oli taas n\u00e4kyv\u00e4sti esill\u00e4 vapaaehtoisvoimin. Vaikka p\u00e4iv\u00e4 oli sateinen, niin silti porukkaa riitti kivasti. Paikalla k\u00e4vi n. 900 rannekkeen lunastanutta. Vilskett\u00e4 siis riitti ja hieman sai alussa jonottaakin \ud83d\ude42<\/p>\n\n\n\n<p>J\u00e4rjest\u00e4mme elokuun lopulla Paint&amp;Party \u2013tapahtuman, miss\u00e4 j\u00e4senemme p\u00e4\u00e4sev\u00e4t toteuttamaan luovuuttaan maalaamisen parissa. Kurssi on jo t\u00e4ynn\u00e4, mutta kannattaa ilmoittautua kuitenkin jonoon! Syyskuussa yhdistys j\u00e4rjest\u00e4\u00e4 anniskelulains\u00e4\u00e4d\u00e4nt\u00f6koulutuksen j\u00e4senillemme. Koulutus on ilmainen ja siell\u00e4 on viel\u00e4 tilaakin!<\/p>\n\n\n\n<p>Levin syysp\u00e4iv\u00e4t j\u00e4rjestet\u00e4\u00e4n j\u00e4lleen lokakuussa. Ilmoittautumiset ovat viel\u00e4 avoinna t\u00e4m\u00e4n viikon. Oulun Seudun Pro ry tukee j\u00e4senens\u00e4 matkaa 120\u20ac\/j\u00e4sen. Tuki v\u00e4hennet\u00e4\u00e4n lopullisesta kokonaishinnasta. Tarkemmat tiedot matkasta l\u00f6yd\u00e4t Proplussasta!<\/p>\n\n\n\n<p>Muistattehan seurata Proplussaa aktiivisesti, koska julkaisemme aina tulevat tapahtumat ensin siell\u00e4. Huomaattehan, ett\u00e4 kirjautuminen Proplussaan on muuttunut vuoden alusta alkaen. Proplussaan kirjaudutaan t\u00e4st\u00e4 eteenp\u00e4in joko pankkitunnuksilla tai mobiilivarmenteella. Muistathan k\u00e4yd\u00e4 tarkistamassa ja p\u00e4ivitt\u00e4m\u00e4ss\u00e4 tietosi proplussassa!<\/p>\n\n\n\n<p>Nyt on my\u00f6s mahdollista ilmoittautua tapahtumiin ja koulutuksiin Ammattiliitto Pro -sovelluksella. Lataathan siis sovelluksen sovelluskaupasta.<\/p>\n\n\n\n<ul class=\"wp-block-list\">\n<li>29.08.2024 Paint &amp; Party (t\u00e4ynn\u00e4)<\/li>\n\n\n\n<li>07.09.2024 Anniskelulains\u00e4\u00e4d\u00e4nt\u00f6koulutus (+testi)<\/li>\n\n\n\n<li>11.10.2024 Levin Syysp\u00e4iv\u00e4t 2024 (ilmoittautuminen 1.8.-18.8.)<\/li>\n\n\n\n<li>25.10.2024 Syyskokous<\/li>\n\n\n\n<li>16.11.2024 Pikkujoulut (t\u00e4ynn\u00e4)<\/li>\n\n\n\n<li>07.12.2024 Haaparannan shoppailuretki<\/li>\n<\/ul>\n\n\n\n<p>Muistathan my\u00f6s syksyn edustajistovaalit! Ehdokkaisiin voit tutustua proplus sivujen kautta, josta l\u00f6yd\u00e4t my\u00f6s vaalikoneen! Vaalikoneesta l\u00f6yd\u00e4t varmasti yhdistyksest\u00e4 tuttujakin nimi\u00e4 \ud83d\ude09 Ohjeet \u00e4\u00e4nest\u00e4miseen ovat saapuneet sinulle kirjeitse ja \u00e4\u00e4nestys on jo k\u00e4ynniss\u00e4!<\/p>\n\n\n\n<p>Terveisin<br>Henri Ukonaho<br><strong>Oulun Seudun Pro ry<\/strong><\/p>\n<\/div>\n<\/div>\n\n\n\n<div style=\"height:var(--wp--preset--spacing--20)\" aria-hidden=\"true\" class=\"wp-block-spacer\"><\/div>\n\n\n\n<div class=\"wp-block-columns alignwide is-layout-flex wp-container-core-columns-is-layout-2aabe216 wp-block-columns-is-layout-flex\">\n<div class=\"wp-block-column has-small-font-size is-layout-flow wp-block-column-is-layout-flow\">\n<h3 class=\"wp-block-heading has-text-align-left is-style-asterisk has-pro-font-family has-medium-font-size\" style=\"font-style:normal;font-weight:600\">J\u00e4senkirje 6\/2024<\/h3>\n\n\n\n<p class=\"has-text-align-left\"><strong>Tervehdys Oulun Seudun Pro ry:n j\u00e4sen<\/strong><\/p>\n\n\n\n<p class=\"has-text-align-left\">Kes\u00e4 on vihdoinkin saatu vauhtiin ja yhdistyksemme hallitus l\u00e4htee kes\u00e4laitumille. Kokoustamaan palaamme taas elokuussa. Kes\u00e4n ajaksi olemme kutenkin j\u00e4rjest\u00e4neet teille yhteist\u00e4 ohjelmaa, joten varmasti t\u00f6rm\u00e4\u00e4mme niiden merkeiss\u00e4. Kev\u00e4\u00e4n aikana hankitut j\u00e4senhankintapalkinnot l\u00e4htev\u00e4t postiin t\u00e4ll\u00e4 viikolla!<\/p>\n\n\n\n<p class=\"has-text-align-left\">Viron matkalle l\u00e4hdemme ensi viikolla ja luvassa on taas kiva matka hyv\u00e4ss\u00e4 seurassa \ud83d\ude09 Matkasta on l\u00e4hetetty tietoa matkalle l\u00e4htevien s\u00e4hk\u00f6postiin. Elokuussa viet\u00e4mme Suomen Tivoli \u2013p\u00e4iv\u00e4\u00e4, jolloin kokoonnumme Kempeleeseen koko prolaisella joukkovoimalla Oulu-Kainuu alueelta. Tapahtumaan ilmoittautuminen alkaa kes\u00e4kuun aikana. P\u00e4iv\u00e4rannekkeita jakaa Oulu-Kainuun aluejohtokunta Suomen Tivolin alueella niit\u00e4 etuk\u00e4teen ostaneille!<\/p>\n\n\n\n<p class=\"has-text-align-left\">Lis\u00e4ksi j\u00e4rjest\u00e4mme elokuun lopulla Paint&amp;Party \u2013tapahtuman, miss\u00e4 j\u00e4senemme p\u00e4\u00e4sev\u00e4t toteuttamaan luovuuttaan maalaamisen parissa. Syyskuussa yhdistys j\u00e4rjest\u00e4\u00e4 anniskelulains\u00e4\u00e4d\u00e4nt\u00f6koulutuksen j\u00e4senillemme. Koulutus on ilmainen!<\/p>\n\n\n\n<p class=\"has-text-align-left\">Levin syysp\u00e4iv\u00e4t j\u00e4rjestet\u00e4\u00e4n j\u00e4lleen lokakuussa. Ilmoittautumisia otetaan vastaan elokuun alusta. Huomaathan my\u00f6s, ett\u00e4 pikkujouluihin ilmoittautuminen on jo avautunut \ud83d\ude09<\/p>\n\n\n\n<p class=\"has-text-align-left\">Muistattehan seurata Proplussaa aktiivisesti, koska julkaisemme aina tulevat tapahtumat ensin siell\u00e4. Huomaattehan, ett\u00e4 kirjautuminen Proplussaan on muuttunut vuoden alusta alkaen. Proplussaan kirjaudutaan t\u00e4st\u00e4 eteenp\u00e4in joko pankkitunnuksilla tai mobiilivarmenteella. Muistathan k\u00e4yd\u00e4 tarkistamassa ja p\u00e4ivitt\u00e4m\u00e4ss\u00e4 tietosi proplussassa!<\/p>\n\n\n\n<p class=\"has-text-align-left\">Nyt on my\u00f6s mahdollista ilmoittautua tapahtumiin ja koulutuksiin Ammattiliitto Pro -sovelluksella. Lataathan siis sovelluksen sovelluskaupasta.<\/p>\n\n\n\n<ul class=\"wp-block-list\">\n<li>27.06.2024 Viron matka<\/li>\n\n\n\n<li>10.08.2024 Suomen Tivoli -p\u00e4iv\u00e4 (Oulu_Kainuu ajk)<\/li>\n\n\n\n<li>29.08.2024 Paint &amp; Party<\/li>\n\n\n\n<li>07.09.2024 Anniskelulains\u00e4\u00e4d\u00e4nt\u00f6koulutus (+testi)<\/li>\n\n\n\n<li>11.10.2024 Levin Syysp\u00e4iv\u00e4t 2024 (Oulu-Kainuu ajk, ilmoittautuminen 1.8.-18.8.)<\/li>\n\n\n\n<li>16.11.2024 Pikkujoulut<\/li>\n<\/ul>\n\n\n\n<p>Muistathan my\u00f6s syksyn edustajistovaalit! Ehdokkaisiin voit tutustua proplus sivujen kautta, josta l\u00f6yd\u00e4t my\u00f6s vaalikoneen! Vaalikoneesta l\u00f6yd\u00e4t tuttujakin kasvoja \ud83d\ude09 Ohjeet \u00e4\u00e4nest\u00e4miseen tulevat l\u00e4hemp\u00e4n\u00e4 vaalien ajankohtaa!<\/p>\n\n\n\n<p>Terveisin<br><strong>Oulun Seudun Pro ry<\/strong> <strong>hallitus<\/strong><\/p>\n<\/div>\n\n\n\n<div class=\"wp-block-column has-small-font-size is-layout-flow wp-block-column-is-layout-flow\">\n<h3 class=\"wp-block-heading has-text-align-left is-style-asterisk has-pro-font-family has-medium-font-size\" style=\"font-style:normal;font-weight:600\">J\u00e4senkirje 5\/2024<\/h3>\n\n\n\n<p class=\"has-text-align-left\"><strong>Tervehdys Oulun Seudun Pro ry:n j\u00e4sen<\/strong><\/p>\n\n\n\n<p>Ihanan kes\u00e4ist\u00e4 toukokuuta kaikille! Toivottavasti olette nauttineet kauniista kes\u00e4isest\u00e4 ilmasta. Ik\u00e4v\u00e4ksemme jouduimme perumaan alkukes\u00e4n tapahtumia meist\u00e4 riippumattomista syist\u00e4. Suunniteltu jokiristeily peruuntui yll\u00e4tt\u00e4en laivayhti\u00f6n ilmoituksesta. Kyselimme ilmoittautuneilta, ett\u00e4 l\u00e4hdemmek\u00f6 sen sijasta samaisen yhti\u00f6n j\u00e4rjest\u00e4m\u00e4lle meriristeilylle samana ajankohtana, mutta osallistujista suurin osa oli sit\u00e4 mielt\u00e4, etteiv\u00e4t osallistuisi ko. meriretkeen. Lis\u00e4ksi samaisen p\u00e4iv\u00e4n Prolympialaiset peruuntuivat samalla.<\/p>\n\n\n\n<p>Hallituksemme viimeinen kokous ennen kes\u00e4taukoa pidet\u00e4\u00e4n ensikuun puolessa v\u00e4liss\u00e4. Muistathan siis kes\u00e4n aikana seurata tiedotusta sosiaalisessa mediassa ja s\u00e4hk\u00f6postissa. Syksyll\u00e4 j\u00e4rjest\u00e4mme nuorisolle suunnattuja tapahtumia. Muistattehan osallistua niihin suurin joukoin.<\/p>\n\n\n\n<p>Kes\u00e4kaudella on tarjolla monenlaista vapaa-ajan toimintaa kaikille prolaisia. Muistathan reissatessa ymp\u00e4ri Suomea tarkistaa paikalliset pron edut Pro-\u00e4pist\u00e4. Muihin lomaetuihin voit tutustua suoraan&nbsp;proliiton sivuilta!<\/p>\n\n\n\n<p>Muistattehan seurata&nbsp;Proplussaa aktiivisesti, koska julkaisemme aina tulevat tapahtumat ensin siell\u00e4. Huomaattehan, ett\u00e4 kirjautuminen Proplussaan on muuttunut vuoden alusta alkaen. Proplussaan kirjaudutaan t\u00e4st\u00e4 eteenp\u00e4in joko pankkitunnuksilla tai mobiilivarmenteella. Muistathan k\u00e4yd\u00e4 tarkistamassa ja p\u00e4ivitt\u00e4m\u00e4ss\u00e4 tietosi proplussassa!<\/p>\n\n\n\n<p>Nyt on my\u00f6s mahdollista ilmoittautua tapahtumiin ja koulutuksiin Ammattiliitto Pro -sovelluksella. Lataathan siis sovelluksen sovelluskaupasta.<\/p>\n\n\n\n<ul class=\"wp-block-list\">\n<li>08.06.2024&nbsp; Prolympialaiset (peruttu)<\/li>\n\n\n\n<li>08.06.2024&nbsp; Jokiristeily Oulujoella (peruttu)<\/li>\n\n\n\n<li>27.06.2024&nbsp; Viron matka<\/li>\n\n\n\n<li>29.08.2024&nbsp; Paint &amp; Party (ilmoittautuminen alkaa kes\u00e4kuussa)<\/li>\n\n\n\n<li>07.09.2024&nbsp; Anniskelupassikoulutus (ilmoittautuminen alkaa kes\u00e4kuussa)<\/li>\n\n\n\n<li>11.10.2024&nbsp; Levin Syysp\u00e4iv\u00e4t 2024 (ilmoittautuminen alkaa elokuussa)<\/li>\n\n\n\n<li>16.11.2024&nbsp; Pikkujoulut (ilmoittautuminen alkaa elokuussa)<\/li>\n<\/ul>\n\n\n\n<p>Muistathan my\u00f6s k\u00e4ytt\u00e4\u00e4 j\u00e4senillemme sovittuja paikallisia j\u00e4senetuja. L\u00f6yd\u00e4t paikalliset j\u00e4senedut Ammattiliitto Pron sovelluksesta, Ammattiliitto Pron&nbsp;sivuilta&nbsp;sek\u00e4 yhdistyksemme&nbsp;sivuilta. Jos sinulla tulee mieleen hyv\u00e4 paikka, minne olisi kiva saada j\u00e4senetuhinta, niin ehdota sit\u00e4 meille&nbsp;<a href=\"mailto:henri@ospro.fi\">(<\/a>henri(@)ospro.fi), niin aloitamme neuvottelut asiasta \ud83d\ude42<\/p>\n\n\n\n<p>Terveisin<br><strong>Oulun Seudun Pro ry<\/strong> <strong>hallitus<\/strong><\/p>\n<\/div>\n<\/div>\n\n\n\n<div class=\"wp-block-columns alignwide is-layout-flex wp-container-core-columns-is-layout-2aabe216 wp-block-columns-is-layout-flex\">\n<div class=\"wp-block-column has-small-font-size is-layout-flow wp-block-column-is-layout-flow\">\n<h3 class=\"wp-block-heading has-text-align-left is-style-asterisk has-pro-font-family has-medium-font-size\" style=\"font-style:normal;font-weight:600\">J\u00e4senkirje 4\/2024<\/h3>\n\n\n\n<p class=\"has-text-align-left\"><strong>Tervehdys Oulun Seudun Pro ry:n j\u00e4sen<\/strong><\/p>\n\n\n\n<p>Takatalvi iski sopivasti n\u00e4in kev\u00e4\u00e4n kynnyksell\u00e4. Se nyt ei paljoa menoa haittaa vaan t\u00e4ysill\u00e4 porhalletaan eteenp\u00e4in :). Kev\u00e4\u00e4n ja alkukes\u00e4n tapahtumiin on viel\u00e4 jonkin verran paikkoja vapaana, joten eikun niihin mukaan porukalla Tapahtumalistaukseen on lis\u00e4tty ihan teaserina muutama loppuvuoden tapahtuma. N\u00e4ihin ilmoittautuminen alkaa my\u00f6hemmin, mutta p\u00e4iv\u00e4m\u00e4\u00e4r\u00e4t voi merkata kalenteriin jo valmiiksi.<\/p>\n\n\n\n<p>Levin syysp\u00e4iv\u00e4t ovat j\u00e4lleen lokakuussa. N\u00e4ihin ilmoittautuminen alkaa elokuun puolella. Yhdistyksemme tukee j\u00e4senemme majoitusta 120\u20ac\/j\u00e4sen. Pikkujoulut viet\u00e4mme t\u00e4n\u00e4 vuonna Oulussa toivomustenne mukaisesti. Meille on varattu VIP-tilaisuus Teatteri Rioon, miss\u00e4 nautimme jouluisan buffetin, juomista ja huumoria hersyv\u00e4n esityksen.<\/p>\n\n\n\n<p>Muistattehan seurata&nbsp;Proplussaa aktiivisesti, koska julkaisemme aina tulevat tapahtumat ensin siell\u00e4. Huomaattehan, ett\u00e4 kirjautuminen Proplussaan on muuttunut vuoden alusta alkaen. Proplussaan kirjaudutaan t\u00e4st\u00e4 eteenp\u00e4in joko pankkitunnuksilla tai mobiilivarmenteella. Muistathan k\u00e4yd\u00e4 tarkistamassa ja p\u00e4ivitt\u00e4m\u00e4ss\u00e4 tietosi proplussassa!<\/p>\n\n\n\n<p>Nyt on my\u00f6s mahdollista ilmoittautua tapahtumiin ja koulutuksiin Ammattiliitto Pro -sovelluksella. Lataathan siis sovelluksen sovelluskaupasta.<\/p>\n\n\n\n<ul class=\"wp-block-list\">\n<li>14.05.2024&nbsp;Edunvalvontavaltuutus ja hoitotahto<\/li>\n\n\n\n<li>25.05.2024&nbsp;Huikia seikkailu!<\/li>\n\n\n\n<li>04.06.2024&nbsp;Ty\u00f6el\u00e4keinfo<\/li>\n\n\n\n<li>08.06.2024&nbsp;Prolympialaiset<\/li>\n\n\n\n<li>08.06.2024&nbsp;Jokiristeily Oulujoella<\/li>\n\n\n\n<li>27.06.2024 Viron matka (ilmoittautuminen p\u00e4\u00e4ttynyt)<\/li>\n\n\n\n<li>11.10.2024 Levin Syysp\u00e4iv\u00e4t 2024<\/li>\n\n\n\n<li>16.11.2024 Pikkujoulut<\/li>\n\n\n\n<li>06.12.2024 Shoppailuretki Haaparannalle<\/li>\n<\/ul>\n\n\n\n<p>Muistathan my\u00f6s k\u00e4ytt\u00e4\u00e4 j\u00e4senillemme sovittuja paikallisia j\u00e4senetuja. L\u00f6yd\u00e4t paikalliset j\u00e4senedut Ammattiliitto Pron sovelluksesta, Ammattiliitto Pron&nbsp;sivuilta&nbsp;sek\u00e4 yhdistyksemme&nbsp;sivuilta. Jos sinulla tulee mieleen hyv\u00e4 paikka, minne olisi kiva saada j\u00e4senetuhinta, niin ehdota sit\u00e4 meille&nbsp;<a href=\"mailto:henri@ospro.fi\">(<\/a>henri(@)ospro.fi), niin aloitamme neuvottelut asiasta \ud83d\ude42<\/p>\n\n\n\n<p>Terveisin<br><strong>Oulun Seudun Pro ry hallitus<\/strong><\/p>\n<\/div>\n\n\n\n<div class=\"wp-block-column has-small-font-size is-layout-flow wp-block-column-is-layout-flow\">\n<h3 class=\"wp-block-heading has-text-align-left is-style-asterisk has-pro-font-family has-medium-font-size\" style=\"font-style:normal;font-weight:600\">J\u00e4senkirje 3\/2024<\/h3>\n\n\n\n<p class=\"has-text-align-left\">Kiitos teille kaikille aktiivisesta osallistumisestanne tapahtumiimme. Teid\u00e4n kanssanne on ollut hauskoja ja muistorikkaita hetki\u00e4 nyt alkuvuodesta. Onnittelut kaikille Hygieniapassi kurssilla olleille. Kaikki saivat suoritettua kurssin ansiokkaasti l\u00e4pi. L\u00e4het\u00e4mme kurssitodistukset teille l\u00e4hiaikoina postitse. Kuntokampanjamme her\u00e4tti kiinnostusta runsaasti ja saimme j\u00e4rjest\u00e4\u00e4 mahdollisuuden toisellekin ryhm\u00e4lle osallistua t\u00e4h\u00e4n iloiseen kuntoa kohottavaan reippailuun. Tuloksia saadaan aikaiseksi varmasti molemmissa porukoissa :).<\/p>\n\n\n\n<p>Muistattehan seurata&nbsp;Proplussaa aktiivisesti, koska julkaisemme aina tulevat tapahtumat ensin siell\u00e4. Huomaattehan, ett\u00e4 kirjautuminen Proplussaan on muuttunut vuoden alusta alkaen. Proplussaan kirjaudutaan t\u00e4st\u00e4 eteenp\u00e4in joko pankkitunnuksilla tai mobiilivarmenteella. Muistathan k\u00e4yd\u00e4 tarkistamassa ja p\u00e4ivitt\u00e4m\u00e4ss\u00e4 tietosi proplussassa!<\/p>\n\n\n\n<p>Nyt on my\u00f6s mahdollista ilmoittautua tapahtumiin ja koulutuksiin Ammattiliitto Pro -sovelluksella. Lataathan siis sovelluksen sovelluskaupasta.<\/p>\n\n\n\n<ul class=\"wp-block-list\">\n<li>05.02.2024&nbsp;Tanssista iloa ja energiaa el\u00e4m\u00e4\u00e4n<\/li>\n\n\n\n<li>26.03.2024&nbsp;Tutustu dreijaukseen (T\u00e4ynn\u00e4)<\/li>\n\n\n\n<li>05.04.2024&nbsp;Rajaton Sings Abba (T\u00e4ynn\u00e4)<\/li>\n\n\n\n<li>13.04.2024&nbsp;Karkausp\u00e4iv\u00e4&nbsp;(pakohuone)<\/li>\n\n\n\n<li>23.04.2024&nbsp;Tutustu dreijaukseen (T\u00e4ynn\u00e4)<\/li>\n\n\n\n<li>14.05.2024&nbsp;Edunvalvontavaltuutus ja hoitotahto<\/li>\n\n\n\n<li>04.05.2024&nbsp;Ty\u00f6el\u00e4keinfo<\/li>\n\n\n\n<li>08.06.2024&nbsp;Prolympialaiset<\/li>\n\n\n\n<li>08.06.2024&nbsp;Jokiristeily Oulujoella<\/li>\n\n\n\n<li>27.06.2024&nbsp;Viron&nbsp;matka<\/li>\n<\/ul>\n\n\n\n<p>Muistathan, ett\u00e4 Viron matkallemme ilmoittautuminen p\u00e4\u00e4ttyy kuukauden kuluttua. Viel\u00e4 on muutamia paikkoja<br>j\u00e4ljell\u00e4 eli vain nopeat ehtiv\u00e4t \ud83d\ude42 My\u00f6s kes\u00e4n Oulujoki-risteily on her\u00e4tt\u00e4nyt mielenkiintoa hyvin. Risteilyll\u00e4 on viel\u00e4 tilaa eli l\u00e4hde mukaan nauttimaan maisemista ja hyv\u00e4st\u00e4 ruuasta! Ilmoittaudu my\u00f6s mukaan Pakohuone tapahtumaan. Viel\u00e4 on kymmenen paikkaa j\u00e4ljell\u00e4! Testataan miten k\u00e4y? P\u00e4\u00e4st\u00e4\u00e4nk\u00f6 karkuun vai ei \ud83d\ude42<\/p>\n\n\n\n<p>Ensi syksyn\u00e4 j\u00e4rjestet\u00e4\u00e4n j\u00e4lleen perinteiset Oulu-Kainuu-Lappi alueiden Syysp\u00e4iv\u00e4t. Palaamme j\u00e4lleen Levin maisemiin t\u00e4n\u00e4 vuonna. Ilmoittautuminen Syysp\u00e4iville alkaa elokuussa.<strong>&nbsp;HUOM!<\/strong>&nbsp;Ajankohta syysp\u00e4iville on muuttunut viime hetkell\u00e4. Uusi ajankohta siirtyi viikolla eteenp\u00e4in eli on&nbsp;11.-13.10.2024, joten merkkaathan t\u00e4m\u00e4n jo kalenteriin!&nbsp;<strong>Yhdistys tukee Syysp\u00e4iville osallistumista 120\u20ac\/yhdistyksen j\u00e4sen!<\/strong><\/p>\n\n\n\n<p>Muistathan my\u00f6s k\u00e4ytt\u00e4\u00e4 j\u00e4senillemme sovittuja paikallisia j\u00e4senetuja. L\u00f6yd\u00e4t paikalliset j\u00e4senedut Ammattiliitto Pron sovelluksesta, Ammattiliitto Pron&nbsp;sivuilta&nbsp;sek\u00e4 yhdistyksemme&nbsp;sivuilta. Jos sinulla tulee mieleen hyv\u00e4 paikka, minne olisi kiva saada j\u00e4senetuhinta, niin ehdota sit\u00e4 meille (henri(@)ospro.fi), niin aloitamme neuvottelut asiasta \ud83d\ude42<\/p>\n\n\n\n<p>Terveisin<\/p>\n\n\n\n<p class=\"has-text-align-left\"><strong>Oulun Seudun Pro ry<\/strong> <strong>hallitus<\/strong><\/p>\n<\/div>\n<\/div>\n\n\n\n<div class=\"wp-block-columns alignwide is-layout-flex wp-container-core-columns-is-layout-2aabe216 wp-block-columns-is-layout-flex\">\n<div class=\"wp-block-column has-small-font-size is-layout-flow wp-block-column-is-layout-flow\">\n<h3 class=\"wp-block-heading has-text-align-left is-style-asterisk has-pro-font-family has-medium-font-size\" style=\"font-style:normal;font-weight:600\">J\u00e4senkirje 2\/2024<\/h3>\n\n\n\n<p class=\"has-text-align-left\"><strong>Tervehdys Oulun Seudun Pro ry:n j\u00e4sen<\/strong><\/p>\n\n\n\n<p>Ja vauhti senkun kiihtyy mit\u00e4 pidemm\u00e4lle kev\u00e4t etenee\u2026 Alkuvuonna tapahtumiin ilmoittautuminen on ollut hyvin aktiivista, joten kiitos siit\u00e4 ett\u00e4 olette mukana menossa. Aktiiviselle porukalle on mukava j\u00e4rjest\u00e4\u00e4 tapahtumia ja meillekin tulee hyv\u00e4 mieli, kun saamme j\u00e4rjestetty\u00e4 mieluisia tapahtumia \ud83d\ude42 .<\/p>\n\n\n\n<p>Muistattehan, ett\u00e4 ensikuussa pidet\u00e4\u00e4n yhdistyksen kev\u00e4tkokous. Kev\u00e4tkokouksessa k\u00e4sitell\u00e4\u00e4n s\u00e4\u00e4nt\u00f6m\u00e4\u00e4r\u00e4iset asiat (mm. talousasiat). Tilaisuuden j\u00e4lkeen tarjotaan osallistujille iltapalaa, mink\u00e4 vuoksi muistathan ilmoittautua kokoukseen \ud83d\ude42 Kutsu ja&nbsp;ilmoittautumislinkki&nbsp;kokoukseen l\u00f6ytyv\u00e4t t\u00e4st\u00e4 kirjeest\u00e4.<\/p>\n\n\n\n<p>Muistattehan seurata&nbsp;Proplussaa&nbsp;aktiivisesti, koska julkaisemme aina tulevat tapahtumat ensin siell\u00e4. Huomaattehan, ett\u00e4 kirjautuminen Proplussaan on muuttunut vuoden alusta alkaen. Proplussaan kirjaudutaan t\u00e4st\u00e4 eteenp\u00e4in joko pankkitunnuksilla tai mobiilivarmenteella. Muistathan k\u00e4yd\u00e4 tarkistamassa ja p\u00e4ivitt\u00e4m\u00e4ss\u00e4 tietosi proplussassa!<\/p>\n\n\n\n<ul class=\"wp-block-list\">\n<li>05.02.2024&nbsp;Tanssista iloa ja energiaa el\u00e4m\u00e4\u00e4n<\/li>\n\n\n\n<li>27.02.2024&nbsp;Hygieniapassi<\/li>\n\n\n\n<li>15.03.2024&nbsp;Kev\u00e4tkokous<\/li>\n\n\n\n<li>16.03.2024&nbsp;Ulkoilu\u2013 ja kylpyl\u00e4matka Vuokattiin<\/li>\n\n\n\n<li>26.03.2024&nbsp;Tutustu dreijaukseen 1&nbsp;(T\u00e4ynn\u00e4)<\/li>\n\n\n\n<li>05.04.2024&nbsp;Rajaton Sings Abba&nbsp;(T\u00e4ynn\u00e4)<\/li>\n\n\n\n<li>13.04.2024&nbsp;Karkausp\u00e4iv\u00e4&nbsp;(pakohuone)<\/li>\n\n\n\n<li>23.04.2024&nbsp;Tutustu dreijaukseen 2&nbsp;(T\u00e4ynn\u00e4)<\/li>\n\n\n\n<li>14.05.2024&nbsp;Edunvalvontavaltuutus ja hoitotahto<\/li>\n\n\n\n<li>04.05.2024&nbsp;Ty\u00f6el\u00e4keinfo<\/li>\n\n\n\n<li>08.06.2024&nbsp;Prolympialaiset<\/li>\n\n\n\n<li>08.06.2024&nbsp;Jokiristeily Oulujoella<\/li>\n\n\n\n<li>27.06.2024&nbsp;Viron matka<\/li>\n<\/ul>\n\n\n\n<p>Ensi syksyn\u00e4 j\u00e4rjestet\u00e4\u00e4n j\u00e4lleen perinteiset Oulu-Kainuu-Lappi alueiden Syysp\u00e4iv\u00e4t. Palaamme j\u00e4lleen Levin maisemiin t\u00e4n\u00e4 vuonna. Ilmoittautuminen Syysp\u00e4iville alkaa elokuussa. Ajankohtana syysp\u00e4iville on 4.-6.10.2024, joten merkkaathan t\u00e4m\u00e4n jo kalenteriin! Tilaisuuteen on lupautunut osallistua my\u00f6s Ammattiliitto Pron puheenjohtaja Jorma Malinen.<\/p>\n\n\n\n<p>T\u00e4m\u00e4n lis\u00e4ksi syksyn aikana on tulossa mm. kaksi uutta Dreijaus-kurssia.<\/p>\n\n\n\n<p>Muistathan my\u00f6s k\u00e4ytt\u00e4\u00e4 j\u00e4senillemme sovittuja paikallisia j\u00e4senetuja. L\u00f6yd\u00e4t paikalliset j\u00e4senedut Ammattiliitto Pron sovelluksesta, Ammattiliitto Pron&nbsp;sivuilta&nbsp;sek\u00e4 yhdistyksemme&nbsp;sivuilta.<\/p>\n\n\n\n<p>Terveisin<\/p>\n\n\n\n<p><strong>Oulun Seudun Pro ry<\/strong> <strong>hallitus<\/strong><\/p>\n\n\n\n<p><strong>15.03.2024 Kev\u00e4tkokous<\/strong><\/p>\n\n\n\n<p><strong>Hyv\u00e4 Oulun Seudun Pro ry:n j\u00e4sen<\/strong><\/p>\n\n\n\n<p>Oulun Seudun Pro ry:n toiminta linjataan vuosittain vuosikokouksessa, jossa luodaan linjat tuleville vuosille ja valitaan henkil\u00f6t valmistelemaan ja ohjaamaan linjojen toteutusta. T\u00e4m\u00e4n vuoksi on eritt\u00e4in t\u00e4rke\u00e4\u00e4, ett\u00e4 sin\u00e4 osallistut vuosikokoukseemme ja olet linjaamassa yhteist\u00e4 toimintaamme.<\/p>\n\n\n\n<p><strong>Oulun Seudun Pro ry:n kev\u00e4tkokous pidet\u00e4\u00e4n perjantaina 15.3. klo 18.00 alkaen. Kokouspaikkana toimii Ammattiliitto Pron Oulun aluetoimisto (Asemakatu 37, 90100 Oulu).<\/strong><\/p>\n\n\n\n<p>Kokouksessa k\u00e4sitell\u00e4\u00e4n s\u00e4\u00e4nt\u00f6jen 13. kohdan m\u00e4\u00e4r\u00e4\u00e4m\u00e4t asiat. Yhdistyksen kokouksessa k\u00e4sitell\u00e4\u00e4n s\u00e4\u00e4nt\u00f6jen mukaiset asiat eli esitell\u00e4\u00e4n ja hyv\u00e4ksyt\u00e4\u00e4n viime vuoden toimintakertomus ja tilinp\u00e4\u00e4t\u00f6s sek\u00e4 p\u00e4\u00e4tet\u00e4\u00e4n tili- ja vastuuvapauksien my\u00f6nt\u00e4misest\u00e4 hallitukselle ja muille vastuuvelvollisille<strong>.<\/strong><\/p>\n\n\n\n<p><strong>Toivomme eritt\u00e4in keskustelevaa yhdistyksemme vuosikokousta.<\/strong><\/p>\n\n\n\n<p><strong>Ilmoittautuminen kokoukseen<\/strong><\/p>\n\n\n\n<p>Kokouksen j\u00e4lkeen osallistujille tarjotaan iltapalaa. T\u00e4m\u00e4n vuoksi pyyd\u00e4mme ruokailuun osallistujia ilmoittautumaan tilaisuuteen&nbsp;Proplus-palvelun tai&nbsp;t\u00e4m\u00e4n linkin&nbsp;kautta.<\/p>\n\n\n\n<p>Tervetuloa<br>Hallituksen puolesta<\/p>\n\n\n\n<p class=\"has-text-align-left\">Henri Ukonaho&nbsp;&nbsp;&nbsp;&nbsp;&nbsp;&nbsp;&nbsp;Teija Leppivuori<br>puheenjohtaja &nbsp; &nbsp; &nbsp;&nbsp; sihteeri<\/p>\n<\/div>\n\n\n\n<div class=\"wp-block-column has-small-font-size is-layout-flow wp-block-column-is-layout-flow\">\n<h3 class=\"wp-block-heading has-text-align-left is-style-asterisk has-pro-font-family has-medium-font-size\" style=\"font-style:normal;font-weight:600\">J\u00e4senkirje 1\/2024<\/h3>\n\n\n\n<p class=\"has-text-align-left\"><strong>Tervehdys Oulun Seudun Pro ry:n j\u00e4sen<\/strong><\/p>\n\n\n\n<p>Hyv\u00e4t vuoden alut kaikille j\u00e4senillemme. Saimme totutella heti kunnon pakkasiin, jottei vaan unohtuisi miksi meill\u00e4 on vuodenajat olemassa.<\/p>\n\n\n\n<p>Joulukuun alussa yhdistyksemme koko kasvoi j\u00e4lleen uudella porukalla, kun Typen Toimihenkil\u00f6t Pro ry:n toiminta lakkautettiin ja ko. yhdistyksen j\u00e4senet sulautettiin Oulun Seudun Pro ry:n metkaan ja aktiiviseen porukkaan. Tervetuloa siis kaikki uudet j\u00e4senemme mukaan toimintaan koko muun j\u00e4senist\u00f6n puolesta! Muistattehan siis tutustua tapahtumiimme ja ilmoittautua mukaan sankoin joukoin :).<\/p>\n\n\n\n<p>Olemme julkaisseet jo alkuvuoden tapahtumia ilmoittautumisia varten. Ja kuten arvata saattaa, niin osaan on ollut jo hieman tunkuakin. Esimerkiksi Dreijauskurssiin j\u00e4rjestimme pikaisella aikataululla toisen kurssin, jotta mahdollisimman moni p\u00e4\u00e4sisi mukaan. Yhdistyksen hallitus oli mieliss\u00e4\u00e4n, kun huomasimme j\u00e4rjest\u00e4miemme tapahtumien j\u00e4lleen kiinnostavan teit\u00e4.<\/p>\n\n\n\n<p>Muistattehan seurata&nbsp;Proplussaa&nbsp;aktiivisesti, koska julkaisemme aina tulevat tapahtumat ensin siell\u00e4. Huomaattehan, ett\u00e4 kirjautuminen Proplussaan on muuttunut vuoden alusta alkaen. Proplussaan kirjaudutaan t\u00e4st\u00e4 eteenp\u00e4in joko pankkitunnuksilla tai mobiilivarmenteella.<\/p>\n\n\n\n<ul class=\"wp-block-list\">\n<li>05.02.2024 Tanssista iloa ja energiaa el\u00e4m\u00e4\u00e4n<\/li>\n\n\n\n<li>10.02.2024 Kes\u00e4ksi kuntoon kuntosaliharjoittelulla<\/li>\n\n\n\n<li>25.01.2024 Ty\u00f6turvallisuus ja psykososiaaliset tekij\u00e4t<\/li>\n\n\n\n<li>16.02.2024 T\u00e4yskaato<\/li>\n\n\n\n<li>27.02.2024 Hygieniapassi<\/li>\n\n\n\n<li>15.03.2024 Kev\u00e4tkokous<\/li>\n\n\n\n<li>16.03.2024 Ulkoilu\u2013 ja kylpyl\u00e4matka Vuokattiin<\/li>\n\n\n\n<li>26.03.2024 Tutustu dreijaukseen 1 (T\u00e4ynn\u00e4)<\/li>\n\n\n\n<li>05.04.2024 Rajaton Sings Abba<\/li>\n\n\n\n<li>23.04.2024 Tutustu dreijaukseen 2<\/li>\n\n\n\n<li>14.05.2024 Edunvalvontavaltuutus ja hoitotahto<\/li>\n\n\n\n<li>04.05.2024 Ty\u00f6el\u00e4keinfo<\/li>\n\n\n\n<li>08.06.2024 Prolympialaiset<\/li>\n\n\n\n<li>08.06.2024 Jokiristeily Oulujoella<\/li>\n\n\n\n<li>27.06.2024 Viron matka<\/li>\n<\/ul>\n\n\n\n<p>Tarkistathan my\u00f6s&nbsp;Proplus-palvelusta, ett\u00e4 tietosi ovat ajantasalla! Muistathan my\u00f6s k\u00e4ytt\u00e4\u00e4 j\u00e4senillemme sovittuja paikallisia j\u00e4senetuja. L\u00f6yd\u00e4t paikalliset j\u00e4senedut Ammattiliitto Pron sovelluksesta, Ammattiliitto Pron&nbsp;sivuilta&nbsp;sek\u00e4 yhdistyksemme&nbsp;sivuilta.<\/p>\n\n\n\n<p>\u00c4\u00e4nest\u00e4th\u00e4n 28.01.2024 presidentinvaalissa! Jokaisen \u00e4\u00e4ni on ratkaiseva \u00e4\u00e4ni! Ennakkoon voit \u00e4\u00e4nest\u00e4\u00e4 17.- 23.01.2024.<\/p>\n\n\n\n<p class=\"has-text-align-left\">Terveisin<br><strong>Oulun Seudun Pro ry<\/strong> <strong>hallitus<\/strong><\/p>\n<\/div>\n<\/div>\n<\/div><\/div>\n\n\n\n<div class=\"wp-block-group alignfull\" style=\"margin-top:0;margin-bottom:0;padding-top:var(--wp--preset--spacing--20);padding-right:var(--wp--preset--spacing--50);padding-bottom:var(--wp--preset--spacing--20);padding-left:var(--wp--preset--spacing--50)\"><div class=\"wp-block-group__inner-container is-layout-constrained wp-container-core-group-is-layout-e4636541 wp-block-group-is-layout-constrained\">\n<div class=\"wp-block-group alignwide has-base-2-background-color has-background\" style=\"border-radius:16px;padding-top:var(--wp--preset--spacing--40);padding-right:var(--wp--preset--spacing--50);padding-bottom:var(--wp--preset--spacing--40);padding-left:var(--wp--preset--spacing--50)\"><div class=\"wp-block-group__inner-container is-layout-constrained wp-container-core-group-is-layout-282d97d7 wp-block-group-is-layout-constrained\">\n<h2 class=\"wp-block-heading has-text-align-center has-medium-font-size\">Liity 900+ tilaajan joukkoon<\/h2>\n\n\n\n<p class=\"has-text-align-center has-medium-font-size\">Pysy ajantasalla kaiken suhteen mik\u00e4 sinun tulee tiet\u00e4\u00e4.<\/p>\n\n\n\n<div class=\"wp-block-buttons is-content-justification-center is-layout-flex wp-container-core-buttons-is-layout-16018d1d wp-block-buttons-is-layout-flex\">\n<div class=\"wp-block-button\"><a class=\"wp-block-button__link wp-element-button\">Rekister\u00f6idy<\/a><\/div>\n<\/div>\n<\/div><\/div>\n<\/div><\/div>\n","protected":false},"excerpt":{"rendered":"<p>Tiedotteet 2024 T\u00e4\u00e4lt\u00e4 l\u00f6ytyv\u00e4t j\u00e4senille l\u00e4hetetyt j\u00e4senkirjeet kuluvalta vuodelta. N\u00e4m\u00e4 ja kaikki vanhemmat j\u00e4senkirjeet voit k\u00e4yd\u00e4 lukemassa tiedotteista&nbsp;Proplussasta&nbsp;yhdistyksen sivuilta. J\u00e4senkirje 8\/2024 J\u00e4senkirje 7\/2024 Tervehdys Oulun Seudun Pro ry:n j\u00e4sen Arki&#8230;<\/p>\n","protected":false},"author":1,"featured_media":0,"parent":0,"menu_order":0,"comment_status":"closed","ping_status":"closed","template":"","meta":{"_kad_post_transparent":"","_kad_post_title":"","_kad_post_layout":"","_kad_post_sidebar_id":"","_kad_post_content_style":"","_kad_post_vertical_padding":"","_kad_post_feature":"","_kad_post_feature_position":"","_kad_post_header":false,"_kad_post_footer":false,"_kad_post_classname":"","footnotes":""},"class_list":["post-2033","page","type-page","status-publish","hentry"],"_links":{"self":[{"href":"https:\/\/www.ospro.fi\/blog\/wp-json\/wp\/v2\/pages\/2033","targetHints":{"allow":["GET"]}}],"collection":[{"href":"https:\/\/www.ospro.fi\/blog\/wp-json\/wp\/v2\/pages"}],"about":[{"href":"https:\/\/www.ospro.fi\/blog\/wp-json\/wp\/v2\/types\/page"}],"author":[{"embeddable":true,"href":"https:\/\/www.ospro.fi\/blog\/wp-json\/wp\/v2\/users\/1"}],"replies":[{"embeddable":true,"href":"https:\/\/www.ospro.fi\/blog\/wp-json\/wp\/v2\/comments?post=2033"}],"version-history":[{"count":8,"href":"https:\/\/www.ospro.fi\/blog\/wp-json\/wp\/v2\/pages\/2033\/revisions"}],"predecessor-version":[{"id":2248,"href":"https:\/\/www.ospro.fi\/blog\/wp-json\/wp\/v2\/pages\/2033\/revisions\/2248"}],"wp:attachment":[{"href":"https:\/\/www.ospro.fi\/blog\/wp-json\/wp\/v2\/media?parent=2033"}],"curies":[{"name":"wp","href":"https:\/\/api.w.org\/{rel}","templated":true}]}}