{"id":2046,"date":"2024-09-09T18:51:18","date_gmt":"2024-09-09T15:51:18","guid":{"rendered":"http:\/\/www.ospro.fi\/blog\/?page_id=2046"},"modified":"2024-09-28T22:09:49","modified_gmt":"2024-09-28T19:09:49","slug":"tapahtumat","status":"publish","type":"page","link":"https:\/\/www.ospro.fi\/blog\/tapahtumat\/","title":{"rendered":"Tapahtumat"},"content":{"rendered":"\n<div class=\"wp-block-group alignwide is-nowrap is-layout-flex wp-container-core-group-is-layout-7025c16e wp-block-group-is-layout-flex\" style=\"padding-top:var(--wp--preset--spacing--30);padding-right:var(--wp--preset--spacing--60);padding-bottom:var(--wp--preset--spacing--30);padding-left:var(--wp--preset--spacing--60)\">\n<div class=\"wp-block-group is-vertical is-content-justification-center is-layout-flex wp-container-core-group-is-layout-6218a90f wp-block-group-is-layout-flex\" style=\"padding-right:var(--wp--preset--spacing--20);padding-left:var(--wp--preset--spacing--20)\">\n<h2 class=\"wp-block-heading has-text-align-left has-pro-font-family has-large-font-size wp-container-content-9cfa9a5a\">Tapahtumista tiedottaminen<\/h2>\n\n\n\n<div style=\"height:0px\" aria-hidden=\"true\" class=\"wp-block-spacer wp-container-content-4f2ccadb\"><\/div>\n\n\n\n<p>Tiedotamme tapahtumista j\u00e4senillemme j\u00e4senkirjeiss\u00e4, joten huolehdithan, ett\u00e4 s\u00e4hk\u00f6postiosoitteesi on oikein j\u00e4sentiedoissasi. S\u00e4hk\u00f6postitse saat aina tuoreimmat tiedot tapahtumista ilmoittautumislinkkeineen. <\/p>\n\n\n\n<div style=\"height:10px\" aria-hidden=\"true\" class=\"wp-block-spacer wp-container-content-728072c3\"><\/div>\n\n\n\n<p><strong>Muistathan tarkistaa s\u00e4hk\u00f6postisi<\/strong><\/p>\n\n\n\n<div style=\"height:10px\" aria-hidden=\"true\" class=\"wp-block-spacer wp-container-content-728072c3\"><\/div>\n\n\n\n<p class=\"has-text-align-center\">Tarkistathan, ett\u00e4 l\u00e4hett\u00e4m\u00e4mme s\u00e4hk\u00f6postiviestit eiv\u00e4t ole menneet roskapostiisi. <\/p>\n\n\n\n<p class=\"has-text-align-center\">P\u00e4\u00e4set lukemaan kaikki l\u00e4hetetyt j\u00e4senkirjeet tiedotteista&nbsp;<a href=\"https:\/\/proplus.fi\/document_post\/tiedotteet-8\/?gid=297\" target=\"_blank\" rel=\"noreferrer noopener nofollow\">Proplussasta<\/a>&nbsp;yhdistyksen sivuilta. <\/p>\n\n\n\n<p class=\"has-text-align-center\">S\u00e4hk\u00f6postin lis\u00e4ksi ilmoitamme tapahtumista Proplus-palvelussa, nettisivuillamme sek\u00e4 Facebookissa. Lataathan siis Ammattiliitto Pron sovelluksen mobiililaitteeseesi, niin n\u00e4et tulevat tapahtumat my\u00f6s sielt\u00e4.<\/p>\n\n\n\n<div style=\"height:15px\" aria-hidden=\"true\" class=\"wp-block-spacer wp-container-content-42c95ffb\"><\/div>\n\n\n\n<p class=\"has-text-align-center\">Jos sinulla tulee mieleen hyv\u00e4 tapahtuma, jonka voisimme j\u00e4rjest\u00e4\u00e4, niin otathan meihin yhteytt\u00e4 vaikka&nbsp;<a href=\"mailto:info@ospro.fi\" target=\"_blank\" rel=\"noreferrer noopener\">s\u00e4hk\u00f6postitse<\/a>. Toteuttamiskelpoisia ideoita toteutetaan aina mahdollisuuksien mukaan.<\/p>\n\n\n\n<div style=\"height:20px\" aria-hidden=\"true\" class=\"wp-block-spacer wp-container-content-62aae154\"><\/div>\n\n\n\n<h4 class=\"wp-block-heading has-pro-font-family\">Tapahtumiin ilmoittautuminen<\/h4>\n\n\n\n<div style=\"height:20px\" aria-hidden=\"true\" class=\"wp-block-spacer wp-container-content-62aae154\"><\/div>\n\n\n\n<p class=\"has-text-align-center\">Tapahtumia voit selata <a href=\"http:\/\/www.proplus.fi\/\" target=\"_blank\" rel=\"noreferrer noopener\">Proplus<\/a>-palvelussa, johon kirjautumalla p\u00e4\u00e4set ilmoittautumaan tapahtumiin k\u00e4tev\u00e4sti. Kun olet kirjautunut Proplussaan, niin klikkaa ruudun keskell\u00e4 n\u00e4kyv\u00e4\u00e4 \u201cPro koulutus ja tapahtumat\u201d -linkki\u00e4. Kun linkki on avautunut valitse \u201cIlmoittautuminen\u201d-linkki. Jos haluat selailla vain oman yhdistyksesi tapahtumia, niin valitse avautuvalta sivulta \u201cValitse j\u00e4rjest\u00e4v\u00e4 taho\u201d pudotuslistasta&nbsp;<strong>Yhdistys<\/strong>. T\u00e4m\u00e4n j\u00e4lkeen sivulla n\u00e4kyy vain yhdistyksien j\u00e4rjest\u00e4m\u00e4t tapahtumat. Oman yhdistyksesi tapahtumien per\u00e4ss\u00e4 n\u00e4kyy Oulun Seudun Pro ry.<\/p>\n\n\n\n<p class=\"has-text-align-center\">Proplus-palvelussa voit hallinnoida omia osallistumisia, joten voit muokata siell\u00e4 tapahtumaan osallistumistasi, niin kauan kuin se on sallittua.<\/p>\n\n\n\n<div style=\"height:0px\" aria-hidden=\"true\" class=\"wp-block-spacer wp-container-content-4f2ccadb\"><\/div>\n\n\n\n<div class=\"wp-block-buttons is-content-justification-center is-layout-flex wp-container-core-buttons-is-layout-16018d1d wp-block-buttons-is-layout-flex\">\n<div class=\"wp-block-button\"><a class=\"wp-block-button__link has-custom-color-5-color has-custom-color-2-background-color has-text-color has-background has-link-color wp-element-button\" href=\"https:\/\/pro.etapahtuma.fi\/Tapahtumakalenteri\/Tapahtumakalenteri-Julkinen\" target=\"_blank\" rel=\"noreferrer noopener nofollow\">Tapahtumakalenteri<\/a><\/div>\n<\/div>\n<\/div>\n<\/div>\n\n\n\n<div class=\"wp-block-group alignfull has-base-2-background-color has-background\" style=\"margin-top:0;margin-bottom:0;padding-top:var(--wp--preset--spacing--50);padding-right:var(--wp--preset--spacing--50);padding-bottom:var(--wp--preset--spacing--50);padding-left:var(--wp--preset--spacing--50)\"><div class=\"wp-block-group__inner-container is-layout-constrained wp-container-core-group-is-layout-2bafd31c wp-block-group-is-layout-constrained\">\n<div class=\"wp-block-group alignwide is-vertical is-content-justification-center is-layout-flex wp-container-core-group-is-layout-7681721f wp-block-group-is-layout-flex\">\n<div class=\"wp-block-columns alignwide wp-container-content-9cfa9a5a is-layout-flex wp-container-core-columns-is-layout-650676fd wp-block-columns-is-layout-flex\">\n<div class=\"wp-block-column is-layout-flow wp-block-column-is-layout-flow\" style=\"flex-basis:50%\">\n<h3 class=\"wp-block-heading has-text-align-center is-style-asterisk has-pro-font-family has-medium-font-size\" id=\"keilaus\" style=\"font-style:normal;font-weight:600\">T\u00e4yskaato 4.10.2024<\/h3>\n\n\n\n<p class=\"has-text-align-left\">Oulun&nbsp;Seudun Pro ry j\u00e4rjest\u00e4\u00e4 j\u00e4senilleen&nbsp;peli-illan.<\/p>\n\n\n\n<p>Sinulla on mahdollisuus tulla keilaamaan Oulun Space Bowlingiin perjantaina 4.10.2024 klo 18-20.<\/p>\n\n\n\n<p class=\"has-text-align-left\">Sitovat ilmoittautumiset <a href=\"https:\/\/pro.etapahtuma.fi\/fi-fi\/Tapahtumakalenteri\/Koulutuksen-lis%C3%A4tiedot-julkinen\/id\/11442\" target=\"_blank\" rel=\"noreferrer noopener nofollow\">t\u00e4m\u00e4n linkin<\/a> kautta, ilmoittautumiset <strong>27.9.2024<\/strong>&nbsp;klo&nbsp;16.00&nbsp;menness\u00e4.<\/p>\n\n\n\n<div style=\"height:100px\" aria-hidden=\"true\" class=\"wp-block-spacer\"><\/div>\n<\/div>\n\n\n\n<div class=\"wp-block-column is-layout-flow wp-block-column-is-layout-flow\" style=\"flex-basis:50%\">\n<h3 class=\"wp-block-heading has-text-align-center is-style-asterisk has-pro-font-family has-medium-font-size\" id=\"superpark\" style=\"font-style:normal;font-weight:600\"><\/h3>\n\n\n\n<p><\/p>\n\n\n<div class=\"wp-block-image\">\n<figure class=\"alignleft size-large is-resized\"><img loading=\"lazy\" decoding=\"async\" width=\"1024\" height=\"1024\" src=\"https:\/\/www.ospro.fi\/blog\/wp-content\/uploads\/2024\/09\/tayskaato-1024x1024.png\" alt=\"kuvassa keilapallo tekee t\u00e4yskaadon\" class=\"wp-image-2432\" style=\"width:215px;height:auto\" srcset=\"https:\/\/www.ospro.fi\/blog\/wp-content\/uploads\/2024\/09\/tayskaato-1024x1024.png 1024w, https:\/\/www.ospro.fi\/blog\/wp-content\/uploads\/2024\/09\/tayskaato-300x300.png 300w, https:\/\/www.ospro.fi\/blog\/wp-content\/uploads\/2024\/09\/tayskaato-150x150.png 150w, https:\/\/www.ospro.fi\/blog\/wp-content\/uploads\/2024\/09\/tayskaato-768x768.png 768w, https:\/\/www.ospro.fi\/blog\/wp-content\/uploads\/2024\/09\/tayskaato.png 1080w\" sizes=\"auto, (max-width: 1024px) 100vw, 1024px\" \/><\/figure>\n<\/div>\n\n\n<div style=\"height:100px\" aria-hidden=\"true\" class=\"wp-block-spacer\"><\/div>\n<\/div>\n<\/div>\n\n\n\n<div class=\"wp-block-columns alignwide is-layout-flex wp-container-core-columns-is-layout-2aabe216 wp-block-columns-is-layout-flex\">\n<div class=\"wp-block-column is-layout-flow wp-block-column-is-layout-flow\">\n<h3 class=\"wp-block-heading has-text-align-center is-style-asterisk has-pro-font-family has-medium-font-size\" id=\"levi\" style=\"font-style:normal;font-weight:600\">Levin syysp\u00e4iv\u00e4t 10.10.2024 \u2013 13.10.2024<\/h3>\n\n\n\n<p>Ammattiliitto Pron Oulun, Kainuun ja Lapin alueiden yhteisi\u00e4 suosittuja syysp\u00e4ivi\u00e4 vietet\u00e4\u00e4n j\u00e4lleen 11.-13.10.2024 Levill\u00e4 (Levi Hotel Spa \/ Design Hotel Levi). Tapahtumaan voivat osallistua Oulun, Kainuun ja Lapin alueiden kaikki j\u00e4senet perheineen.<\/p>\n\n\n\n<p>Ilmoittautuminen retkelle alkaa 1.8.2024 ja p\u00e4\u00e4ttyy 18.8.2024.<\/p>\n\n\n\n<p>Osallistuminen, matkaohjelma vahvistetaan ja linja-autojen aikataulut ilmoitetaan osallistujille l\u00e4hemp\u00e4n\u00e4 ajankohtaa.<\/p>\n\n\n\n<p>Suunniteltuja l\u00e4ht\u00f6paikkoja ovat Raahe-Oulu-Kajaani-Kemi-Tornio-Rovaniemi. Muista kuljetuksista on sovittava erikseen.<\/p>\n\n\n\n<p>Matkan hinta sis\u00e4lt\u00e4\u00e4:<br>\u2013 matkat (yhteiskuljetukset)<br>\u2013 huoneen valitussa huonetyypiss\u00e4<br>\u2013 ohjelman<br>\u2013 kylpyl\u00e4n k\u00e4yt\u00f6n<\/p>\n\n\n\n<p class=\"has-text-align-left\">Huonevarauksia ei voi tehd\u00e4 suoraan hotellille vaan ainoastaan t\u00e4m\u00e4n ilmoituksen kautta. Muuta kautta tehdyt varaukset eiv\u00e4t kuulu n\u00e4iden Syysp\u00e4ivien piiriin.<\/p>\n\n\n\n<p><\/p>\n\n\n\n<p>Jos huoneessa majoittuu 1 aikuinen ja 1 lapsi, on huonehinta kahden aikuisen mukaan.<\/p>\n\n\n\n<p>Illallisbuffet lauantaina Ahku-ravintolassa.&nbsp;Aikuinen 33\u20ac,&nbsp;lapsi 21\u20ac.<\/p>\n\n\n\n<p>Hinnat sis\u00e4lt\u00e4v\u00e4t aamiaisen ja rajattoman kylpyl\u00e4n k\u00e4yt\u00f6n.&nbsp;Hinnat ovat yhdistyksille m\u00e4\u00e4riteltyj\u00e4 hintoja. Oulun Seudun Pro tukea j\u00e4senens\u00e4 retken hintaa 120 \u20ac.<\/p>\n\n\n\n<p>Sitovat ilmoittautumiset&nbsp;<a href=\"https:\/\/pro.etapahtuma.fi\/fi-fi\/Tapahtumakalenteri\/Koulutuksen-lis%C3%A4tiedot-julkinen\/id\/9372\" target=\"_blank\" rel=\"noreferrer noopener nofollow\">t\u00e4m\u00e4n linkin<\/a>&nbsp;kautta viimeist\u00e4\u00e4n <strong>18.8.2024<\/strong> menness\u00e4.<\/p>\n\n\n\n<div style=\"height:100px\" aria-hidden=\"true\" class=\"wp-block-spacer\"><\/div>\n<\/div>\n\n\n\n<div class=\"wp-block-column has-small-font-size is-layout-flow wp-block-column-is-layout-flow\">\n<h3 class=\"wp-block-heading has-text-align-center is-style-asterisk has-pro-font-family has-medium-font-size\" style=\"font-style:normal;font-weight:600\">Hinnasto Levi<\/h3>\n\n\n\n<figure class=\"wp-block-table is-style-stripes\"><table><tbody><tr><td><strong>Standard huone&nbsp;<\/strong><\/td><td><strong>1vrk<\/strong><\/td><td><strong>2vrk<\/strong><\/td><td><strong>3vrk<\/strong><\/td><\/tr><tr><td>huoneessa yksi henkil\u00f6<\/td><td>74 \u20ac<\/td><td>148 \u20ac<\/td><td>222 \u20ac<\/td><\/tr><tr><td>huoneessa kaksi henkil\u00f6\u00e4<\/td><td>98 \u20ac<\/td><td>196\u20ac<\/td><td>294 \u20ac<\/td><\/tr><tr><td>huoneessa kolme henkil\u00f6\u00e4<\/td><td>135 \u20ac<\/td><td>270 \u20ac<\/td><td>405 \u20ac<\/td><\/tr><tr><td>huoneessa nelj\u00e4 henkil\u00f6\u00e4<\/td><td>172 \u20ac<\/td><td>344 \u20ac<\/td><td>516 \u20ac<\/td><\/tr><\/tbody><\/table><\/figure>\n\n\n\n<figure class=\"wp-block-table is-style-stripes\"><table><tbody><tr><td><strong>Junior sviitti<\/strong><\/td><td><strong>1vrk<\/strong><\/td><td><strong>2vrk<\/strong><\/td><td><strong>3vrk<\/strong><\/td><\/tr><tr><td>huoneessa yksi henkil\u00f6<\/td><td>126 \u20ac<\/td><td>252 \u20ac<\/td><td>378 \u20ac<\/td><\/tr><tr><td>huoneessa kaksi henkil\u00f6\u00e4<\/td><td>150 \u20ac<\/td><td>300 \u20ac<\/td><td>450 \u20ac<\/td><\/tr><tr><td>huoneessa kolme henkil\u00f6\u00e4<\/td><td>186 \u20ac<\/td><td>372 \u20ac<\/td><td>558 \u20ac<\/td><\/tr><\/tbody><\/table><\/figure>\n\n\n\n<p>Lis\u00e4vuode lapselle (4-14v) 20 \u20ac\/ vrk<\/p>\n\n\n\n<figure class=\"wp-block-table is-style-stripes\"><table><tbody><tr><td><strong>Deluxe Double&nbsp;<\/strong><\/td><td><strong>1vrk<\/strong><\/td><td><strong>2vrk<\/strong><\/td><td><strong>3vrk<\/strong><\/td><\/tr><tr><td>huoneessa yksi henkil\u00f6<\/td><td>150 \u20ac<\/td><td>300 \u20ac<\/td><td>450 \u20ac<\/td><\/tr><tr><td>huoneessa kaksi henkil\u00f6\u00e4<\/td><td>179 \u20ac<\/td><td>358 \u20ac<\/td><td>537 \u20ac<\/td><\/tr><\/tbody><\/table><\/figure>\n\n\n\n<figure class=\"wp-block-table is-style-stripes\"><table><tbody><tr><td><strong>Deluxe Family Twin&nbsp;<\/strong><\/td><td><strong>1vrk<\/strong><\/td><td><strong>2vrk<\/strong><\/td><td><strong>3vrk<\/strong><\/td><\/tr><tr><td>huoneessa 2 aik + lapsi<\/td><td>212 \u20ac<\/td><td>424 \u20ac<\/td><td>636 \u20ac<\/td><\/tr><tr><td>huoneessa 2 aik + 2 lasta &nbsp;<\/td><td>244 \u20ac<\/td><td>488 \u20ac<\/td><td>732 \u20ac<\/td><\/tr><\/tbody><\/table><\/figure>\n\n\n\n<figure class=\"wp-block-table is-style-stripes\"><table><tbody><tr><td><strong>Deluxe Suite&nbsp;<\/strong><\/td><td><strong>1vrk<\/strong><\/td><td><strong>2vrk<\/strong><\/td><td><strong>3vrk<\/strong><\/td><\/tr><tr><td>huoneessa yksi henkil\u00f6<\/td><td>268 \u20ac<\/td><td>536 \u20ac<\/td><td>804 \u20ac<\/td><\/tr><tr><td>huoneessa kaksi henkil\u00f6\u00e4<\/td><td>298 \u20ac<\/td><td>596 \u20ac<\/td><td>894 \u20ac<\/td><\/tr><\/tbody><\/table><\/figure>\n\n\n\n<p class=\"has-text-align-left\"><\/p>\n<\/div>\n<\/div>\n\n\n\n<div class=\"wp-block-columns alignwide is-layout-flex wp-container-core-columns-is-layout-2aabe216 wp-block-columns-is-layout-flex\">\n<div class=\"wp-block-column is-layout-flow wp-block-column-is-layout-flow\">\n<h3 class=\"wp-block-heading has-text-align-center is-style-asterisk has-pro-font-family has-medium-font-size\" id=\"syyskokous\" style=\"font-style:normal;font-weight:600\">Syyskokous 25.10.2024<\/h3>\n\n\n\n<p class=\"has-text-align-left\">Hyv\u00e4 Oulun Seudun Pro ry:n j\u00e4sen.<\/p>\n\n\n\n<p class=\"has-text-align-left\">Oulun Seudun Pro ry:n toiminta linjataan vuosittain syyskokouksessa, jossa luodaan linjat tuleville vuosille ja valitaan henkil\u00f6t valmistelemaan ja ohjaamaan linjojen toteutusta. T\u00e4m\u00e4n vuoksi on eritt\u00e4in t\u00e4rke\u00e4\u00e4, ett\u00e4 sin\u00e4 osallistut vuosikokoukseemme ja olet linjaamassa yhteist\u00e4 toimintaamme.<\/p>\n\n\n\n<p class=\"has-text-align-left\">Oulun Seudun Pro ry:n vuosikokous pidet\u00e4\u00e4n perjantaina 25.10. klo 18.00 alkaen. Kokouspaikkana toimii Radisson Blu Oulu.<\/p>\n\n\n\n<p class=\"has-text-align-left\">Kokouksessa k\u00e4sitell\u00e4\u00e4n s\u00e4\u00e4nt\u00f6jen 13. kohdan m\u00e4\u00e4r\u00e4\u00e4m\u00e4t asiat. Yhdistyksen kokouksessa k\u00e4sitell\u00e4\u00e4n s\u00e4\u00e4nt\u00f6jen mukaiset asiat eli<\/p>\n\n\n\n<ul class=\"wp-block-list\">\n<li>Kuullaan hallituksen laatima toiminta- ja taloussuunnitelma seuraavalle vuodelle ja vahvistetaan ne.<\/li>\n\n\n\n<li>Valitaan seuraavalle toimintavuodelle puheenjohtaja ja hallitus.<\/li>\n\n\n\n<li>Valitaan yhdistykselle toiminnantarkastajat alkavalle vuodelle (1-2 ja heille varat).<\/li>\n\n\n\n<li>P\u00e4\u00e4tet\u00e4\u00e4n yhdistyksen omasta j\u00e4senmaksusta ja sen perint\u00e4tavasta.<\/li>\n<\/ul>\n\n\n\n<p class=\"has-text-align-left\">Toivomme eritt\u00e4in keskustelevaa yhdistyksemme vuosikokousta.<\/p>\n\n\n\n<div style=\"height:100px\" aria-hidden=\"true\" class=\"wp-block-spacer\"><\/div>\n<\/div>\n\n\n\n<div class=\"wp-block-column is-layout-flow wp-block-column-is-layout-flow\">\n<h3 class=\"wp-block-heading has-text-align-center is-style-asterisk has-pro-font-family has-medium-font-size\" id=\"keilaus\" style=\"font-style:normal;font-weight:600\"><strong>Ilmoittautuminen kokoukseen<\/strong><\/h3>\n\n\n\n<p class=\"has-text-align-left\">Kokouksen j\u00e4lkeen osallistujille tarjotaan illallisbuffet. T\u00e4m\u00e4n vuoksi pyyd\u00e4mme ruokailuun osallistujia ilmoittautumaan tilaisuuteen.<\/p>\n\n\n\n<p class=\"has-text-align-left\">Tervetuloa!<\/p>\n\n\n\n<p class=\"has-text-align-left\">Sitovat ilmoittautumiset <a href=\"https:\/\/pro.etapahtuma.fi\/fi-fi\/Tapahtumakalenteri\/Koulutuksen-lis%C3%A4tiedot-julkinen\/id\/11492\" target=\"_blank\" rel=\"noreferrer noopener nofollow\">t\u00e4m\u00e4n linkin<\/a> kautta, ilmoittautuminen p\u00e4\u00e4ttyy <strong>13.10.2024<\/strong>.<\/p>\n<\/div>\n<\/div>\n\n\n\n<div class=\"wp-block-columns alignwide is-layout-flex wp-container-core-columns-is-layout-2aabe216 wp-block-columns-is-layout-flex\">\n<div class=\"wp-block-column is-layout-flow wp-block-column-is-layout-flow\">\n<h3 class=\"wp-block-heading has-text-align-center is-style-asterisk has-pro-font-family has-medium-font-size\" id=\"pikkujoulut\" style=\"font-style:normal;font-weight:600\">Pikkujoulut 16-17.11.2024<\/h3>\n\n\n\n<p class=\"has-text-align-left\">Oulun Seudun Pro ry j\u00e4rjest\u00e4\u00e4 yhteisty\u00f6ss\u00e4 Oulun Rakennustoimihenkil\u00f6t Pro ry:n kanssa j\u00e4senilleen ja h\u00e4nen avecilleen pikkujoulut Oulussa Teatteri Riossa.<\/p>\n\n\n\n<p>Tilaisuus vietet\u00e4\u00e4n Teatteri Rion VIP-tiloissa, jonka ovet avautuvat meille jo kello 16. VIP-iltamme sis\u00e4lt\u00e4\u00e4:<\/p>\n\n\n\n<ul class=\"wp-block-list is-style-checkmark-list\">\n<li>Esityslippu<\/li>\n\n\n\n<li>Rion parhaat paikat n\u00e4yt\u00f6ksess\u00e4<\/li>\n\n\n\n<li>Rion klubi tila (oma wc,oma baari)<\/li>\n\n\n\n<li>Eteispalvelumaksu<\/li>\n\n\n\n<li>Tervetuliaismalja<\/li>\n\n\n\n<li>2 drinkkilippua\/osallistujia (olut, lonkero, siideri, lasi viini\u00e4 tai virvoke)<\/li>\n\n\n\n<li>Rion Pikkujoulubuffet (Menu tarkentuu my\u00f6hemmin)<\/li>\n\n\n\n<li>Palvelevan VIP-em\u00e4nn\u00e4n<\/li>\n\n\n\n<li>Kahvin ja pient\u00e4 makeaa v\u00e4liajalla<\/li>\n<\/ul>\n\n\n\n<p>Tilaisuuden hinta on:<br>Yhdistyksemme j\u00e4sen 30\u20ac<br>Avec 89\u20ac<\/p>\n\n\n\n<p>Tilaisuus alkaa klo 16 (alkumaljat, ruokailu, seurustelua)<br>Esitys alkaa klo 18 ja p\u00e4\u00e4ttyy klo 20.30 (sis. v\u00e4liaika).<\/p>\n\n\n\n<p>Illan esityksen\u00e4 on Loppukevennys, joka on huippusuositun Saikkua, kiitos -ty\u00f6ryhm\u00e4n uusi esitys. Loppukevennys vie meid\u00e4t suoraan p\u00e4iv\u00e4npolttavaan uutishuoneeseen, jossa ankkuritkin ovat kuumia. Upeat n\u00e4yttelij\u00e4t lupaavat vaihtaa hahmojaan yht\u00e4 useasti kuin Mika Tommola pipoa. Vapauttava Loppukevennys johdattaa meid\u00e4t Pornaisten Only fans-ammattiopistoon, kertoo meille Jukan ja Mirvan viimeisimm\u00e4n Amazing- reissun kuulumiset ja vie Ajatushautomoon jossa Tauski tajusi, ett\u00e4 se on sin\u00e4 vain eik\u00e4 kuka vain. J\u00e4t\u00e4 havut ladulle ja suuntaa uutishuoneelle. Loppukevennys on silkkaa tykityst\u00e4 ja laturaivoa!<\/p>\n\n\n\n<p>PS\u2026 featuring Toka Mimmola.<\/p>\n\n\n\n<p class=\"has-text-align-left\">Rooleissa: Jukka Rasila, Ville Keskil\u00e4 ja Kalle Pylv\u00e4n\u00e4inen.<\/p>\n\n\n\n<p>Tervetuloa mukaan!<\/p>\n\n\n\n<p class=\"has-text-align-left\">Sitovat ilmoittautumiset&nbsp;<a href=\"https:\/\/pro.etapahtuma.fi\/fi-fi\/Tapahtumakalenteri\/Koulutuksen-lis%C3%A4tiedot-julkinen\/id\/11259\" target=\"_blank\" rel=\"noreferrer noopener\">t\u00e4m\u00e4n linkin<\/a>&nbsp;kautta viimeist\u00e4\u00e4n 1.11.2024 menness\u00e4.<\/p>\n\n\n\n<div style=\"height:100px\" aria-hidden=\"true\" class=\"wp-block-spacer\"><\/div>\n<\/div>\n\n\n\n<div class=\"wp-block-column is-layout-flow wp-block-column-is-layout-flow\">\n<h3 class=\"wp-block-heading has-text-align-center is-style-asterisk has-pro-font-family has-medium-font-size\" style=\"font-style:normal;font-weight:600\">Majoitus pikkujoulut<\/h3>\n\n\n\n<p class=\"has-text-align-left\">Jos pikkujoulun vietto keskustassa innostaa enemm\u00e4nkin, niin voitte varata hotellihuoneen sopimushintaan keskelt\u00e4 Oulua hotelli Arinasta.<\/p>\n\n\n\n<p>Huoneen (standard) hinnat ovat:<br>1HH \u2013 150\u20ac<br>2HH \u2013 170\u20ac<\/p>\n\n\n\n<p>Huoneet voi varata nettisivuiltamme osoitteessa www.sokoshotels.fi tunnus l\u00f6ytyy proplussasta ilmoittautumisen yhteydess\u00e4.<\/p>\n\n\n\n<p>Lis\u00e4ksi huonevarauksia voi tehd\u00e4 suoraan myyntipalvelusta joko puhelimitse 08 3123111 tai s\u00e4hk\u00f6postitse sales.oulu@sok.fi.<\/p>\n\n\n\n<p>Huoneita on varattuna meille 11.11.2024 saakka, jonka j\u00e4lkeen loput vapautuvat muiden varattaviksi. Majoittuminen on omakustanteinen ja sen voi peruuttaa 7 vrk ennen tapahtumaa.<\/p>\n\n\n\n<p>Hintaan sis\u00e4ltyy aamiainen, hotellin asiakassaunan ja kuntohuoneen k\u00e4ytt\u00f6, Wifi sek\u00e4 hinnoista my\u00f6nnet\u00e4\u00e4n S-Card edut.<\/p>\n\n\n\n<p>Jokainen huonevaraaja on vastuussa omasta huonevarauksestaan ja siihen liittyvist\u00e4 muutoksista.<\/p>\n\n\n\n<figure class=\"wp-block-image size-large is-resized\"><img loading=\"lazy\" decoding=\"async\" width=\"768\" height=\"1024\" src=\"https:\/\/www.ospro.fi\/blog\/wp-content\/uploads\/2024\/09\/joulukattaus-768x1024.jpg\" alt=\"Kuvassa Joulukattaus\" class=\"wp-image-2134\" style=\"width:351px;height:auto\" srcset=\"https:\/\/www.ospro.fi\/blog\/wp-content\/uploads\/2024\/09\/joulukattaus-768x1024.jpg 768w, https:\/\/www.ospro.fi\/blog\/wp-content\/uploads\/2024\/09\/joulukattaus-225x300.jpg 225w, https:\/\/www.ospro.fi\/blog\/wp-content\/uploads\/2024\/09\/joulukattaus-1152x1536.jpg 1152w, https:\/\/www.ospro.fi\/blog\/wp-content\/uploads\/2024\/09\/joulukattaus.jpg 1536w\" sizes=\"auto, (max-width: 768px) 100vw, 768px\" \/><\/figure>\n\n\n\n<div style=\"height:100px\" aria-hidden=\"true\" class=\"wp-block-spacer\"><\/div>\n<\/div>\n<\/div>\n\n\n\n<div class=\"wp-block-columns alignwide is-layout-flex wp-container-core-columns-is-layout-2aabe216 wp-block-columns-is-layout-flex\">\n<div class=\"wp-block-column is-layout-flow wp-block-column-is-layout-flow\">\n<h3 class=\"wp-block-heading has-text-align-center is-style-asterisk has-pro-font-family has-medium-font-size\" id=\"joulukukka\" style=\"font-style:normal;font-weight:600\">Joulukukka-asetelman tekokurssi 26.11.2024<\/h3>\n\n\n\n<p class=\"has-text-align-left\">Kukkakurssi on el\u00e4mys!<\/p>\n\n\n\n<p class=\"has-text-align-left\">Oulun Seudun Pro j\u00e4rjest\u00e4\u00e4 Kukkakauppa Kanervan kanssa jouluisan kukka-asetelman tekokurssin. Kurssilla saat opastusta kukkien k\u00e4sittelyyn ja sidontatekniikoihin liittyen, sek\u00e4 hoito-ohjeet kotiin. Kursseille osallistuakseen ei tarvitse olla aiempaa kokemusta, me kyll\u00e4 opastamme kukkasidonnan saloihin.<\/p>\n\n\n\n<p class=\"has-text-align-left\">Kukkakurssi on ihana el\u00e4mys, luovaa tekemist\u00e4 huumaavien kukkien tuoksussa ja kotiin viet\u00e4v\u00e4ksi saat ihanan omatekem\u00e4n kukkasomisteen.<\/p>\n\n\n\n<p class=\"has-text-align-left\">Tervetuloa kukkakurssille!<\/p>\n\n\n\n<p>Sitovat ilmoittautumiset <a href=\"https:\/\/pro.etapahtuma.fi\/fi-fi\/Tapahtumakalenteri\/Koulutuksen-lis%C3%A4tiedot-julkinen\/id\/11494\" target=\"_blank\" rel=\"noreferrer noopener nofollow\">t\u00e4m\u00e4n linkin<\/a> kautta, ilmoittautuminen p\u00e4\u00e4ttyy <strong>11.11.2024<\/strong>.<\/p>\n\n\n\n<div style=\"height:100px\" aria-hidden=\"true\" class=\"wp-block-spacer\"><\/div>\n<\/div>\n\n\n\n<div class=\"wp-block-column is-layout-flow wp-block-column-is-layout-flow\">\n<h3 class=\"wp-block-heading has-text-align-center is-style-asterisk has-pro-font-family has-medium-font-size\" id=\"haaparanta\" style=\"font-style:normal;font-weight:600\"><strong>Shoppailuretki Haaparannalle 7.12.2024<\/strong><\/h3>\n\n\n\n<p class=\"has-text-align-left\">Oulun Seudun Pro ry j\u00e4rjest\u00e4\u00e4 jo perinteeksi muodostuneen shoppailumatkan Ruotsin Haaparannalle.<\/p>\n\n\n\n<p class=\"has-text-align-left\">Valmistaudutaan joukolla Joulun viettoon ja hankitaan joulup\u00f6yt\u00e4\u00e4n uudet ruokailuv\u00e4lineet, p\u00f6yt\u00e4liinat ja joulujuomat. Olisiko jo aika hankkia uudet verhot ja mattokin kyll\u00e4 n\u00e4ytt\u00e4\u00e4 jo kuluneelta\u2026<\/p>\n\n\n\n<p class=\"has-text-align-left\">Matkaan l\u00e4hdet\u00e4\u00e4n aamulla klo 9 Oulun linja-autoaseman tilausliikennepys\u00e4kilt\u00e4. Saavuttuamme Haaparannalle pys\u00e4hdymme ensin Ikean luona ja p\u00e4\u00e4st\u00e4mme innokkaimmat shoppailijat tutustumaan huonekaluj\u00e4tin maailmaan.<\/p>\n\n\n\n<p class=\"has-text-align-left\">T\u00e4m\u00e4n j\u00e4lkeen siirrymme Systembolagetin parkkiin, jossa viivymme puoli tuntia. Juomat hankittuamme vaihdamme kohteeksi Nuuskakairan tukun, jossa my\u00f6skin pid\u00e4mme puolen tunnin ostoshetken.<\/p>\n\n\n\n<p class=\"has-text-align-left\">Seuraavana kohteena on ICA Max, jossa sinulla on aikaa tehd\u00e4 ruoka ym. ostoksia 45 minuutin ajan.<\/p>\n\n\n\n<p class=\"has-text-align-left\">T\u00e4m\u00e4n j\u00e4lkeen siirrymme takaisin Ikean linja-autoparkkiin rakennuksen Suomen puoliselle alueelle.<\/p>\n\n\n\n<p class=\"has-text-align-left\">Paluumatkalle l\u00e4hdemme klo 15 Ikean linja-autopys\u00e4k\u00f6intipaikalta.<\/p>\n\n\n\n<p class=\"has-text-align-left\">Matkan hinta on j\u00e4senellemme 5\u20ac.<\/p>\n\n\n\n<p class=\"has-text-align-left\">Sitovat ilmoittautumiset <a href=\"https:\/\/pro.etapahtuma.fi\/fi-fi\/Tapahtumakalenteri\/Koulutuksen-lis%C3%A4tiedot-julkinen\/id\/11260\" target=\"_blank\" rel=\"noreferrer noopener nofollow\">t\u00e4m\u00e4n linkin<\/a> kautta, ilmoittautuminen p\u00e4\u00e4ttyy <strong>24.11.2024<\/strong>.<\/p>\n\n\n\n<div style=\"height:100px\" aria-hidden=\"true\" class=\"wp-block-spacer\"><\/div>\n<\/div>\n<\/div>\n\n\n\n<div class=\"wp-block-columns alignwide is-layout-flex wp-container-core-columns-is-layout-2aabe216 wp-block-columns-is-layout-flex\">\n<div class=\"wp-block-column is-layout-flow wp-block-column-is-layout-flow\">\n<h3 class=\"wp-block-heading has-text-align-center is-style-asterisk has-pro-font-family has-medium-font-size\" id=\"joulukukka2\" style=\"font-style:normal;font-weight:600\">Joulukukka-asetelman tekokurssi 2 10.12.2024<\/h3>\n\n\n\n<p class=\"has-text-align-left\">Kukkakurssi on el\u00e4mys!<\/p>\n\n\n\n<p class=\"has-text-align-left\">Oulun Seudun Pro j\u00e4rjest\u00e4\u00e4 Kukkakauppa Kanervan kanssa jouluisan kukka-asetelman tekokurssin. Kurssilla saat opastusta kukkien k\u00e4sittelyyn ja sidontatekniikoihin liittyen, sek\u00e4 hoito-ohjeet kotiin. Kursseille osallistuakseen ei tarvitse olla aiempaa kokemusta, me kyll\u00e4 opastamme kukkasidonnan saloihin.<\/p>\n\n\n\n<p class=\"has-text-align-left\">Kukkakurssi on ihana el\u00e4mys, luovaa tekemist\u00e4 huumaavien kukkien tuoksussa ja kotiin viet\u00e4v\u00e4ksi saat ihanan omatekem\u00e4n kukkasomisteen.<\/p>\n\n\n\n<p class=\"has-text-align-left\">Tervetuloa kukkakurssille!<\/p>\n\n\n\n<p>Sitovat ilmoittautumiset <a href=\"https:\/\/pro.etapahtuma.fi\/en-us\/Tapahtumakalenteri\/Koulutuksen-lis\u00e4tiedot-julkinen\/id\/11512\" target=\"_blank\" rel=\"noreferrer noopener nofollow\">t\u00e4m\u00e4n linkin<\/a> kautta, ilmoittautuminen p\u00e4\u00e4ttyy <strong>11.11.2024<\/strong>.<\/p>\n\n\n\n<div style=\"height:100px\" aria-hidden=\"true\" class=\"wp-block-spacer\"><\/div>\n<\/div>\n\n\n\n<div class=\"wp-block-column is-layout-flow wp-block-column-is-layout-flow\">\n<h3 class=\"wp-block-heading has-text-align-center is-style-asterisk has-pro-font-family has-medium-font-size\" id=\"haaparanta\" style=\"font-style:normal;font-weight:600\"><\/h3>\n\n\n\n<p class=\"has-text-align-left\"><\/p>\n<\/div>\n<\/div>\n<\/div>\n<\/div><\/div>\n\n\n\n<div class=\"wp-block-group alignfull has-base-color has-custom-color-4-background-color has-text-color has-background\" style=\"margin-top:0;margin-bottom:0;padding-top:var(--wp--preset--spacing--20);padding-right:var(--wp--preset--spacing--60);padding-bottom:var(--wp--preset--spacing--20);padding-left:var(--wp--preset--spacing--60)\"><div class=\"wp-block-group__inner-container is-layout-constrained wp-container-core-group-is-layout-6a033c48 wp-block-group-is-layout-constrained\">\n<div class=\"wp-block-group\"><div class=\"wp-block-group__inner-container is-layout-constrained wp-block-group-is-layout-constrained\">\n<p class=\"has-text-align-center has-base-color has-text-color has-pro-font-family\" style=\"font-size:1.5rem;line-height:1.2\"><em>\u201cEl\u00e4m\u00e4nmittaisia muistoja yhdess\u00e4 tehden<\/em>&#8221;<\/p>\n\n\n\n<p class=\"has-text-align-center has-base-color has-text-color has-pro-font-family\" style=\"font-size:1.5rem;line-height:0\"><em>&#8211; <\/em><\/p>\n\n\n\n<p class=\"has-text-align-center has-base-color has-text-color has-pro-font-family\" style=\"font-size:1.5rem;line-height:1.2\"><em>J\u00e4sentapahtumat<\/em><\/p>\n\n\n\n<div class=\"wp-block-group is-vertical is-content-justification-center is-nowrap is-layout-flex wp-container-core-group-is-layout-a9ff9874 wp-block-group-is-layout-flex\"><div class=\"wp-block-image\">\n<figure class=\"aligncenter size-thumbnail is-resized has-custom-border\"><img loading=\"lazy\" decoding=\"async\" width=\"150\" height=\"150\" src=\"https:\/\/www.ospro.fi\/blog\/wp-content\/uploads\/2024\/06\/Pro-logo-ospro-alla-2-rajattu-1-150x150.png\" alt=\"Ospro logo\" class=\"wp-image-1639\" style=\"border-radius:100px;aspect-ratio:1;object-fit:cover;width:60px\"\/><\/figure>\n<\/div>\n\n\n<p class=\"has-text-align-center has-medium-font-size\" style=\"margin-top:var(--wp--preset--spacing--10);margin-bottom:0\">Oulun Seudun Pro ry<\/p>\n<\/div>\n<\/div><\/div>\n<\/div><\/div>\n","protected":false},"excerpt":{"rendered":"<p>Tapahtumista tiedottaminen Tiedotamme tapahtumista j\u00e4senillemme j\u00e4senkirjeiss\u00e4, joten huolehdithan, ett\u00e4 s\u00e4hk\u00f6postiosoitteesi on oikein j\u00e4sentiedoissasi. S\u00e4hk\u00f6postitse saat aina tuoreimmat tiedot tapahtumista ilmoittautumislinkkeineen. Muistathan tarkistaa s\u00e4hk\u00f6postisi Tarkistathan, ett\u00e4 l\u00e4hett\u00e4m\u00e4mme s\u00e4hk\u00f6postiviestit eiv\u00e4t ole menneet&#8230;<\/p>\n","protected":false},"author":1,"featured_media":0,"parent":0,"menu_order":0,"comment_status":"closed","ping_status":"closed","template":"","meta":{"_kad_post_transparent":"","_kad_post_title":"","_kad_post_layout":"","_kad_post_sidebar_id":"","_kad_post_content_style":"","_kad_post_vertical_padding":"","_kad_post_feature":"","_kad_post_feature_position":"","_kad_post_header":false,"_kad_post_footer":false,"_kad_post_classname":"","footnotes":""},"class_list":["post-2046","page","type-page","status-publish","hentry"],"_links":{"self":[{"href":"https:\/\/www.ospro.fi\/blog\/wp-json\/wp\/v2\/pages\/2046","targetHints":{"allow":["GET"]}}],"collection":[{"href":"https:\/\/www.ospro.fi\/blog\/wp-json\/wp\/v2\/pages"}],"about":[{"href":"https:\/\/www.ospro.fi\/blog\/wp-json\/wp\/v2\/types\/page"}],"author":[{"embeddable":true,"href":"https:\/\/www.ospro.fi\/blog\/wp-json\/wp\/v2\/users\/1"}],"replies":[{"embeddable":true,"href":"https:\/\/www.ospro.fi\/blog\/wp-json\/wp\/v2\/comments?post=2046"}],"version-history":[{"count":21,"href":"https:\/\/www.ospro.fi\/blog\/wp-json\/wp\/v2\/pages\/2046\/revisions"}],"predecessor-version":[{"id":2435,"href":"https:\/\/www.ospro.fi\/blog\/wp-json\/wp\/v2\/pages\/2046\/revisions\/2435"}],"wp:attachment":[{"href":"https:\/\/www.ospro.fi\/blog\/wp-json\/wp\/v2\/media?parent=2046"}],"curies":[{"name":"wp","href":"https:\/\/api.w.org\/{rel}","templated":true}]}}