{"id":2213,"date":"2024-09-10T18:55:51","date_gmt":"2024-09-10T15:55:51","guid":{"rendered":"http:\/\/www.ospro.fi\/blog\/?page_id=2213"},"modified":"2024-09-28T22:10:21","modified_gmt":"2024-09-28T19:10:21","slug":"kalenteri","status":"publish","type":"page","link":"https:\/\/www.ospro.fi\/blog\/kalenteri\/","title":{"rendered":"Kalenteri"},"content":{"rendered":"\n<div class=\"wp-block-group alignfull has-base-2-background-color has-background\" style=\"margin-top:0;margin-bottom:0;padding-top:var(--wp--preset--spacing--30);padding-right:var(--wp--preset--spacing--50);padding-bottom:var(--wp--preset--spacing--50);padding-left:var(--wp--preset--spacing--50)\"><div class=\"wp-block-group__inner-container is-layout-constrained wp-container-core-group-is-layout-92a07265 wp-block-group-is-layout-constrained\">\n<div class=\"wp-block-group\"><div class=\"wp-block-group__inner-container is-layout-constrained wp-block-group-is-layout-constrained\">\n<h2 class=\"wp-block-heading alignwide has-text-align-center is-style-default has-large-font-size\">Julkaistut tapahtumat<\/h2>\n\n\n\n<div style=\"height:1.25rem;width:0px\" aria-hidden=\"true\" class=\"wp-block-spacer\"><\/div>\n\n\n\n<p class=\"has-text-align-center\">T\u00e4\u00e4lt\u00e4 l\u00f6yd\u00e4t kaikki tulevat ja menneet tapahtumat, jotka on julkaistu&nbsp;<a href=\"https:\/\/ospro.fi\/\">www.ospro.fi<\/a>&nbsp;sivuilla.<\/p>\n<\/div><\/div>\n\n\n\n<div style=\"height:var(--wp--preset--spacing--20)\" aria-hidden=\"true\" class=\"wp-block-spacer\"><\/div>\n\n\n\n<div class=\"wp-block-columns alignwide is-layout-flex wp-container-core-columns-is-layout-2aabe216 wp-block-columns-is-layout-flex\">\n<div class=\"wp-block-column has-custom-color-4-color has-custom-color-2-background-color has-text-color has-background has-link-color has-pro-font-family has-small-font-size wp-elements-2e6013bf82f473f8df153dcb837baafc is-layout-flow wp-block-column-is-layout-flow\" style=\"padding-top:var(--wp--preset--spacing--10);padding-right:var(--wp--preset--spacing--10);padding-bottom:var(--wp--preset--spacing--10);padding-left:var(--wp--preset--spacing--10);line-height:1.3\">\n<h3 class=\"wp-block-heading has-text-align-center is-style-asterisk has-body-font-family has-medium-font-size\" style=\"font-style:normal;font-weight:600\">2024<\/h3>\n\n\n\n<p class=\"has-pro-font-family has-small-font-size\" style=\"line-height:1.5\">25.01.2024 Ty\u00f6turvallisuus ja psykososiaaliset tekij\u00e4t<\/p>\n\n\n\n<p>05.02.2024 Tanssista iloa ja energiaa el\u00e4m\u00e4\u00e4n<\/p>\n\n\n\n<p>10.2.2023 Kes\u00e4ksi kuntoon<\/p>\n\n\n\n<p>16.2.2024 T\u00e4yskaato<\/p>\n\n\n\n<p>27.02.2024 Hygieniapassi<\/p>\n\n\n\n<p>15.03.2024 Kev\u00e4tkokous<\/p>\n\n\n\n<p>16-17.3.2024 Ulkoilu- ja kylpyl\u00e4matka Vuokattiin<\/p>\n\n\n\n<p>26.03.2024 Tutustu dreijaukseen 1<\/p>\n\n\n\n<p>05.04.2024 Rajaton Sings Abba<\/p>\n\n\n\n<p>13.4.2024 Karkausp\u00e4iv\u00e4<\/p>\n\n\n\n<p>23.04.2024 Tutustu dreijaukseen 2<\/p>\n\n\n\n<p>14.05.2024 Edunvalvontavaltuutus ja hoitotahto<\/p>\n\n\n\n<p>04.05.2024 Ty\u00f6el\u00e4keinfo<\/p>\n\n\n\n<p>08.06.2024 Prolympialaiset (peruttu)<\/p>\n\n\n\n<p>08.06.2024 Jokiristeily Oulujoella (peruttu)<\/p>\n\n\n\n<p>27-30.6.2024 Viron matka<\/p>\n\n\n\n<p>29.8.2024 Paint&amp;Party \u2013 maalausta ja virvoketta!<\/p>\n\n\n\n<p>7.9.2024 Anniskelulains\u00e4\u00e4d\u00e4nt\u00f6koulutus ja -testi<\/p>\n\n\n\n<p>21.9.2024 SuperPark (peruttu)<\/p>\n\n\n\n<p>4.10.2024 T\u00e4yskaato<\/p>\n\n\n\n<p>10\u201313.10.2024 Levin sysp\u00e4iv\u00e4t<\/p>\n\n\n\n<p>25.10.2024 Syyskokous<\/p>\n\n\n\n<p class=\"has-pro-font-family has-small-font-size\" style=\"line-height:1.5\">16-17.11.2024 Pikkujoulut<\/p>\n\n\n\n<p>26.11.2024 Joulukukka-asetelman tekokurssi<\/p>\n\n\n\n<p>7.12.2024 Shoppailuretki Haaparannalle<\/p>\n\n\n\n<p>10.12.2024 Joulukukka-asetelman tekokurssi 2<\/p>\n<\/div>\n\n\n\n<div class=\"wp-block-column has-custom-color-4-color has-custom-color-2-background-color has-text-color has-background has-link-color has-pro-font-family has-small-font-size wp-elements-e402fc3de3c2216693eea9499c28f00d is-layout-flow wp-block-column-is-layout-flow\" style=\"padding-top:var(--wp--preset--spacing--10);padding-right:var(--wp--preset--spacing--10);padding-bottom:var(--wp--preset--spacing--10);padding-left:var(--wp--preset--spacing--10);line-height:1.3\">\n<h3 class=\"wp-block-heading has-text-align-center is-style-asterisk has-body-font-family has-medium-font-size\" style=\"font-style:normal;font-weight:600\">2025<\/h3>\n\n\n\n<p class=\"has-text-align-left\"><\/p>\n<\/div>\n\n\n\n<div class=\"wp-block-column has-custom-color-4-color has-custom-color-2-background-color has-text-color has-background has-link-color has-pro-font-family has-small-font-size wp-elements-2f319a7921f756d9a89eb29f6cd9dcb7 is-layout-flow wp-block-column-is-layout-flow\" style=\"padding-top:var(--wp--preset--spacing--10);padding-right:var(--wp--preset--spacing--10);padding-bottom:var(--wp--preset--spacing--10);padding-left:var(--wp--preset--spacing--10);line-height:1.3\">\n<h3 class=\"wp-block-heading has-text-align-center is-style-asterisk has-body-font-family has-medium-font-size\" style=\"font-style:normal;font-weight:600\">2026<\/h3>\n\n\n\n<p class=\"has-text-align-left has-small-font-size\"><\/p>\n\n\n\n<div class=\"wp-block-columns is-layout-flex wp-container-core-columns-is-layout-9d6595d7 wp-block-columns-is-layout-flex\">\n<div class=\"wp-block-column is-layout-flow wp-block-column-is-layout-flow\" style=\"flex-basis:100%\"><\/div>\n<\/div>\n<\/div>\n<\/div>\n\n\n\n<div class=\"wp-block-columns alignwide is-layout-flex wp-container-core-columns-is-layout-2aabe216 wp-block-columns-is-layout-flex\">\n<div class=\"wp-block-column has-custom-color-4-color has-custom-color-2-background-color has-text-color has-background has-link-color has-pro-font-family has-small-font-size wp-elements-2771f0cfca62c426f10e5ee344a53111 is-layout-flow wp-block-column-is-layout-flow\" style=\"padding-top:var(--wp--preset--spacing--10);padding-right:var(--wp--preset--spacing--10);padding-bottom:var(--wp--preset--spacing--10);padding-left:var(--wp--preset--spacing--10);line-height:1.3\">\n<h3 class=\"wp-block-heading has-text-align-center is-style-asterisk has-body-font-family has-medium-font-size\" style=\"font-style:normal;font-weight:600\">2023<\/h3>\n\n\n\n<p class=\"has-pro-font-family has-small-font-size\" style=\"line-height:1.5\">28.01.2023 Promeininki<\/p>\n\n\n\n<p>15.02.2023 Edunvalvontatapaaminen<\/p>\n\n\n\n<p>16.02.2023 Mindfulness<\/p>\n\n\n\n<p>24.02.2023 T\u00e4yskaato<\/p>\n\n\n\n<p>17.03.2023 Vuosikokous<\/p>\n\n\n\n<p>23.03.2023 Pro+ tutuksi -k\u00e4ytt\u00f6koulutus<\/p>\n\n\n\n<p>25.03.2023 Perheretki vuokattiin<\/p>\n\n\n\n<p>20.04.2023 Oivalluttava luento stressist\u00e4 1<\/p>\n\n\n\n<p>30.04.2023 Kupliva Vappu<\/p>\n\n\n\n<p>01.05.2023 Vapputapahtuma (ajk)<\/p>\n\n\n\n<p>03.05.2023 Vaalea hapanjuurileip\u00e4<\/p>\n\n\n\n<p>29.06.2023 Tallinnan matka<\/p>\n\n\n\n<p>26.08.2023&nbsp;Kalajoen retkip\u00e4iv\u00e4<\/p>\n\n\n\n<p>06.09.2023&nbsp;Voileip\u00e4kakkukurssi<\/p>\n\n\n\n<p>04.10.2023&nbsp;Voileip\u00e4kakkukurssi (toinen kattaus)<\/p>\n\n\n\n<p>06-08.10.2023&nbsp;Rukan syysp\u00e4iv\u00e4t<\/p>\n\n\n\n<p>19.09.2023&nbsp;Edunvalvontatapaaminen<\/p>\n\n\n\n<p>14.10.2023&nbsp;Ty\u00f6hyvinvointikorttikoulutus<\/p>\n\n\n\n<p>14.10.2023&nbsp;Entisten nuorten s\u00e4vellahja LIVE!<\/p>\n\n\n\n<p>20.10.2023&nbsp;T\u00e4yskaato<\/p>\n\n\n\n<p>02.11.2023 Oivalluttava luento stressist\u00e4 2<\/p>\n\n\n\n<p>11.11.2023&nbsp;Onnittelut 50 ja 60 V j\u00e4senille<\/p>\n\n\n\n<p class=\"has-pro-font-family has-small-font-size\" style=\"line-height:1.5\">18-19.11.2023&nbsp;Pikkujoulut Rovaniemell\u00e4<\/p>\n<\/div>\n\n\n\n<div class=\"wp-block-column has-custom-color-4-color has-custom-color-2-background-color has-text-color has-background has-link-color has-pro-font-family has-small-font-size wp-elements-cf53e10f47d84c50da8e62aa35ebc37b is-layout-flow wp-block-column-is-layout-flow\" style=\"padding-top:var(--wp--preset--spacing--10);padding-right:var(--wp--preset--spacing--10);padding-bottom:var(--wp--preset--spacing--10);padding-left:var(--wp--preset--spacing--10);line-height:1.3\">\n<h3 class=\"wp-block-heading has-text-align-center is-style-asterisk has-body-font-family has-medium-font-size\" style=\"font-style:normal;font-weight:600\">2022<\/h3>\n\n\n\n<p class=\"has-text-align-left has-pro-font-family has-small-font-size\">29.01.2022 Hokia ja Rokkia! (peruttu)<\/p>\n\n\n\n<p class=\"has-pro-font-family has-small-font-size\">18.03.2022 Vuosikokous<\/p>\n\n\n\n<p class=\"has-pro-font-family has-small-font-size\">23.03.2022 Koulutus: Sijoitustoimintaa aloittelijoille<\/p>\n\n\n\n<p class=\"has-pro-font-family has-small-font-size\">26.03.2022 Perhep\u00e4iv\u00e4 Ruskotunturilla<\/p>\n\n\n\n<p class=\"has-pro-font-family has-small-font-size\">05.04.2022 Koulutus: Edunvalvontavaltuutus ja hoitotahto<\/p>\n\n\n\n<p class=\"has-pro-font-family has-small-font-size\">12.04.2022 Edunvalvontatilaisuus<\/p>\n\n\n\n<p class=\"has-pro-font-family has-small-font-size\">28.04.2022 Ty\u00f6el\u00e4m\u00e4n ABC (peruttu)<\/p>\n\n\n\n<p class=\"has-pro-font-family has-small-font-size\">01.05.2022 Vapputapahtuma (AJK)<\/p>\n\n\n\n<p class=\"has-pro-font-family has-small-font-size\">03.05.2022 Kehon ja mielen huolto<\/p>\n\n\n\n<p class=\"has-pro-font-family has-small-font-size\">07.05.2022 P\u00e4in Seini\u00e4! (peruttu)<\/p>\n\n\n\n<p class=\"has-pro-font-family has-small-font-size\">18.05.2022 Villiyrttiretki (peruttu)<\/p>\n\n\n\n<p class=\"has-pro-font-family has-small-font-size\">08.06.2022 Suomen Tivoli lippujen jako<\/p>\n\n\n\n<p class=\"has-pro-font-family has-small-font-size\">11.06.2022 Kohti Korkeuksia! (peruttu)<\/p>\n\n\n\n<p class=\"has-pro-font-family has-small-font-size\">01.07.2022 Tallinna<\/p>\n\n\n\n<p class=\"has-pro-font-family has-small-font-size\">13.08.2022 Mallasta!<\/p>\n\n\n\n<p class=\"has-pro-font-family has-small-font-size\">20.08.2022 Kes\u00e4p\u00e4iv\u00e4t ja Prolympialaiset (peruttu)<\/p>\n\n\n\n<p class=\"has-pro-font-family has-small-font-size\">03.09.2022 Rokuan perhep\u00e4iv\u00e4<\/p>\n\n\n\n<p class=\"has-pro-font-family has-small-font-size\">17.09.2022 Mets\u00e4retki sienten maailmaan<\/p>\n\n\n\n<p class=\"has-pro-font-family has-small-font-size\">30.09.-02.10.2022 Levin syysp\u00e4iv\u00e4t<\/p>\n\n\n\n<p class=\"has-pro-font-family has-small-font-size\">15.10.2022 Koulutus: Esiintymistaito<\/p>\n\n\n\n<p class=\"has-pro-font-family has-small-font-size\">18.10.2022 Koulutus ty\u00f6tt\u00f6mille ja ty\u00f6tt\u00f6myysuhan alaisille<\/p>\n\n\n\n<p class=\"has-pro-font-family has-small-font-size\">10.11.2022 Koulutus: El\u00e4keinfo<\/p>\n\n\n\n<p class=\"has-pro-font-family has-small-font-size\">19-20.11.2022 Pikkujoulut Rokualla<\/p>\n\n\n\n<p class=\"has-text-align-left has-pro-font-family has-small-font-size\">30.11.2022 Uuden j\u00e4senen infotilaisuus (peruttu)<\/p>\n\n\n\n<div class=\"wp-block-columns is-layout-flex wp-container-core-columns-is-layout-9d6595d7 wp-block-columns-is-layout-flex\">\n<div class=\"wp-block-column is-layout-flow wp-block-column-is-layout-flow\" style=\"flex-basis:100%\"><\/div>\n<\/div>\n<\/div>\n\n\n\n<div class=\"wp-block-column has-custom-color-4-color has-custom-color-2-background-color has-text-color has-background has-link-color has-pro-font-family has-small-font-size wp-elements-8520d426dc8f5508fe0f9d6c10fa1963 is-layout-flow wp-block-column-is-layout-flow\" style=\"padding-top:var(--wp--preset--spacing--10);padding-right:var(--wp--preset--spacing--10);padding-bottom:var(--wp--preset--spacing--10);padding-left:var(--wp--preset--spacing--10);line-height:1.3\">\n<h3 class=\"wp-block-heading has-text-align-center is-style-asterisk has-body-font-family has-medium-font-size\" style=\"font-style:normal;font-weight:600\">2021<\/h3>\n\n\n\n<p class=\"has-text-align-left has-pro-font-family has-small-font-size\">30.01.2021 Hokia ja Rokkia! (peruttu)<\/p>\n\n\n\n<p class=\"has-pro-font-family has-small-font-size\">22.02.2021 Valokuvauskilpailu<\/p>\n\n\n\n<p class=\"has-pro-font-family has-small-font-size\">19.03.2021 Vuosikokous<\/p>\n\n\n\n<p class=\"has-pro-font-family has-small-font-size\">27.03.2021 J\u00e4\u00e4kiekko-ottelu (peruttu)<\/p>\n\n\n\n<p class=\"has-pro-font-family has-small-font-size\">07.04.2021 K\u00e4nnykk\u00e4valokuvauskurssi<\/p>\n\n\n\n<p class=\"has-pro-font-family has-small-font-size\">28.04.2021 Koulutus: Motivaatio<\/p>\n\n\n\n<p class=\"has-pro-font-family has-small-font-size\">11.05.2021 Koulutus: Sienikurssi<\/p>\n\n\n\n<p class=\"has-pro-font-family has-small-font-size\">25.05.2021 Koulutus: Ty\u00f6hyvinvointi<\/p>\n\n\n\n<p class=\"has-pro-font-family has-small-font-size\">01.07.2021 Suomen Tivoli<\/p>\n\n\n\n<p class=\"has-pro-font-family has-small-font-size\">18.09.2021 Rokuan perhep\u00e4iv\u00e4<\/p>\n\n\n\n<p class=\"has-pro-font-family has-small-font-size\">01.10.2021 Levin Syysp\u00e4iv\u00e4t (peruttu)<\/p>\n\n\n\n<p class=\"has-pro-font-family has-small-font-size\">14.10.2021 Koulutus: El\u00e4keinfo<\/p>\n\n\n\n<p class=\"has-pro-font-family has-small-font-size\">13.11.2021 Koulutus: Ty\u00f6hyvinvointikortti<\/p>\n\n\n\n<p class=\"has-text-align-left has-pro-font-family has-small-font-size\">20.11.2022 Pikkujoulut<\/p>\n<\/div>\n<\/div>\n\n\n\n<div class=\"wp-block-columns alignwide is-layout-flex wp-container-core-columns-is-layout-2aabe216 wp-block-columns-is-layout-flex\">\n<div class=\"wp-block-column has-custom-color-4-color has-custom-color-2-background-color has-text-color has-background has-link-color has-pro-font-family has-small-font-size wp-elements-162b22f66cfbd78ccb3fef7e88b2d700 is-layout-flow wp-block-column-is-layout-flow\" style=\"padding-top:var(--wp--preset--spacing--10);padding-right:var(--wp--preset--spacing--10);padding-bottom:var(--wp--preset--spacing--10);padding-left:var(--wp--preset--spacing--10);line-height:1.3\">\n<h3 class=\"wp-block-heading has-text-align-center is-style-asterisk has-body-font-family has-medium-font-size\" style=\"font-style:normal;font-weight:600\">2020<\/h3>\n\n\n\n<p class=\"has-pro-font-family has-small-font-size\" style=\"line-height:1.5\">13.02.2020 Leffa ensi-ilta, 1. n\u00e4yt\u00f6s<\/p>\n\n\n\n<p class=\"has-pro-font-family has-small-font-size\" style=\"line-height:1.5\">15.02.2020 Megazone<\/p>\n\n\n\n<p class=\"has-pro-font-family has-small-font-size\" style=\"line-height:1.5\">17.02.2020 Leffa ensi-ilta, 2. n\u00e4yt\u00f6s<\/p>\n\n\n\n<p class=\"has-pro-font-family has-small-font-size\" style=\"line-height:1.5\">29.02.2020 J\u00e4\u00e4kiekko-ottelu K\u00e4rp\u00e4t \u2013 JYP<\/p>\n\n\n\n<p class=\"has-pro-font-family has-small-font-size\" style=\"line-height:1.5\">13.03.2020 Vuosikokous<\/p>\n\n\n\n<p class=\"has-pro-font-family has-small-font-size\" style=\"line-height:1.5\">14.03.2020 Vuokatin perheretki (peruttu)<\/p>\n\n\n\n<p class=\"has-pro-font-family has-small-font-size\" style=\"line-height:1.5\">18.04.2020 Superpark (peruttu)<\/p>\n\n\n\n<p class=\"has-pro-font-family has-small-font-size\" style=\"line-height:1.5\">06.05.2020 Villiyrttikoulutus (peruttu)<\/p>\n\n\n\n<p class=\"has-pro-font-family has-small-font-size\" style=\"line-height:1.5\">13.05.2020 Avoimet ovet (peruttu)<\/p>\n\n\n\n<p class=\"has-pro-font-family has-small-font-size\" style=\"line-height:1.5\">16.05.2020 Ty\u00f6hyvinvointikoulutus<\/p>\n\n\n\n<p class=\"has-pro-font-family has-small-font-size\" style=\"line-height:1.5\">13.06.2020 Ranuan El\u00e4inpuisto (peruttu)<\/p>\n\n\n\n<p class=\"has-pro-font-family has-small-font-size\" style=\"line-height:1.5\">3-.5.7.2020 Tallinnan viikonloppumatka (peruttu)<\/p>\n\n\n\n<p class=\"has-pro-font-family has-small-font-size\" style=\"line-height:1.5\">24.08.2020 Ylim\u00e4\u00e4r\u00e4inen j\u00e4senkokous<\/p>\n\n\n\n<p class=\"has-pro-font-family has-small-font-size\" style=\"line-height:1.5\">15.10.2020 Keilaus (peruttu)<\/p>\n\n\n\n<p class=\"has-pro-font-family has-small-font-size\" style=\"line-height:1.5\">21-22.2020 Pikkujoulut (peruttu)<\/p>\n<\/div>\n\n\n\n<div class=\"wp-block-column has-custom-color-4-color has-custom-color-2-background-color has-text-color has-background has-link-color has-pro-font-family has-small-font-size wp-elements-6020e1353b6300ff2eefac1fc24c624c is-layout-flow wp-block-column-is-layout-flow\" style=\"padding-top:var(--wp--preset--spacing--10);padding-right:var(--wp--preset--spacing--10);padding-bottom:var(--wp--preset--spacing--10);padding-left:var(--wp--preset--spacing--10);line-height:1.3\">\n<h3 class=\"wp-block-heading has-text-align-center is-style-asterisk has-body-font-family has-medium-font-size\" style=\"font-style:normal;font-weight:600\">2019<\/h3>\n\n\n\n<p class=\"has-text-align-left has-pro-font-family has-small-font-size\" style=\"line-height:1.5\">02.02.2019 J\u00e4\u00e4kiekko-ottelu K\u00e4rp\u00e4t \u2013 Vaasan Sport<\/p>\n\n\n\n<p class=\"has-pro-font-family has-small-font-size\" style=\"line-height:1.5\">13.02.2019 Karting<\/p>\n\n\n\n<p class=\"has-pro-font-family has-small-font-size\" style=\"line-height:1.5\">15.03.2019 Vuosikokous<\/p>\n\n\n\n<p class=\"has-pro-font-family has-small-font-size\" style=\"line-height:1.5\">23.03.2019 Vuokatin talvirieha\/perheretki<\/p>\n\n\n\n<p class=\"has-pro-font-family has-small-font-size\" style=\"line-height:1.5\">24.04.2019 Edunvalvontarinki 1 (luottamushenkil\u00f6t)<\/p>\n\n\n\n<p class=\"has-pro-font-family has-small-font-size\" style=\"line-height:1.5\">27.04.2019 Prolenkki 2019<\/p>\n\n\n\n<p class=\"has-pro-font-family has-small-font-size\" style=\"line-height:1.5\">01.05.2019 Vappuaamun tapahtuma<\/p>\n\n\n\n<p class=\"has-pro-font-family has-small-font-size\" style=\"line-height:1.5\">07.05.2019 Koulutus \/ Villiyrtit<\/p>\n\n\n\n<p class=\"has-pro-font-family has-small-font-size\" style=\"line-height:1.5\">15.05.2019 Avoimien ovien p\u00e4iv\u00e4t<\/p>\n\n\n\n<p class=\"has-pro-font-family has-small-font-size\" style=\"line-height:1.5\">25.05.2019 Koulutus \/ Ty\u00f6hyvinvointi<\/p>\n\n\n\n<p class=\"has-pro-font-family has-small-font-size\" style=\"line-height:1.5\">20.07.2019 \u00c4ht\u00e4rin ja Tuurin perheretki (20-21.7.2019)<\/p>\n\n\n\n<p class=\"has-pro-font-family has-small-font-size\" style=\"line-height:1.5\">20.08.2019 Koulutus \/ Valokuvauskurssi (osa 1)<\/p>\n\n\n\n<p class=\"has-pro-font-family has-small-font-size\" style=\"line-height:1.5\">21.08.2019 Edunvalvontarinki 2 (luottamushenkil\u00f6t)<\/p>\n\n\n\n<p class=\"has-pro-font-family has-small-font-size\" style=\"line-height:1.5\">24.08.2019 Prolympialaiset<\/p>\n\n\n\n<p class=\"has-pro-font-family has-small-font-size\" style=\"line-height:1.5\">31.08.2019 Koulutus \/ Valokuvauskurssi (osa 2)<\/p>\n\n\n\n<p class=\"has-pro-font-family has-small-font-size\" style=\"line-height:1.5\">07.09.2019 Rokuan perheretki<\/p>\n\n\n\n<p class=\"has-pro-font-family has-small-font-size\" style=\"line-height:1.5\">11.09.2019 Keilausta<\/p>\n\n\n\n<p class=\"has-pro-font-family has-small-font-size\" style=\"line-height:1.5\">12.09.2019 Tallinnan matka<\/p>\n\n\n\n<p class=\"has-pro-font-family has-small-font-size\" style=\"line-height:1.5\">17.10.2019 Levin Syysp\u00e4iv\u00e4t<\/p>\n\n\n\n<p class=\"has-pro-font-family has-small-font-size\" style=\"line-height:1.5\">07.11.2019 Ylim\u00e4\u00e4r\u00e4inen j\u00e4senkokous<\/p>\n\n\n\n<p class=\"has-pro-font-family has-small-font-size\" style=\"line-height:1.5\">09.11.2019 Prolenkki 2019 (lopetus)<\/p>\n\n\n\n<p class=\"has-pro-font-family has-small-font-size\" style=\"line-height:1.5\">16.11.2019 Koulutus \/ Hygieniapassi<\/p>\n\n\n\n<p class=\"has-pro-font-family has-small-font-size\" style=\"line-height:1.5\">20.11.2019 Edunvalvontarinki 3<\/p>\n\n\n\n<p class=\"has-text-align-left has-pro-font-family has-small-font-size\" style=\"line-height:1.5\">23.11.2019 Pikkujoulut<\/p>\n\n\n\n<div class=\"wp-block-columns is-layout-flex wp-container-core-columns-is-layout-9d6595d7 wp-block-columns-is-layout-flex\">\n<div class=\"wp-block-column is-layout-flow wp-block-column-is-layout-flow\" style=\"flex-basis:100%\"><\/div>\n<\/div>\n<\/div>\n\n\n\n<div class=\"wp-block-column has-custom-color-4-color has-custom-color-2-background-color has-text-color has-background has-link-color has-pro-font-family has-small-font-size wp-elements-0633c24b4df3cf60a7752a6f4920f0b4 is-layout-flow wp-block-column-is-layout-flow\" style=\"padding-top:var(--wp--preset--spacing--10);padding-right:var(--wp--preset--spacing--10);padding-bottom:var(--wp--preset--spacing--10);padding-left:var(--wp--preset--spacing--10);line-height:1.3\">\n<h3 class=\"wp-block-heading has-text-align-center is-style-asterisk has-body-font-family has-medium-font-size\" style=\"font-style:normal;font-weight:600\">2018<\/h3>\n\n\n\n<p class=\"has-text-align-left has-pro-font-family has-small-font-size\">23.01.2018 Koulutus \/ Suksi- ja voiteluilta<\/p>\n\n\n\n<p class=\"has-pro-font-family has-small-font-size\">27.01.2018 Koulutus \/ Valokuvauskurssi<\/p>\n\n\n\n<p class=\"has-pro-font-family has-small-font-size\">08.02.2018 Karting<\/p>\n\n\n\n<p class=\"has-pro-font-family has-small-font-size\">03.03.2018 J\u00e4\u00e4kiekko-ottelu K\u00e4rp\u00e4t \u2013 HIFK<\/p>\n\n\n\n<p class=\"has-pro-font-family has-small-font-size\">16.03.2018 Vuosikokous<\/p>\n\n\n\n<p class=\"has-pro-font-family has-small-font-size\">24.03.2018 Vuokatin perheretki<\/p>\n\n\n\n<p class=\"has-pro-font-family has-small-font-size\">06.04.2018 Leffailta<\/p>\n\n\n\n<p class=\"has-pro-font-family has-small-font-size\">14.04.2018 Koulutus \/ Esiintymistaito<\/p>\n\n\n\n<p class=\"has-pro-font-family has-small-font-size\">28.04.2018 Prolenkki 2018<\/p>\n\n\n\n<p class=\"has-pro-font-family has-small-font-size\">01.05.2018 Vappuaamun brunssi<\/p>\n\n\n\n<p class=\"has-pro-font-family has-small-font-size\">08.05.2018 Avoimien ovien p\u00e4iv\u00e4t<\/p>\n\n\n\n<p class=\"has-pro-font-family has-small-font-size\">16.05.2018 Luottamushenkil\u00f6tapaaminen 1 (vain luottamushenkil\u00f6t)<\/p>\n\n\n\n<p class=\"has-pro-font-family has-small-font-size\">22.05.2018 Koulutus \/ Onnistunut Ty\u00f6nhaku<\/p>\n\n\n\n<p class=\"has-pro-font-family has-small-font-size\">26.05.2018 Linturetki<\/p>\n\n\n\n<p class=\"has-pro-font-family has-small-font-size\">08.06.2018 Alexandra-risteily<\/p>\n\n\n\n<p class=\"has-pro-font-family has-small-font-size\">18.08.2018 Rokuan syysretki<\/p>\n\n\n\n<p class=\"has-pro-font-family has-small-font-size\">25.08.2018 Lepakkoretki<\/p>\n\n\n\n<p class=\"has-pro-font-family has-small-font-size\">18.09.2018 Luottamushenkil\u00f6tapaaminen 2 (vain luottamushenkil\u00f6t)<\/p>\n\n\n\n<p class=\"has-pro-font-family has-small-font-size\">29.09.2018 Prolenkki 2018 (p\u00e4\u00e4t\u00f6s)<\/p>\n\n\n\n<p class=\"has-pro-font-family has-small-font-size\">11.10.2018 Keilaus<\/p>\n\n\n\n<p class=\"has-pro-font-family has-small-font-size\">09.11.2018 Pro On Stage<\/p>\n\n\n\n<p class=\"has-pro-font-family has-small-font-size\">17.11.2018 Pikkujoulut<\/p>\n\n\n\n<p class=\"has-pro-font-family has-small-font-size\">24.11.2018 Koulutus \/ Mindfulness<\/p>\n\n\n\n<p class=\"has-text-align-left has-pro-font-family has-small-font-size\">08.12.2018 Shoppailumatka Haaparannalle<\/p>\n<\/div>\n<\/div>\n\n\n\n<div class=\"wp-block-columns alignwide is-layout-flex wp-container-core-columns-is-layout-2aabe216 wp-block-columns-is-layout-flex\">\n<div class=\"wp-block-column has-custom-color-4-color has-custom-color-2-background-color has-text-color has-background has-link-color has-pro-font-family has-small-font-size wp-elements-c8d146b3755fb55731e034ebe8adb22e is-layout-flow wp-block-column-is-layout-flow\" style=\"padding-top:var(--wp--preset--spacing--10);padding-right:var(--wp--preset--spacing--10);padding-bottom:var(--wp--preset--spacing--10);padding-left:var(--wp--preset--spacing--10);line-height:1.3\">\n<h3 class=\"wp-block-heading has-text-align-center is-style-asterisk has-body-font-family has-medium-font-size\" style=\"font-style:normal;font-weight:600\">2017<\/h3>\n\n\n\n<p class=\"has-pro-font-family has-small-font-size\" style=\"line-height:1.5\">12.01.2017 Keilausta<\/p>\n\n\n\n<p class=\"has-pro-font-family has-small-font-size\" style=\"line-height:1.5\">09.02.2017 Karting<\/p>\n\n\n\n<p class=\"has-pro-font-family has-small-font-size\" style=\"line-height:1.5\">17.03.2017 Vuosikokous<\/p>\n\n\n\n<p class=\"has-pro-font-family has-small-font-size\" style=\"line-height:1.5\">18.03.2017 Sy\u00f6te<\/p>\n\n\n\n<p class=\"has-pro-font-family has-small-font-size\" style=\"line-height:1.5\">29.03.2017 Luottamushenkil\u00f6tapaaminen<\/p>\n\n\n\n<p class=\"has-pro-font-family has-small-font-size\" style=\"line-height:1.5\">08.04.2017 Koulutus \/ Palauta ilo el\u00e4m\u00e4\u00e4si<\/p>\n\n\n\n<p class=\"has-pro-font-family has-small-font-size\" style=\"line-height:1.5\">22.04.2017 Ratsastustapahtuma<\/p>\n\n\n\n<p class=\"has-pro-font-family has-small-font-size\" style=\"line-height:1.5\">11.05.2017 Avoimien ovien p\u00e4iv\u00e4<\/p>\n\n\n\n<p class=\"has-pro-font-family has-small-font-size\" style=\"line-height:1.5\">t24.05.2017 Koulutus \/ Villiyrtit<\/p>\n\n\n\n<p class=\"has-pro-font-family has-small-font-size\" style=\"line-height:1.5\">10.06.2017 Ranua Zoo<\/p>\n\n\n\n<p class=\"has-pro-font-family has-small-font-size\" style=\"line-height:1.5\">21.07.2017 Tallinnan matka<\/p>\n\n\n\n<p class=\"has-pro-font-family has-small-font-size\" style=\"line-height:1.5\">19.08.2017 Rokuan retki\/kylpyl\u00e4p\u00e4iv\u00e4<\/p>\n\n\n\n<p class=\"has-pro-font-family has-small-font-size\" style=\"line-height:1.5\">25.08.2017 Leffailta<\/p>\n\n\n\n<p class=\"has-pro-font-family has-small-font-size\" style=\"line-height:1.5\">29.09.2017 Levin Syysp\u00e4iv\u00e4t<\/p>\n\n\n\n<p class=\"has-pro-font-family has-small-font-size\" style=\"line-height:1.5\">07.10.2017 Koulutusp\u00e4iv\u00e4 \/ Jooga<\/p>\n\n\n\n<p class=\"has-pro-font-family has-small-font-size\" style=\"line-height:1.5\">11.11.2017 Koulutusp\u00e4iv\u00e4 \/ Vuorovaikutus<\/p>\n\n\n\n<p class=\"has-pro-font-family has-small-font-size\" style=\"line-height:1.5\">17.11.2017 Pikkujoulut<\/p>\n\n\n\n<p class=\"has-pro-font-family has-small-font-size\" style=\"line-height:1.5\">28.11.2017 J\u00e4senetuilta<\/p>\n<\/div>\n\n\n\n<div class=\"wp-block-column has-custom-color-4-color has-custom-color-2-background-color has-text-color has-background has-link-color has-pro-font-family has-small-font-size wp-elements-3bb3f5a69236a3b821147589fcf963dd is-layout-flow wp-block-column-is-layout-flow\" style=\"padding-top:var(--wp--preset--spacing--10);padding-right:var(--wp--preset--spacing--10);padding-bottom:var(--wp--preset--spacing--10);padding-left:var(--wp--preset--spacing--10);line-height:1.3\">\n<h3 class=\"wp-block-heading has-text-align-center is-style-asterisk has-body-font-family has-medium-font-size\" style=\"font-style:normal;font-weight:600\">2016<\/h3>\n\n\n\n<p class=\"has-text-align-left has-pro-font-family has-small-font-size\">20.03.2013 Karting ajoa<\/p>\n\n\n\n<p class=\"has-pro-font-family has-small-font-size\">01.01.2016 Kuntokampanja<\/p>\n\n\n\n<p class=\"has-pro-font-family has-small-font-size\">01.01.2016 J\u00e4senhankintakampanja<\/p>\n\n\n\n<p class=\"has-pro-font-family has-small-font-size\">30.01.2016 Koulutus \/ Mindfulness-tietoisuustaidot osa 2<\/p>\n\n\n\n<p class=\"has-pro-font-family has-small-font-size\">11.02.2016 Karting<\/p>\n\n\n\n<p class=\"has-pro-font-family has-small-font-size\">18.03.2016 Vuosikokous<\/p>\n\n\n\n<p class=\"has-pro-font-family has-small-font-size\">19.03.2016 Sy\u00f6te<\/p>\n\n\n\n<p class=\"has-pro-font-family has-small-font-size\">30.03.2016 Luottamushenkil\u00f6tapaaminen<\/p>\n\n\n\n<p class=\"has-pro-font-family has-small-font-size\">16.04.2016 Superpark<\/p>\n\n\n\n<p class=\"has-pro-font-family has-small-font-size\">11.05.2016 Avoimet Ovet<\/p>\n\n\n\n<p class=\"has-pro-font-family has-small-font-size\">28.05.2016 Ranua Zoo<\/p>\n\n\n\n<p class=\"has-pro-font-family has-small-font-size\">22.07.2016 Alexandra risteily<\/p>\n\n\n\n<p class=\"has-pro-font-family has-small-font-size\">14.08.2016 Prolympialaiset 2016<\/p>\n\n\n\n<p class=\"has-pro-font-family has-small-font-size\">15.09.2016 Sein\u00e4kiipeily\u00e4<\/p>\n\n\n\n<p class=\"has-pro-font-family has-small-font-size\">30.09.2016 Syysp\u00e4iv\u00e4t 2016<\/p>\n\n\n\n<p class=\"has-pro-font-family has-small-font-size\">15.10.2016 Koulutus \/ Hyvinvointi<\/p>\n\n\n\n<p class=\"has-pro-font-family has-small-font-size\">22.10.2016 Kylpyl\u00e4p\u00e4iv\u00e4 Edeniss\u00e4<\/p>\n\n\n\n<p class=\"has-pro-font-family has-small-font-size\">10.11.2016 Keilausilta<\/p>\n\n\n\n<p class=\"has-pro-font-family has-small-font-size\">26.11.2016 Shoppailumatka Haaparannalle<\/p>\n\n\n\n<p class=\"has-text-align-left has-pro-font-family has-small-font-size\">10.12.2016 Pikkujouluteatterimatka Jyv\u00e4skyl\u00e4\u00e4n<\/p>\n\n\n\n<div class=\"wp-block-columns is-layout-flex wp-container-core-columns-is-layout-9d6595d7 wp-block-columns-is-layout-flex\">\n<div class=\"wp-block-column is-layout-flow wp-block-column-is-layout-flow\" style=\"flex-basis:100%\"><\/div>\n<\/div>\n<\/div>\n\n\n\n<div class=\"wp-block-column has-custom-color-4-color has-custom-color-2-background-color has-text-color has-background has-link-color has-pro-font-family has-small-font-size wp-elements-5771406a05fb83d33d55553ed9d8de5a is-layout-flow wp-block-column-is-layout-flow\" style=\"padding-top:var(--wp--preset--spacing--10);padding-right:var(--wp--preset--spacing--10);padding-bottom:var(--wp--preset--spacing--10);padding-left:var(--wp--preset--spacing--10);line-height:1.3\">\n<h3 class=\"wp-block-heading has-text-align-center is-style-asterisk has-body-font-family has-medium-font-size\" style=\"font-style:normal;font-weight:600\">2015<\/h3>\n\n\n\n<p class=\"has-text-align-left has-pro-font-family has-small-font-size\">01.01.2015 Kuntokampanja<\/p>\n\n\n\n<p class=\"has-pro-font-family has-small-font-size\">12.02.2015 Keilausilta<\/p>\n\n\n\n<p class=\"has-pro-font-family has-small-font-size\">19.02.2015 Koulutus \/ Mindfulness tietoisuustaidot osa 1<\/p>\n\n\n\n<p class=\"has-pro-font-family has-small-font-size\">14.03.2015 Laskettelureissu Sy\u00f6tteelle<\/p>\n\n\n\n<p class=\"has-pro-font-family has-small-font-size\">26.03.2015 Vuosikokous<\/p>\n\n\n\n<p class=\"has-pro-font-family has-small-font-size\">11.04.2015 Perhep\u00e4iv\u00e4 Superparkissa<\/p>\n\n\n\n<p class=\"has-pro-font-family has-small-font-size\">21.04.2015 Luottamushenkil\u00f6tapaaminen<\/p>\n\n\n\n<p class=\"has-pro-font-family has-small-font-size\">29.04.2015 Naisten ilta<\/p>\n\n\n\n<p class=\"has-pro-font-family has-small-font-size\">16.05.2015 Avoimien ovien p\u00e4iv\u00e4<\/p>\n\n\n\n<p class=\"has-pro-font-family has-small-font-size\">22.08.2015 Prolympialaiset<\/p>\n\n\n\n<p class=\"has-pro-font-family has-small-font-size\">201519.09.2015 Koulutus \/ Ajank\u00e4yt\u00f6nhallinnan ABC<\/p>\n\n\n\n<p class=\"has-pro-font-family has-small-font-size\">25.09.2015 Sinkkuristeily<\/p>\n\n\n\n<p class=\"has-pro-font-family has-small-font-size\">02.10.2015 Syysp\u00e4iv\u00e4t 2015<\/p>\n\n\n\n<p class=\"has-pro-font-family has-small-font-size\">15.10.2015 Keilausilta<\/p>\n\n\n\n<p class=\"has-pro-font-family has-small-font-size\">24.10.2015 Shoppailumatka Haaparannalle<\/p>\n\n\n\n<p class=\"has-pro-font-family has-small-font-size\">05.12.2015 Iskelm\u00e4 Live Pikkujoulut<\/p>\n\n\n\n<p class=\"has-text-align-left has-pro-font-family has-small-font-size\">12.12.2015 Pikkujouluteatterimatka Jyv\u00e4skyl\u00e4\u00e4n<\/p>\n<\/div>\n<\/div>\n\n\n\n<div class=\"wp-block-columns alignwide is-layout-flex wp-container-core-columns-is-layout-2aabe216 wp-block-columns-is-layout-flex\">\n<div class=\"wp-block-column has-custom-color-4-color has-custom-color-2-background-color has-text-color has-background has-link-color has-pro-font-family wp-elements-3645192fc823a12aa116606195884f0d is-layout-flow wp-block-column-is-layout-flow\" style=\"padding-top:var(--wp--preset--spacing--10);padding-right:var(--wp--preset--spacing--10);padding-bottom:var(--wp--preset--spacing--10);padding-left:var(--wp--preset--spacing--10);line-height:1.3\">\n<h3 class=\"wp-block-heading has-text-align-center is-style-asterisk has-body-font-family has-medium-font-size\" style=\"font-style:normal;font-weight:600\">2014<\/h3>\n\n\n\n<p class=\"has-pro-font-family has-small-font-size\" style=\"line-height:1.5\">27.03.2014 Vuosikokous<\/p>\n\n\n\n<p class=\"has-pro-font-family has-small-font-size\" style=\"line-height:1.5\">29.03.2014 Shoppailumatka Haaparannalle<\/p>\n\n\n\n<p class=\"has-pro-font-family has-small-font-size\" style=\"line-height:1.5\">02.04.2014 Luottamushenkil\u00f6tapaaminen<\/p>\n\n\n\n<p class=\"has-pro-font-family has-small-font-size\" style=\"line-height:1.5\">10.05.2014 Avoimien ovien p\u00e4iv\u00e4t<\/p>\n\n\n\n<p class=\"has-pro-font-family has-small-font-size\" style=\"line-height:1.5\">16.06.2014 Koulutus \/ Villiinny villivihanneksista 1<\/p>\n\n\n\n<p class=\"has-pro-font-family has-small-font-size\" style=\"line-height:1.5\">18.06.2014 Koulutus \/ Villiinny villivihanneksista 2<\/p>\n\n\n\n<p class=\"has-pro-font-family has-small-font-size\" style=\"line-height:1.5\">19.06.2014 Vaikuta ja Voita!<\/p>\n\n\n\n<p class=\"has-pro-font-family has-small-font-size\" style=\"line-height:1.5\">12.07.2014 V\u00e4riestejuoksu<\/p>\n\n\n\n<p class=\"has-pro-font-family has-small-font-size\" style=\"line-height:1.5\">02.08.2014 Extreme Run Oulu<\/p>\n\n\n\n<p class=\"has-pro-font-family has-small-font-size\" style=\"line-height:1.5\">16.08.2014 Koko perheen toimintalauantai<\/p>\n\n\n\n<p class=\"has-pro-font-family has-small-font-size\" style=\"line-height:1.5\">20.09.2014 Syysretki Rokualle<\/p>\n\n\n\n<p class=\"has-pro-font-family has-small-font-size\" style=\"line-height:1.5\">26.09.2014 Syysp\u00e4iv\u00e4t 2014<\/p>\n\n\n\n<p class=\"has-pro-font-family has-small-font-size\" style=\"line-height:1.5\">01.10.2014 J\u00e4senhankintakilpailu<\/p>\n\n\n\n<p class=\"has-pro-font-family has-small-font-size\" style=\"line-height:1.5\">04.10.2014 Koulutus \/ Taloutta henkil\u00f6st\u00f6n n\u00e4k\u00f6kulmasta<\/p>\n\n\n\n<p class=\"has-pro-font-family has-small-font-size\" style=\"line-height:1.5\">16.10.2014 Karting ajoa<\/p>\n\n\n\n<p class=\"has-pro-font-family has-small-font-size\" style=\"line-height:1.5\">01.11.2014 Perhep\u00e4iv\u00e4 Oulun Edeniss\u00e4<\/p>\n\n\n\n<p class=\"has-pro-font-family has-small-font-size\" style=\"line-height:1.5\">06.12.2014 Shoppailumatka Haaparannalle<\/p>\n\n\n\n<p class=\"has-pro-font-family has-small-font-size\" style=\"line-height:1.5\">13.12.2014 Pikkujouluteatterimatka Jyv\u00e4skyl\u00e4\u00e4n<\/p>\n<\/div>\n\n\n\n<div class=\"wp-block-column has-custom-color-4-color has-custom-color-2-background-color has-text-color has-background has-link-color has-pro-font-family has-small-font-size wp-elements-ba520ed42feede0f0ede9e3c4901eab2 is-layout-flow wp-block-column-is-layout-flow\" style=\"padding-top:var(--wp--preset--spacing--10);padding-right:var(--wp--preset--spacing--10);padding-bottom:var(--wp--preset--spacing--10);padding-left:var(--wp--preset--spacing--10);line-height:1.3\">\n<h3 class=\"wp-block-heading has-text-align-center is-style-asterisk has-body-font-family has-medium-font-size\" style=\"font-style:normal;font-weight:600\">2013<\/h3>\n\n\n\n<p class=\"has-text-align-left has-pro-font-family has-small-font-size\" style=\"line-height:1.5\">20.03.2013 Karting ajoa<\/p>\n\n\n\n<p class=\"has-pro-font-family has-small-font-size\" style=\"line-height:1.5\">13.04.2013 Koulutus \/ Ty\u00f6hyvinvointikoulutus<\/p>\n\n\n\n<p class=\"has-pro-font-family has-small-font-size\" style=\"line-height:1.5\">18.04.2013 Luottamushenkil\u00f6tapaaminen<\/p>\n\n\n\n<p class=\"has-pro-font-family has-small-font-size\" style=\"line-height:1.5\">23.04.2013 Naisten tyyli-ilta<\/p>\n\n\n\n<p class=\"has-pro-font-family has-small-font-size\" style=\"line-height:1.5\">02.05.2013 Motoristien ruosteenpoistokurssi<\/p>\n\n\n\n<p class=\"has-pro-font-family has-small-font-size\" style=\"line-height:1.5\">11.05.2013 Linturetki<\/p>\n\n\n\n<p class=\"has-pro-font-family has-small-font-size\" style=\"line-height:1.5\">26.07.2013 QStock-festivaali<\/p>\n\n\n\n<p class=\"has-pro-font-family has-small-font-size\" style=\"line-height:1.5\">28.07.2013 Kes\u00e4teatteri Pokka Pit\u00e4\u00e4<\/p>\n\n\n\n<p class=\"has-pro-font-family has-small-font-size\" style=\"line-height:1.5\">19.09.2013 Ratsastusta<\/p>\n\n\n\n<p class=\"has-pro-font-family has-small-font-size\" style=\"line-height:1.5\">21.09.2013 Syysretki Rokuall<\/p>\n\n\n\n<p class=\"has-pro-font-family has-small-font-size\" style=\"line-height:1.5\">e27.09.2013 Syysp\u00e4iv\u00e4t 2013<\/p>\n\n\n\n<p class=\"has-pro-font-family has-small-font-size\" style=\"line-height:1.5\">26.10.2013 Koulutus \/ Ty\u00f6hyvinvointikortti<\/p>\n\n\n\n<p class=\"has-pro-font-family has-small-font-size\" style=\"line-height:1.5\">30.11.2013 Pikkujoulupiknik<\/p>\n\n\n\n<p class=\"has-text-align-left has-pro-font-family has-small-font-size\" style=\"line-height:1.5\">14.12.2013 Pikkujouluteatterimatka Rovaniemelle<\/p>\n<\/div>\n\n\n\n<div class=\"wp-block-column has-custom-color-4-color has-custom-color-2-background-color has-text-color has-background has-link-color has-pro-font-family has-small-font-size wp-elements-76485c36ed9b26f6021510461976f0a0 is-layout-flow wp-block-column-is-layout-flow\" style=\"padding-top:var(--wp--preset--spacing--10);padding-right:var(--wp--preset--spacing--10);padding-bottom:var(--wp--preset--spacing--10);padding-left:var(--wp--preset--spacing--10);line-height:1.3\">\n<h3 class=\"wp-block-heading has-text-align-center is-style-asterisk has-body-font-family has-medium-font-size\" style=\"font-style:normal;font-weight:600\">2012<\/h3>\n\n\n\n<p class=\"has-text-align-left has-pro-font-family has-small-font-size\" style=\"line-height:1.5\">24.03.2012 Koulutus \/ Ty\u00f6hyvinvointi<\/p>\n\n\n\n<p class=\"has-pro-font-family has-small-font-size\" style=\"line-height:1.5\">15.04.2012 Perhetapahtuma Virpiniemess\u00e4<\/p>\n\n\n\n<p class=\"has-pro-font-family has-small-font-size\" style=\"line-height:1.5\">14.06.2012 Golf tapahtuma<\/p>\n\n\n\n<p class=\"has-pro-font-family has-small-font-size\" style=\"line-height:1.5\">04.08.2012 Kes\u00e4teatteriesitys<\/p>\n\n\n\n<p class=\"has-pro-font-family has-small-font-size\" style=\"line-height:1.5\">13.09.2012 Naisten ilta Rauhalassa<\/p>\n\n\n\n<p class=\"has-pro-font-family has-small-font-size\" style=\"line-height:1.5\">22.09.2012 Koulutus \/ Taloutta henkil\u00f6st\u00f6n n\u00e4k\u00f6kulmasta<\/p>\n\n\n\n<p class=\"has-pro-font-family has-small-font-size\" style=\"line-height:1.5\">28.09.2012 Syysp\u00e4iv\u00e4t 2012<\/p>\n\n\n\n<p class=\"has-pro-font-family has-small-font-size\" style=\"line-height:1.5\">24.10.2012 Karting ajot<\/p>\n\n\n\n<p class=\"has-pro-font-family has-small-font-size\" style=\"line-height:1.5\">10.11.2012 Koulutus \/ Ty\u00f6hyvinvointi ja ty\u00f6ss\u00e4jaksaminen<\/p>\n\n\n\n<p class=\"has-pro-font-family has-small-font-size\" style=\"line-height:1.5\">16.11.2012 Teatteriesitys Kahden suhde yhteen<\/p>\n\n\n\n<p class=\"has-text-align-left has-pro-font-family has-small-font-size\" style=\"line-height:1.5\">14.12.2012 FinnHits 2012 konsertti<\/p>\n<\/div>\n<\/div>\n<\/div><\/div>\n","protected":false},"excerpt":{"rendered":"<p>Julkaistut tapahtumat T\u00e4\u00e4lt\u00e4 l\u00f6yd\u00e4t kaikki tulevat ja menneet tapahtumat, jotka on julkaistu&nbsp;www.ospro.fi&nbsp;sivuilla. 2024 25.01.2024 Ty\u00f6turvallisuus ja psykososiaaliset tekij\u00e4t 05.02.2024 Tanssista iloa ja energiaa el\u00e4m\u00e4\u00e4n 10.2.2023 Kes\u00e4ksi kuntoon 16.2.2024 T\u00e4yskaato 27.02.2024&#8230;<\/p>\n","protected":false},"author":1,"featured_media":0,"parent":0,"menu_order":0,"comment_status":"closed","ping_status":"closed","template":"","meta":{"_kad_post_transparent":"","_kad_post_title":"","_kad_post_layout":"","_kad_post_sidebar_id":"","_kad_post_content_style":"","_kad_post_vertical_padding":"","_kad_post_feature":"","_kad_post_feature_position":"","_kad_post_header":false,"_kad_post_footer":false,"_kad_post_classname":"","footnotes":""},"class_list":["post-2213","page","type-page","status-publish","hentry"],"_links":{"self":[{"href":"https:\/\/www.ospro.fi\/blog\/wp-json\/wp\/v2\/pages\/2213","targetHints":{"allow":["GET"]}}],"collection":[{"href":"https:\/\/www.ospro.fi\/blog\/wp-json\/wp\/v2\/pages"}],"about":[{"href":"https:\/\/www.ospro.fi\/blog\/wp-json\/wp\/v2\/types\/page"}],"author":[{"embeddable":true,"href":"https:\/\/www.ospro.fi\/blog\/wp-json\/wp\/v2\/users\/1"}],"replies":[{"embeddable":true,"href":"https:\/\/www.ospro.fi\/blog\/wp-json\/wp\/v2\/comments?post=2213"}],"version-history":[{"count":13,"href":"https:\/\/www.ospro.fi\/blog\/wp-json\/wp\/v2\/pages\/2213\/revisions"}],"predecessor-version":[{"id":2441,"href":"https:\/\/www.ospro.fi\/blog\/wp-json\/wp\/v2\/pages\/2213\/revisions\/2441"}],"wp:attachment":[{"href":"https:\/\/www.ospro.fi\/blog\/wp-json\/wp\/v2\/media?parent=2213"}],"curies":[{"name":"wp","href":"https:\/\/api.w.org\/{rel}","templated":true}]}}